{"id":14136,"date":"2025-02-21T10:30:23","date_gmt":"2025-02-21T16:30:23","guid":{"rendered":"https:\/\/chilpancingo.gob.mx\/portal\/?post_type=gobierno&#038;p=14136"},"modified":"2025-02-21T10:30:26","modified_gmt":"2025-02-21T16:30:26","slug":"compromiso-con-las-mujeres-de-chilpancingo","status":"publish","type":"gobierno","link":"https:\/\/chilpancingo.gob.mx\/portal\/gobierno\/compromiso-con-las-mujeres-de-chilpancingo\/","title":{"rendered":"Compromiso con las mujeres de Chilpancingo"},"content":{"rendered":"\n<p>Gustavo Alarc\u00f3n Herrera reafirma su compromiso con las mujeres de Chilpancingo: impulsa capacitaci\u00f3n contra la violencia de g\u00e9nero<br>Chilpancingo, Gro., a 18 de febrero de 2025.- En un firme compromiso con la protecci\u00f3n y el bienestar de las mujeres, el H. Ayuntamiento de Chilpancingo llev\u00f3 a cabo capacitaci\u00f3n a funcionariado sobre la \u201cAlerta de Violencia de G\u00e9nero Contra las Mujeres por Violencia Feminicida\u201d, con el objetivo de fortalecer las estrategias municipales en la erradicaci\u00f3n de la violencia contra las mujeres, ni\u00f1as y adolescentes.<br>El evento, realizado en la Sala de Cabildo del Ayuntamiento, fue inaugurado por el presidente municipal, Dr. Gustavo Alarc\u00f3n Herrera, quien destac\u00f3 la importancia de implementar acciones que beneficien a las mujeres y ayuden a dejar atr\u00e1s su condici\u00f3n de vulnerabilidad. &#8220;No podemos permitir que la violencia siga afectando a nuestras mujeres y ni\u00f1as. Desde el Ayuntamiento, trabajaremos de la mano con instancias estatales y federales para cumplir con nuestra responsabilidad en el marco de las alertas de g\u00e9nero&#8221;, afirm\u00f3 el alcalde.<br>La capacitaci\u00f3n estuvo a cargo de la Mtra. Marisela Reyes Reyes, Directora Estatal para Prevenir la Violencia Contra la Mujer, quien brind\u00f3 una introducci\u00f3n sobre la violencia de g\u00e9nero, las instancias que ofrecen apoyo y las medidas preventivas para eliminar la Alerta de Violencia de G\u00e9nero Contra las Mujeres por Violencia Feminicida en el municipio de Chilpancingo.<br>Por su parte, la Mtra. Maira Gloribel Mart\u00ednez Pineda, del Instituto Municipal de Igualdad de G\u00e9nero, reafirm\u00f3 el compromiso de la administraci\u00f3n con las mujeres y destac\u00f3 la importancia de seguir implementando acciones en respuesta a las alertas.<br>Con estas acciones, el Ayuntamiento de Chilpancingo reafirma su compromiso con la igualdad y el derecho de las mujeres a vivir libres de violencia, fortaleciendo la capacitaci\u00f3n y el trabajo interinstitucional para erradicar esta problem\u00e1tica que afecta a la sociedad.<br>A la capacitaci\u00f3n asistieron la Mtra. Marisela Reyes Reyes, Directora Estatal para Prevenir la Violencia Contra la Mujer; Lcda. Magaly S\u00e1nchez V\u00e1zquez, Enlace de la Direcci\u00f3n para el Seguimiento de los Informes de Chilpancingo; Ing. Maribel G\u00f3mez Marcelo, Directora General de Capacitaci\u00f3n y Bienestar Social (SEMUJER); Lcda. Anabel Alonso Silva, Direcci\u00f3n de Investigaci\u00f3n y Comunicaci\u00f3n de G\u00e9nero; Lcda. Blanca Esthela Nava Peralta, Regidora de Participaci\u00f3n Social de la Mujer; Oficial Magaly S\u00e1nchez V\u00e1zquez en representaci\u00f3n del Oficial Abraham Garc\u00eda Valente, Secretar\u00eda de Seguridad y Protecci\u00f3n Ciudadana; Ing. Juan Antonio Luquin Mendoza, Secretario de Obras P\u00fablicas; MVZ. Salvador Lioncio Acevedo Vargas, Secretario de Servicios P\u00fablicos Municipal; y el Lic. N\u00e9stor Ortega Almeida Morales, Director de Comunicaci\u00f3n Social.<\/p>\n\n\n\n<figure class=\"wp-block-gallery has-nested-images columns-default is-cropped wp-block-gallery-1 is-layout-flex wp-block-gallery-is-layout-flex\">\n<figure class=\"wp-block-image size-large\"><img fetchpriority=\"high\" decoding=\"async\" width=\"596\" height=\"395\" data-id=\"14137\" src=\"https:\/\/chilpancingo.gob.mx\/portal\/wp-content\/uploads\/2025\/02\/mujeresapo-5.jpg\" alt=\"\" class=\"wp-image-14137\" srcset=\"https:\/\/chilpancingo.gob.mx\/portal\/wp-content\/uploads\/2025\/02\/mujeresapo-5.jpg 596w, https:\/\/chilpancingo.gob.mx\/portal\/wp-content\/uploads\/2025\/02\/mujeresapo-5-300x199.jpg 300w\" sizes=\"(max-width: 596px) 100vw, 596px\" \/><\/figure>\n\n\n\n<figure class=\"wp-block-image size-large\"><img decoding=\"async\" width=\"596\" height=\"395\" data-id=\"14139\" src=\"https:\/\/chilpancingo.gob.mx\/portal\/wp-content\/uploads\/2025\/02\/mujeresapo-4.jpg\" alt=\"\" class=\"wp-image-14139\" srcset=\"https:\/\/chilpancingo.gob.mx\/portal\/wp-content\/uploads\/2025\/02\/mujeresapo-4.jpg 596w, https:\/\/chilpancingo.gob.mx\/portal\/wp-content\/uploads\/2025\/02\/mujeresapo-4-300x199.jpg 300w\" sizes=\"(max-width: 596px) 100vw, 596px\" \/><\/figure>\n\n\n\n<figure class=\"wp-block-image size-large\"><img decoding=\"async\" width=\"596\" height=\"395\" data-id=\"14138\" src=\"https:\/\/chilpancingo.gob.mx\/portal\/wp-content\/uploads\/2025\/02\/mujeresapo-3.jpg\" alt=\"\" class=\"wp-image-14138\" srcset=\"https:\/\/chilpancingo.gob.mx\/portal\/wp-content\/uploads\/2025\/02\/mujeresapo-3.jpg 596w, https:\/\/chilpancingo.gob.mx\/portal\/wp-content\/uploads\/2025\/02\/mujeresapo-3-300x199.jpg 300w\" sizes=\"(max-width: 596px) 100vw, 596px\" \/><\/figure>\n\n\n\n<figure class=\"wp-block-image size-large\"><img loading=\"lazy\" decoding=\"async\" width=\"596\" height=\"395\" data-id=\"14140\" src=\"https:\/\/chilpancingo.gob.mx\/portal\/wp-content\/uploads\/2025\/02\/mujeresapo-2.jpg\" alt=\"\" class=\"wp-image-14140\" srcset=\"https:\/\/chilpancingo.gob.mx\/portal\/wp-content\/uploads\/2025\/02\/mujeresapo-2.jpg 596w, https:\/\/chilpancingo.gob.mx\/portal\/wp-content\/uploads\/2025\/02\/mujeresapo-2-300x199.jpg 300w\" sizes=\"(max-width: 596px) 100vw, 596px\" \/><\/figure>\n\n\n\n<figure class=\"wp-block-image size-large\"><img loading=\"lazy\" decoding=\"async\" width=\"596\" height=\"395\" data-id=\"14141\" src=\"https:\/\/chilpancingo.gob.mx\/portal\/wp-content\/uploads\/2025\/02\/mujeresapo-1.jpg\" alt=\"\" class=\"wp-image-14141\" srcset=\"https:\/\/chilpancingo.gob.mx\/portal\/wp-content\/uploads\/2025\/02\/mujeresapo-1.jpg 596w, https:\/\/chilpancingo.gob.mx\/portal\/wp-content\/uploads\/2025\/02\/mujeresapo-1-300x199.jpg 300w\" sizes=\"(max-width: 596px) 100vw, 596px\" \/><\/figure>\n<\/figure>\n","protected":false},"featured_media":14141,"template":"","categories":[],"class_list":["post-14136","gobierno","type-gobierno","status-publish","has-post-thumbnail","hentry"],"yoast_head":"<!-- This site is optimized with the Yoast SEO plugin v23.8 - https:\/\/yoast.com\/wordpress\/plugins\/seo\/ -->\n<title>Compromiso con las mujeres de Chilpancingo - H. Ayuntamiento de Chilpancingo de los Bravo<\/title>\n<meta name=\"robots\" content=\"index, follow, max-snippet:-1, max-image-preview:large, max-video-preview:-1\" \/>\n<link rel=\"canonical\" href=\"https:\/\/chilpancingo.gob.mx\/portal\/gobierno\/compromiso-con-las-mujeres-de-chilpancingo\/\" \/>\n<meta property=\"og:locale\" content=\"es_MX\" \/>\n<meta property=\"og:type\" content=\"article\" \/>\n<meta property=\"og:title\" content=\"Compromiso con las mujeres de Chilpancingo - H. Ayuntamiento de Chilpancingo de los Bravo\" \/>\n<meta property=\"og:description\" content=\"Gustavo Alarc\u00f3n Herrera reafirma su compromiso con las mujeres de Chilpancingo: impulsa capacitaci\u00f3n contra la violencia de g\u00e9neroChilpancingo, Gro., a 18 de febrero de 2025.- En un firme compromiso con [&hellip;]\" \/>\n<meta property=\"og:url\" content=\"https:\/\/chilpancingo.gob.mx\/portal\/gobierno\/compromiso-con-las-mujeres-de-chilpancingo\/\" \/>\n<meta property=\"og:site_name\" content=\"H. Ayuntamiento de Chilpancingo de los Bravo\" \/>\n<meta property=\"article:publisher\" content=\"https:\/\/www.facebook.com\/AyuntamientodeChilpancingo\" \/>\n<meta property=\"article:modified_time\" content=\"2025-02-21T16:30:26+00:00\" \/>\n<meta property=\"og:image\" content=\"https:\/\/chilpancingo.gob.mx\/portal\/wp-content\/uploads\/2025\/02\/mujeresapo-1.jpg\" \/>\n\t<meta property=\"og:image:width\" content=\"596\" \/>\n\t<meta property=\"og:image:height\" content=\"395\" \/>\n\t<meta property=\"og:image:type\" content=\"image\/jpeg\" \/>\n<meta name=\"twitter:card\" content=\"summary_large_image\" \/>\n<meta name=\"twitter:site\" content=\"@otilia_norma\" \/>\n<script type=\"application\/ld+json\" class=\"yoast-schema-graph\">{\"@context\":\"https:\/\/schema.org\",\"@graph\":[{\"@type\":\"WebPage\",\"@id\":\"https:\/\/chilpancingo.gob.mx\/portal\/gobierno\/compromiso-con-las-mujeres-de-chilpancingo\/\",\"url\":\"https:\/\/chilpancingo.gob.mx\/portal\/gobierno\/compromiso-con-las-mujeres-de-chilpancingo\/\",\"name\":\"Compromiso con las mujeres de Chilpancingo - H. Ayuntamiento de Chilpancingo de los Bravo\",\"isPartOf\":{\"@id\":\"https:\/\/chilpancingo.gob.mx\/portal\/#website\"},\"primaryImageOfPage\":{\"@id\":\"https:\/\/chilpancingo.gob.mx\/portal\/gobierno\/compromiso-con-las-mujeres-de-chilpancingo\/#primaryimage\"},\"image\":{\"@id\":\"https:\/\/chilpancingo.gob.mx\/portal\/gobierno\/compromiso-con-las-mujeres-de-chilpancingo\/#primaryimage\"},\"thumbnailUrl\":\"https:\/\/chilpancingo.gob.mx\/portal\/wp-content\/uploads\/2025\/02\/mujeresapo-1.jpg\",\"datePublished\":\"2025-02-21T16:30:23+00:00\",\"dateModified\":\"2025-02-21T16:30:26+00:00\",\"breadcrumb\":{\"@id\":\"https:\/\/chilpancingo.gob.mx\/portal\/gobierno\/compromiso-con-las-mujeres-de-chilpancingo\/#breadcrumb\"},\"inLanguage\":\"es\",\"potentialAction\":[{\"@type\":\"ReadAction\",\"target\":[\"https:\/\/chilpancingo.gob.mx\/portal\/gobierno\/compromiso-con-las-mujeres-de-chilpancingo\/\"]}]},{\"@type\":\"ImageObject\",\"inLanguage\":\"es\",\"@id\":\"https:\/\/chilpancingo.gob.mx\/portal\/gobierno\/compromiso-con-las-mujeres-de-chilpancingo\/#primaryimage\",\"url\":\"https:\/\/chilpancingo.gob.mx\/portal\/wp-content\/uploads\/2025\/02\/mujeresapo-1.jpg\",\"contentUrl\":\"https:\/\/chilpancingo.gob.mx\/portal\/wp-content\/uploads\/2025\/02\/mujeresapo-1.jpg\",\"width\":596,\"height\":395},{\"@type\":\"BreadcrumbList\",\"@id\":\"https:\/\/chilpancingo.gob.mx\/portal\/gobierno\/compromiso-con-las-mujeres-de-chilpancingo\/#breadcrumb\",\"itemListElement\":[{\"@type\":\"ListItem\",\"position\":1,\"name\":\"Inicio\",\"item\":\"https:\/\/chilpancingo.gob.mx\/portal\/\"},{\"@type\":\"ListItem\",\"position\":2,\"name\":\"Compromiso con las mujeres de Chilpancingo\"}]},{\"@type\":\"WebSite\",\"@id\":\"https:\/\/chilpancingo.gob.mx\/portal\/#website\",\"url\":\"https:\/\/chilpancingo.gob.mx\/portal\/\",\"name\":\"H. Ayuntamiento de Chilpancingo de los Bravo\",\"description\":\"Chilpancingo de los Bravo  2024 - 2027\",\"publisher\":{\"@id\":\"https:\/\/chilpancingo.gob.mx\/portal\/#organization\"},\"potentialAction\":[{\"@type\":\"SearchAction\",\"target\":{\"@type\":\"EntryPoint\",\"urlTemplate\":\"https:\/\/chilpancingo.gob.mx\/portal\/?s={search_term_string}\"},\"query-input\":{\"@type\":\"PropertyValueSpecification\",\"valueRequired\":true,\"valueName\":\"search_term_string\"}}],\"inLanguage\":\"es\"},{\"@type\":\"Organization\",\"@id\":\"https:\/\/chilpancingo.gob.mx\/portal\/#organization\",\"name\":\"Municipio de Chilpancingo de los Bravo\",\"url\":\"https:\/\/chilpancingo.gob.mx\/portal\/\",\"logo\":{\"@type\":\"ImageObject\",\"inLanguage\":\"es\",\"@id\":\"https:\/\/chilpancingo.gob.mx\/portal\/#\/schema\/logo\/image\/\",\"url\":\"https:\/\/chilpancingo.gob.mx\/portal\/wp-content\/uploads\/2021\/09\/Logo-Oficial-Capital-de-cultura-y-progreso.png\",\"contentUrl\":\"https:\/\/chilpancingo.gob.mx\/portal\/wp-content\/uploads\/2021\/09\/Logo-Oficial-Capital-de-cultura-y-progreso.png\",\"width\":1200,\"height\":623,\"caption\":\"Municipio de Chilpancingo de los Bravo\"},\"image\":{\"@id\":\"https:\/\/chilpancingo.gob.mx\/portal\/#\/schema\/logo\/image\/\"},\"sameAs\":[\"https:\/\/www.facebook.com\/AyuntamientodeChilpancingo\",\"https:\/\/x.com\/otilia_norma\"]}]}<\/script>\n<!-- \/ Yoast SEO plugin. -->","yoast_head_json":{"title":"Compromiso con las mujeres de Chilpancingo - H. Ayuntamiento de Chilpancingo de los Bravo","robots":{"index":"index","follow":"follow","max-snippet":"max-snippet:-1","max-image-preview":"max-image-preview:large","max-video-preview":"max-video-preview:-1"},"canonical":"https:\/\/chilpancingo.gob.mx\/portal\/gobierno\/compromiso-con-las-mujeres-de-chilpancingo\/","og_locale":"es_MX","og_type":"article","og_title":"Compromiso con las mujeres de Chilpancingo - H. Ayuntamiento de Chilpancingo de los Bravo","og_description":"Gustavo Alarc\u00f3n Herrera reafirma su compromiso con las mujeres de Chilpancingo: impulsa capacitaci\u00f3n contra la violencia de g\u00e9neroChilpancingo, Gro., a 18 de febrero de 2025.- En un firme compromiso con [&hellip;]","og_url":"https:\/\/chilpancingo.gob.mx\/portal\/gobierno\/compromiso-con-las-mujeres-de-chilpancingo\/","og_site_name":"H. Ayuntamiento de Chilpancingo de los Bravo","article_publisher":"https:\/\/www.facebook.com\/AyuntamientodeChilpancingo","article_modified_time":"2025-02-21T16:30:26+00:00","og_image":[{"width":596,"height":395,"url":"https:\/\/chilpancingo.gob.mx\/portal\/wp-content\/uploads\/2025\/02\/mujeresapo-1.jpg","type":"image\/jpeg"}],"twitter_card":"summary_large_image","twitter_site":"@otilia_norma","schema":{"@context":"https:\/\/schema.org","@graph":[{"@type":"WebPage","@id":"https:\/\/chilpancingo.gob.mx\/portal\/gobierno\/compromiso-con-las-mujeres-de-chilpancingo\/","url":"https:\/\/chilpancingo.gob.mx\/portal\/gobierno\/compromiso-con-las-mujeres-de-chilpancingo\/","name":"Compromiso con las mujeres de Chilpancingo - H. Ayuntamiento de Chilpancingo de los Bravo","isPartOf":{"@id":"https:\/\/chilpancingo.gob.mx\/portal\/#website"},"primaryImageOfPage":{"@id":"https:\/\/chilpancingo.gob.mx\/portal\/gobierno\/compromiso-con-las-mujeres-de-chilpancingo\/#primaryimage"},"image":{"@id":"https:\/\/chilpancingo.gob.mx\/portal\/gobierno\/compromiso-con-las-mujeres-de-chilpancingo\/#primaryimage"},"thumbnailUrl":"https:\/\/chilpancingo.gob.mx\/portal\/wp-content\/uploads\/2025\/02\/mujeresapo-1.jpg","datePublished":"2025-02-21T16:30:23+00:00","dateModified":"2025-02-21T16:30:26+00:00","breadcrumb":{"@id":"https:\/\/chilpancingo.gob.mx\/portal\/gobierno\/compromiso-con-las-mujeres-de-chilpancingo\/#breadcrumb"},"inLanguage":"es","potentialAction":[{"@type":"ReadAction","target":["https:\/\/chilpancingo.gob.mx\/portal\/gobierno\/compromiso-con-las-mujeres-de-chilpancingo\/"]}]},{"@type":"ImageObject","inLanguage":"es","@id":"https:\/\/chilpancingo.gob.mx\/portal\/gobierno\/compromiso-con-las-mujeres-de-chilpancingo\/#primaryimage","url":"https:\/\/chilpancingo.gob.mx\/portal\/wp-content\/uploads\/2025\/02\/mujeresapo-1.jpg","contentUrl":"https:\/\/chilpancingo.gob.mx\/portal\/wp-content\/uploads\/2025\/02\/mujeresapo-1.jpg","width":596,"height":395},{"@type":"BreadcrumbList","@id":"https:\/\/chilpancingo.gob.mx\/portal\/gobierno\/compromiso-con-las-mujeres-de-chilpancingo\/#breadcrumb","itemListElement":[{"@type":"ListItem","position":1,"name":"Inicio","item":"https:\/\/chilpancingo.gob.mx\/portal\/"},{"@type":"ListItem","position":2,"name":"Compromiso con las mujeres de Chilpancingo"}]},{"@type":"WebSite","@id":"https:\/\/chilpancingo.gob.mx\/portal\/#website","url":"https:\/\/chilpancingo.gob.mx\/portal\/","name":"H. Ayuntamiento de Chilpancingo de los Bravo","description":"Chilpancingo de los Bravo  2024 - 2027","publisher":{"@id":"https:\/\/chilpancingo.gob.mx\/portal\/#organization"},"potentialAction":[{"@type":"SearchAction","target":{"@type":"EntryPoint","urlTemplate":"https:\/\/chilpancingo.gob.mx\/portal\/?s={search_term_string}"},"query-input":{"@type":"PropertyValueSpecification","valueRequired":true,"valueName":"search_term_string"}}],"inLanguage":"es"},{"@type":"Organization","@id":"https:\/\/chilpancingo.gob.mx\/portal\/#organization","name":"Municipio de Chilpancingo de los Bravo","url":"https:\/\/chilpancingo.gob.mx\/portal\/","logo":{"@type":"ImageObject","inLanguage":"es","@id":"https:\/\/chilpancingo.gob.mx\/portal\/#\/schema\/logo\/image\/","url":"https:\/\/chilpancingo.gob.mx\/portal\/wp-content\/uploads\/2021\/09\/Logo-Oficial-Capital-de-cultura-y-progreso.png","contentUrl":"https:\/\/chilpancingo.gob.mx\/portal\/wp-content\/uploads\/2021\/09\/Logo-Oficial-Capital-de-cultura-y-progreso.png","width":1200,"height":623,"caption":"Municipio de Chilpancingo de los Bravo"},"image":{"@id":"https:\/\/chilpancingo.gob.mx\/portal\/#\/schema\/logo\/image\/"},"sameAs":["https:\/\/www.facebook.com\/AyuntamientodeChilpancingo","https:\/\/x.com\/otilia_norma"]}]}},"_links":{"self":[{"href":"https:\/\/chilpancingo.gob.mx\/portal\/wp-json\/wp\/v2\/gobierno\/14136","targetHints":{"allow":["GET"]}}],"collection":[{"href":"https:\/\/chilpancingo.gob.mx\/portal\/wp-json\/wp\/v2\/gobierno"}],"about":[{"href":"https:\/\/chilpancingo.gob.mx\/portal\/wp-json\/wp\/v2\/types\/gobierno"}],"wp:featuredmedia":[{"embeddable":true,"href":"https:\/\/chilpancingo.gob.mx\/portal\/wp-json\/wp\/v2\/media\/14141"}],"wp:attachment":[{"href":"https:\/\/chilpancingo.gob.mx\/portal\/wp-json\/wp\/v2\/media?parent=14136"}],"wp:term":[{"taxonomy":"category","embeddable":true,"href":"https:\/\/chilpancingo.gob.mx\/portal\/wp-json\/wp\/v2\/categories?post=14136"}],"curies":[{"name":"wp","href":"https:\/\/api.w.org\/{rel}","templated":true}]}}