{"id":14800,"date":"2025-03-10T11:15:02","date_gmt":"2025-03-10T17:15:02","guid":{"rendered":"https:\/\/chilpancingo.gob.mx\/portal\/?post_type=gobierno&#038;p=14800"},"modified":"2025-03-10T11:15:04","modified_gmt":"2025-03-10T17:15:04","slug":"%f0%9f%92%9c-por-el-bienestar-y-empoderamiento-de-las-mujeres-en-chilpancingo-%f0%9f%92%9c","status":"publish","type":"gobierno","link":"https:\/\/chilpancingo.gob.mx\/portal\/gobierno\/%f0%9f%92%9c-por-el-bienestar-y-empoderamiento-de-las-mujeres-en-chilpancingo-%f0%9f%92%9c\/","title":{"rendered":"\ud83d\udc9c Por el bienestar y empoderamiento de las mujeres en Chilpancingo \ud83d\udc9c"},"content":{"rendered":"\n<p>En el marco del D\u00eda Internacional de la Mujer, el presidente municipal Dr. Gustavo Alarc\u00f3n Herrera reafirma su compromiso con la igualdad, la justicia y las oportunidades para las mujeres de nuestro municipio.<br>Durante la entrega de la Tarjeta Violeta, un programa impulsado por la gobernadora Evelyn Salgado Pineda, reconocimos el esfuerzo, la lucha hist\u00f3rica y el papel fundamental de las mujeres en el desarrollo de Chilpancingo.<br>\ud83d\udccc \u00bfQu\u00e9 representa la Tarjeta Violeta?<br>\u2705 Apoyo econ\u00f3mico para jefas de familia<br>\u2705 Acceso a educaci\u00f3n, salud y capacitaci\u00f3n<br>\u2705 Herramientas para la autonom\u00eda y el empoderamiento<br>\ud83d\udcac \u201cEste gobierno municipal seguir\u00e1 sumando esfuerzos para erradicar la violencia de g\u00e9nero y fortalecer la independencia econ\u00f3mica de las mujeres\u201d, destac\u00f3 el presidente Alarc\u00f3n Herrera.<br>Este programa es un paso m\u00e1s hacia un Chilpancingo m\u00e1s justo, incluyente y con igualdad de oportunidades para todas. \u00a1Sigamos avanzando juntas y juntos!<\/p>\n\n\n\n<h6 class=\"wp-block-heading\">#UnidosChilpancingoRenace \ud83d\udc9c #EmpoderamientoFemenino #IgualdadYJusticia<\/h6>\n\n\n\n<figure class=\"wp-block-gallery has-nested-images columns-default is-cropped wp-block-gallery-1 is-layout-flex wp-block-gallery-is-layout-flex\">\n<figure class=\"wp-block-image size-large\"><img fetchpriority=\"high\" decoding=\"async\" width=\"1024\" height=\"683\" data-id=\"14806\" src=\"https:\/\/chilpancingo.gob.mx\/portal\/wp-content\/uploads\/2025\/03\/tarjetavioleta-6-1024x683.jpg\" alt=\"\" class=\"wp-image-14806\" srcset=\"https:\/\/chilpancingo.gob.mx\/portal\/wp-content\/uploads\/2025\/03\/tarjetavioleta-6-1024x683.jpg 1024w, https:\/\/chilpancingo.gob.mx\/portal\/wp-content\/uploads\/2025\/03\/tarjetavioleta-6-300x200.jpg 300w, https:\/\/chilpancingo.gob.mx\/portal\/wp-content\/uploads\/2025\/03\/tarjetavioleta-6-768x512.jpg 768w, https:\/\/chilpancingo.gob.mx\/portal\/wp-content\/uploads\/2025\/03\/tarjetavioleta-6.jpg 1440w\" sizes=\"(max-width: 1024px) 100vw, 1024px\" \/><\/figure>\n\n\n\n<figure class=\"wp-block-image size-large\"><img decoding=\"async\" width=\"1024\" height=\"683\" data-id=\"14805\" src=\"https:\/\/chilpancingo.gob.mx\/portal\/wp-content\/uploads\/2025\/03\/tarjetavioleta-5-1024x683.jpg\" alt=\"\" class=\"wp-image-14805\" srcset=\"https:\/\/chilpancingo.gob.mx\/portal\/wp-content\/uploads\/2025\/03\/tarjetavioleta-5-1024x683.jpg 1024w, https:\/\/chilpancingo.gob.mx\/portal\/wp-content\/uploads\/2025\/03\/tarjetavioleta-5-300x200.jpg 300w, https:\/\/chilpancingo.gob.mx\/portal\/wp-content\/uploads\/2025\/03\/tarjetavioleta-5-768x512.jpg 768w, https:\/\/chilpancingo.gob.mx\/portal\/wp-content\/uploads\/2025\/03\/tarjetavioleta-5.jpg 1440w\" sizes=\"(max-width: 1024px) 100vw, 1024px\" \/><\/figure>\n\n\n\n<figure class=\"wp-block-image size-large\"><img decoding=\"async\" width=\"593\" height=\"395\" data-id=\"14801\" src=\"https:\/\/chilpancingo.gob.mx\/portal\/wp-content\/uploads\/2025\/03\/tarjetavioleta-4.jpg\" alt=\"\" class=\"wp-image-14801\" srcset=\"https:\/\/chilpancingo.gob.mx\/portal\/wp-content\/uploads\/2025\/03\/tarjetavioleta-4.jpg 593w, https:\/\/chilpancingo.gob.mx\/portal\/wp-content\/uploads\/2025\/03\/tarjetavioleta-4-300x200.jpg 300w\" sizes=\"(max-width: 593px) 100vw, 593px\" \/><\/figure>\n\n\n\n<figure class=\"wp-block-image size-large\"><img loading=\"lazy\" decoding=\"async\" width=\"593\" height=\"395\" data-id=\"14802\" src=\"https:\/\/chilpancingo.gob.mx\/portal\/wp-content\/uploads\/2025\/03\/tarjetavioleta-3.jpg\" alt=\"\" class=\"wp-image-14802\" srcset=\"https:\/\/chilpancingo.gob.mx\/portal\/wp-content\/uploads\/2025\/03\/tarjetavioleta-3.jpg 593w, https:\/\/chilpancingo.gob.mx\/portal\/wp-content\/uploads\/2025\/03\/tarjetavioleta-3-300x200.jpg 300w\" sizes=\"(max-width: 593px) 100vw, 593px\" \/><\/figure>\n\n\n\n<figure class=\"wp-block-image size-large\"><img loading=\"lazy\" decoding=\"async\" width=\"593\" height=\"395\" data-id=\"14803\" src=\"https:\/\/chilpancingo.gob.mx\/portal\/wp-content\/uploads\/2025\/03\/tarjetavioleta-2.jpg\" alt=\"\" class=\"wp-image-14803\" srcset=\"https:\/\/chilpancingo.gob.mx\/portal\/wp-content\/uploads\/2025\/03\/tarjetavioleta-2.jpg 593w, https:\/\/chilpancingo.gob.mx\/portal\/wp-content\/uploads\/2025\/03\/tarjetavioleta-2-300x200.jpg 300w\" sizes=\"(max-width: 593px) 100vw, 593px\" \/><\/figure>\n\n\n\n<figure class=\"wp-block-image size-large\"><img loading=\"lazy\" decoding=\"async\" width=\"593\" height=\"395\" data-id=\"14804\" src=\"https:\/\/chilpancingo.gob.mx\/portal\/wp-content\/uploads\/2025\/03\/tarjetavioleta-1.jpg\" alt=\"\" class=\"wp-image-14804\" srcset=\"https:\/\/chilpancingo.gob.mx\/portal\/wp-content\/uploads\/2025\/03\/tarjetavioleta-1.jpg 593w, https:\/\/chilpancingo.gob.mx\/portal\/wp-content\/uploads\/2025\/03\/tarjetavioleta-1-300x200.jpg 300w\" sizes=\"(max-width: 593px) 100vw, 593px\" \/><\/figure>\n<\/figure>\n","protected":false},"featured_media":14805,"template":"","categories":[],"class_list":["post-14800","gobierno","type-gobierno","status-publish","has-post-thumbnail","hentry"],"yoast_head":"<!-- This site is optimized with the Yoast SEO plugin v23.8 - https:\/\/yoast.com\/wordpress\/plugins\/seo\/ -->\n<title>\ud83d\udc9c Por el bienestar y empoderamiento de las mujeres en Chilpancingo \ud83d\udc9c - H. Ayuntamiento de Chilpancingo de los Bravo<\/title>\n<meta name=\"robots\" content=\"index, follow, max-snippet:-1, max-image-preview:large, max-video-preview:-1\" \/>\n<link rel=\"canonical\" href=\"https:\/\/chilpancingo.gob.mx\/portal\/gobierno\/\ud83d\udc9c-por-el-bienestar-y-empoderamiento-de-las-mujeres-en-chilpancingo-\ud83d\udc9c\/\" \/>\n<meta property=\"og:locale\" content=\"es_MX\" \/>\n<meta property=\"og:type\" content=\"article\" \/>\n<meta property=\"og:title\" content=\"\ud83d\udc9c Por el bienestar y empoderamiento de las mujeres en Chilpancingo \ud83d\udc9c - H. Ayuntamiento de Chilpancingo de los Bravo\" \/>\n<meta property=\"og:description\" content=\"En el marco del D\u00eda Internacional de la Mujer, el presidente municipal Dr. Gustavo Alarc\u00f3n Herrera reafirma su compromiso con la igualdad, la justicia y las oportunidades para las mujeres [&hellip;]\" \/>\n<meta property=\"og:url\" content=\"https:\/\/chilpancingo.gob.mx\/portal\/gobierno\/\ud83d\udc9c-por-el-bienestar-y-empoderamiento-de-las-mujeres-en-chilpancingo-\ud83d\udc9c\/\" \/>\n<meta property=\"og:site_name\" content=\"H. Ayuntamiento de Chilpancingo de los Bravo\" \/>\n<meta property=\"article:publisher\" content=\"https:\/\/www.facebook.com\/AyuntamientodeChilpancingo\" \/>\n<meta property=\"article:modified_time\" content=\"2025-03-10T17:15:04+00:00\" \/>\n<meta property=\"og:image\" content=\"https:\/\/chilpancingo.gob.mx\/portal\/wp-content\/uploads\/2025\/03\/tarjetavioleta-5.jpg\" \/>\n\t<meta property=\"og:image:width\" content=\"1440\" \/>\n\t<meta property=\"og:image:height\" content=\"960\" \/>\n\t<meta property=\"og:image:type\" content=\"image\/jpeg\" \/>\n<meta name=\"twitter:card\" content=\"summary_large_image\" \/>\n<meta name=\"twitter:site\" content=\"@otilia_norma\" \/>\n<script type=\"application\/ld+json\" class=\"yoast-schema-graph\">{\"@context\":\"https:\/\/schema.org\",\"@graph\":[{\"@type\":\"WebPage\",\"@id\":\"https:\/\/chilpancingo.gob.mx\/portal\/gobierno\/%f0%9f%92%9c-por-el-bienestar-y-empoderamiento-de-las-mujeres-en-chilpancingo-%f0%9f%92%9c\/\",\"url\":\"https:\/\/chilpancingo.gob.mx\/portal\/gobierno\/%f0%9f%92%9c-por-el-bienestar-y-empoderamiento-de-las-mujeres-en-chilpancingo-%f0%9f%92%9c\/\",\"name\":\"\ud83d\udc9c Por el bienestar y empoderamiento de las mujeres en Chilpancingo \ud83d\udc9c - H. Ayuntamiento de Chilpancingo de los Bravo\",\"isPartOf\":{\"@id\":\"https:\/\/chilpancingo.gob.mx\/portal\/#website\"},\"primaryImageOfPage\":{\"@id\":\"https:\/\/chilpancingo.gob.mx\/portal\/gobierno\/%f0%9f%92%9c-por-el-bienestar-y-empoderamiento-de-las-mujeres-en-chilpancingo-%f0%9f%92%9c\/#primaryimage\"},\"image\":{\"@id\":\"https:\/\/chilpancingo.gob.mx\/portal\/gobierno\/%f0%9f%92%9c-por-el-bienestar-y-empoderamiento-de-las-mujeres-en-chilpancingo-%f0%9f%92%9c\/#primaryimage\"},\"thumbnailUrl\":\"https:\/\/chilpancingo.gob.mx\/portal\/wp-content\/uploads\/2025\/03\/tarjetavioleta-5.jpg\",\"datePublished\":\"2025-03-10T17:15:02+00:00\",\"dateModified\":\"2025-03-10T17:15:04+00:00\",\"breadcrumb\":{\"@id\":\"https:\/\/chilpancingo.gob.mx\/portal\/gobierno\/%f0%9f%92%9c-por-el-bienestar-y-empoderamiento-de-las-mujeres-en-chilpancingo-%f0%9f%92%9c\/#breadcrumb\"},\"inLanguage\":\"es\",\"potentialAction\":[{\"@type\":\"ReadAction\",\"target\":[\"https:\/\/chilpancingo.gob.mx\/portal\/gobierno\/%f0%9f%92%9c-por-el-bienestar-y-empoderamiento-de-las-mujeres-en-chilpancingo-%f0%9f%92%9c\/\"]}]},{\"@type\":\"ImageObject\",\"inLanguage\":\"es\",\"@id\":\"https:\/\/chilpancingo.gob.mx\/portal\/gobierno\/%f0%9f%92%9c-por-el-bienestar-y-empoderamiento-de-las-mujeres-en-chilpancingo-%f0%9f%92%9c\/#primaryimage\",\"url\":\"https:\/\/chilpancingo.gob.mx\/portal\/wp-content\/uploads\/2025\/03\/tarjetavioleta-5.jpg\",\"contentUrl\":\"https:\/\/chilpancingo.gob.mx\/portal\/wp-content\/uploads\/2025\/03\/tarjetavioleta-5.jpg\",\"width\":1440,\"height\":960},{\"@type\":\"BreadcrumbList\",\"@id\":\"https:\/\/chilpancingo.gob.mx\/portal\/gobierno\/%f0%9f%92%9c-por-el-bienestar-y-empoderamiento-de-las-mujeres-en-chilpancingo-%f0%9f%92%9c\/#breadcrumb\",\"itemListElement\":[{\"@type\":\"ListItem\",\"position\":1,\"name\":\"Inicio\",\"item\":\"https:\/\/chilpancingo.gob.mx\/portal\/\"},{\"@type\":\"ListItem\",\"position\":2,\"name\":\"\ud83d\udc9c Por el bienestar y empoderamiento de las mujeres en Chilpancingo \ud83d\udc9c\"}]},{\"@type\":\"WebSite\",\"@id\":\"https:\/\/chilpancingo.gob.mx\/portal\/#website\",\"url\":\"https:\/\/chilpancingo.gob.mx\/portal\/\",\"name\":\"H. Ayuntamiento de Chilpancingo de los Bravo\",\"description\":\"Chilpancingo de los Bravo  2024 - 2027\",\"publisher\":{\"@id\":\"https:\/\/chilpancingo.gob.mx\/portal\/#organization\"},\"potentialAction\":[{\"@type\":\"SearchAction\",\"target\":{\"@type\":\"EntryPoint\",\"urlTemplate\":\"https:\/\/chilpancingo.gob.mx\/portal\/?s={search_term_string}\"},\"query-input\":{\"@type\":\"PropertyValueSpecification\",\"valueRequired\":true,\"valueName\":\"search_term_string\"}}],\"inLanguage\":\"es\"},{\"@type\":\"Organization\",\"@id\":\"https:\/\/chilpancingo.gob.mx\/portal\/#organization\",\"name\":\"Municipio de Chilpancingo de los Bravo\",\"url\":\"https:\/\/chilpancingo.gob.mx\/portal\/\",\"logo\":{\"@type\":\"ImageObject\",\"inLanguage\":\"es\",\"@id\":\"https:\/\/chilpancingo.gob.mx\/portal\/#\/schema\/logo\/image\/\",\"url\":\"https:\/\/chilpancingo.gob.mx\/portal\/wp-content\/uploads\/2021\/09\/Logo-Oficial-Capital-de-cultura-y-progreso.png\",\"contentUrl\":\"https:\/\/chilpancingo.gob.mx\/portal\/wp-content\/uploads\/2021\/09\/Logo-Oficial-Capital-de-cultura-y-progreso.png\",\"width\":1200,\"height\":623,\"caption\":\"Municipio de Chilpancingo de los Bravo\"},\"image\":{\"@id\":\"https:\/\/chilpancingo.gob.mx\/portal\/#\/schema\/logo\/image\/\"},\"sameAs\":[\"https:\/\/www.facebook.com\/AyuntamientodeChilpancingo\",\"https:\/\/x.com\/otilia_norma\"]}]}<\/script>\n<!-- \/ Yoast SEO plugin. -->","yoast_head_json":{"title":"\ud83d\udc9c Por el bienestar y empoderamiento de las mujeres en Chilpancingo \ud83d\udc9c - H. Ayuntamiento de Chilpancingo de los Bravo","robots":{"index":"index","follow":"follow","max-snippet":"max-snippet:-1","max-image-preview":"max-image-preview:large","max-video-preview":"max-video-preview:-1"},"canonical":"https:\/\/chilpancingo.gob.mx\/portal\/gobierno\/\ud83d\udc9c-por-el-bienestar-y-empoderamiento-de-las-mujeres-en-chilpancingo-\ud83d\udc9c\/","og_locale":"es_MX","og_type":"article","og_title":"\ud83d\udc9c Por el bienestar y empoderamiento de las mujeres en Chilpancingo \ud83d\udc9c - H. Ayuntamiento de Chilpancingo de los Bravo","og_description":"En el marco del D\u00eda Internacional de la Mujer, el presidente municipal Dr. Gustavo Alarc\u00f3n Herrera reafirma su compromiso con la igualdad, la justicia y las oportunidades para las mujeres [&hellip;]","og_url":"https:\/\/chilpancingo.gob.mx\/portal\/gobierno\/\ud83d\udc9c-por-el-bienestar-y-empoderamiento-de-las-mujeres-en-chilpancingo-\ud83d\udc9c\/","og_site_name":"H. Ayuntamiento de Chilpancingo de los Bravo","article_publisher":"https:\/\/www.facebook.com\/AyuntamientodeChilpancingo","article_modified_time":"2025-03-10T17:15:04+00:00","og_image":[{"width":1440,"height":960,"url":"https:\/\/chilpancingo.gob.mx\/portal\/wp-content\/uploads\/2025\/03\/tarjetavioleta-5.jpg","type":"image\/jpeg"}],"twitter_card":"summary_large_image","twitter_site":"@otilia_norma","schema":{"@context":"https:\/\/schema.org","@graph":[{"@type":"WebPage","@id":"https:\/\/chilpancingo.gob.mx\/portal\/gobierno\/%f0%9f%92%9c-por-el-bienestar-y-empoderamiento-de-las-mujeres-en-chilpancingo-%f0%9f%92%9c\/","url":"https:\/\/chilpancingo.gob.mx\/portal\/gobierno\/%f0%9f%92%9c-por-el-bienestar-y-empoderamiento-de-las-mujeres-en-chilpancingo-%f0%9f%92%9c\/","name":"\ud83d\udc9c Por el bienestar y empoderamiento de las mujeres en Chilpancingo \ud83d\udc9c - H. Ayuntamiento de Chilpancingo de los Bravo","isPartOf":{"@id":"https:\/\/chilpancingo.gob.mx\/portal\/#website"},"primaryImageOfPage":{"@id":"https:\/\/chilpancingo.gob.mx\/portal\/gobierno\/%f0%9f%92%9c-por-el-bienestar-y-empoderamiento-de-las-mujeres-en-chilpancingo-%f0%9f%92%9c\/#primaryimage"},"image":{"@id":"https:\/\/chilpancingo.gob.mx\/portal\/gobierno\/%f0%9f%92%9c-por-el-bienestar-y-empoderamiento-de-las-mujeres-en-chilpancingo-%f0%9f%92%9c\/#primaryimage"},"thumbnailUrl":"https:\/\/chilpancingo.gob.mx\/portal\/wp-content\/uploads\/2025\/03\/tarjetavioleta-5.jpg","datePublished":"2025-03-10T17:15:02+00:00","dateModified":"2025-03-10T17:15:04+00:00","breadcrumb":{"@id":"https:\/\/chilpancingo.gob.mx\/portal\/gobierno\/%f0%9f%92%9c-por-el-bienestar-y-empoderamiento-de-las-mujeres-en-chilpancingo-%f0%9f%92%9c\/#breadcrumb"},"inLanguage":"es","potentialAction":[{"@type":"ReadAction","target":["https:\/\/chilpancingo.gob.mx\/portal\/gobierno\/%f0%9f%92%9c-por-el-bienestar-y-empoderamiento-de-las-mujeres-en-chilpancingo-%f0%9f%92%9c\/"]}]},{"@type":"ImageObject","inLanguage":"es","@id":"https:\/\/chilpancingo.gob.mx\/portal\/gobierno\/%f0%9f%92%9c-por-el-bienestar-y-empoderamiento-de-las-mujeres-en-chilpancingo-%f0%9f%92%9c\/#primaryimage","url":"https:\/\/chilpancingo.gob.mx\/portal\/wp-content\/uploads\/2025\/03\/tarjetavioleta-5.jpg","contentUrl":"https:\/\/chilpancingo.gob.mx\/portal\/wp-content\/uploads\/2025\/03\/tarjetavioleta-5.jpg","width":1440,"height":960},{"@type":"BreadcrumbList","@id":"https:\/\/chilpancingo.gob.mx\/portal\/gobierno\/%f0%9f%92%9c-por-el-bienestar-y-empoderamiento-de-las-mujeres-en-chilpancingo-%f0%9f%92%9c\/#breadcrumb","itemListElement":[{"@type":"ListItem","position":1,"name":"Inicio","item":"https:\/\/chilpancingo.gob.mx\/portal\/"},{"@type":"ListItem","position":2,"name":"\ud83d\udc9c Por el bienestar y empoderamiento de las mujeres en Chilpancingo \ud83d\udc9c"}]},{"@type":"WebSite","@id":"https:\/\/chilpancingo.gob.mx\/portal\/#website","url":"https:\/\/chilpancingo.gob.mx\/portal\/","name":"H. Ayuntamiento de Chilpancingo de los Bravo","description":"Chilpancingo de los Bravo  2024 - 2027","publisher":{"@id":"https:\/\/chilpancingo.gob.mx\/portal\/#organization"},"potentialAction":[{"@type":"SearchAction","target":{"@type":"EntryPoint","urlTemplate":"https:\/\/chilpancingo.gob.mx\/portal\/?s={search_term_string}"},"query-input":{"@type":"PropertyValueSpecification","valueRequired":true,"valueName":"search_term_string"}}],"inLanguage":"es"},{"@type":"Organization","@id":"https:\/\/chilpancingo.gob.mx\/portal\/#organization","name":"Municipio de Chilpancingo de los Bravo","url":"https:\/\/chilpancingo.gob.mx\/portal\/","logo":{"@type":"ImageObject","inLanguage":"es","@id":"https:\/\/chilpancingo.gob.mx\/portal\/#\/schema\/logo\/image\/","url":"https:\/\/chilpancingo.gob.mx\/portal\/wp-content\/uploads\/2021\/09\/Logo-Oficial-Capital-de-cultura-y-progreso.png","contentUrl":"https:\/\/chilpancingo.gob.mx\/portal\/wp-content\/uploads\/2021\/09\/Logo-Oficial-Capital-de-cultura-y-progreso.png","width":1200,"height":623,"caption":"Municipio de Chilpancingo de los Bravo"},"image":{"@id":"https:\/\/chilpancingo.gob.mx\/portal\/#\/schema\/logo\/image\/"},"sameAs":["https:\/\/www.facebook.com\/AyuntamientodeChilpancingo","https:\/\/x.com\/otilia_norma"]}]}},"_links":{"self":[{"href":"https:\/\/chilpancingo.gob.mx\/portal\/wp-json\/wp\/v2\/gobierno\/14800","targetHints":{"allow":["GET"]}}],"collection":[{"href":"https:\/\/chilpancingo.gob.mx\/portal\/wp-json\/wp\/v2\/gobierno"}],"about":[{"href":"https:\/\/chilpancingo.gob.mx\/portal\/wp-json\/wp\/v2\/types\/gobierno"}],"wp:featuredmedia":[{"embeddable":true,"href":"https:\/\/chilpancingo.gob.mx\/portal\/wp-json\/wp\/v2\/media\/14805"}],"wp:attachment":[{"href":"https:\/\/chilpancingo.gob.mx\/portal\/wp-json\/wp\/v2\/media?parent=14800"}],"wp:term":[{"taxonomy":"category","embeddable":true,"href":"https:\/\/chilpancingo.gob.mx\/portal\/wp-json\/wp\/v2\/categories?post=14800"}],"curies":[{"name":"wp","href":"https:\/\/api.w.org\/{rel}","templated":true}]}}