{"id":21222,"date":"2026-04-22T12:21:43","date_gmt":"2026-04-22T18:21:43","guid":{"rendered":"https:\/\/chilpancingo.gob.mx\/portal\/?post_type=gobierno&#038;p=21222"},"modified":"2026-04-30T12:36:15","modified_gmt":"2026-04-30T18:36:15","slug":"esta-manana-se-llevo-a-cabo-la-conmemoracion-del-aniversario-luctuoso-de-nicolas-bravo-%f0%9f%87%b2%f0%9f%87%bd","status":"publish","type":"gobierno","link":"https:\/\/chilpancingo.gob.mx\/portal\/gobierno\/esta-manana-se-llevo-a-cabo-la-conmemoracion-del-aniversario-luctuoso-de-nicolas-bravo-%f0%9f%87%b2%f0%9f%87%bd\/","title":{"rendered":"Esta ma\u00f1ana se llev\u00f3 a cabo la conmemoraci\u00f3n del aniversario luctuoso de Nicol\u00e1s Bravo \ud83c\uddf2\ud83c\uddfd"},"content":{"rendered":"\n<p>El presidente municipal, Dr. Gustavo Alarc\u00f3n Herrera, encabez\u00f3 este acto c\u00edvico en compa\u00f1\u00eda de integrantes del Cabildo y ciudadan\u00eda, recordando el legado de honor, justicia y respeto que distingui\u00f3 a esta figura hist\u00f3rica. Su ejemplo, como el H\u00e9roe del Perd\u00f3n, contin\u00faa siendo referente de liderazgo con humanidad y compromiso.<br>El Gobierno Municipal de Chilpancingo reafirma la importancia de preservar nuestra memoria hist\u00f3rica y fortalecer la identidad que nos une como sociedad \ud83e\udd1d<\/p>\n\n\n\n<h1 class=\"wp-block-heading\">UnidosChilpancingoRenace<\/h1>\n\n\n\n<figure class=\"wp-block-gallery has-nested-images columns-default is-cropped wp-block-gallery-1 is-layout-flex wp-block-gallery-is-layout-flex\">\n<figure class=\"wp-block-image size-large\"><img fetchpriority=\"high\" decoding=\"async\" width=\"1024\" height=\"685\" data-id=\"21251\" src=\"https:\/\/chilpancingo.gob.mx\/portal\/wp-content\/uploads\/2026\/04\/678434331_122198905448551875_4161489053644441003_n-1024x685.jpg\" alt=\"\" class=\"wp-image-21251\" srcset=\"https:\/\/chilpancingo.gob.mx\/portal\/wp-content\/uploads\/2026\/04\/678434331_122198905448551875_4161489053644441003_n-1024x685.jpg 1024w, https:\/\/chilpancingo.gob.mx\/portal\/wp-content\/uploads\/2026\/04\/678434331_122198905448551875_4161489053644441003_n-300x201.jpg 300w, https:\/\/chilpancingo.gob.mx\/portal\/wp-content\/uploads\/2026\/04\/678434331_122198905448551875_4161489053644441003_n-768x514.jpg 768w, https:\/\/chilpancingo.gob.mx\/portal\/wp-content\/uploads\/2026\/04\/678434331_122198905448551875_4161489053644441003_n-1536x1027.jpg 1536w, https:\/\/chilpancingo.gob.mx\/portal\/wp-content\/uploads\/2026\/04\/678434331_122198905448551875_4161489053644441003_n.jpg 1200w\" sizes=\"(max-width: 1024px) 100vw, 1024px\" \/><\/figure>\n\n\n\n<figure class=\"wp-block-image size-large\"><img decoding=\"async\" width=\"685\" height=\"1024\" data-id=\"21254\" src=\"https:\/\/chilpancingo.gob.mx\/portal\/wp-content\/uploads\/2026\/04\/678756968_122198905406551875_8294671596830179364_n-685x1024.jpg\" alt=\"\" class=\"wp-image-21254\" srcset=\"https:\/\/chilpancingo.gob.mx\/portal\/wp-content\/uploads\/2026\/04\/678756968_122198905406551875_8294671596830179364_n-685x1024.jpg 685w, https:\/\/chilpancingo.gob.mx\/portal\/wp-content\/uploads\/2026\/04\/678756968_122198905406551875_8294671596830179364_n-201x300.jpg 201w, https:\/\/chilpancingo.gob.mx\/portal\/wp-content\/uploads\/2026\/04\/678756968_122198905406551875_8294671596830179364_n-768x1148.jpg 768w, https:\/\/chilpancingo.gob.mx\/portal\/wp-content\/uploads\/2026\/04\/678756968_122198905406551875_8294671596830179364_n-1027x1536.jpg 1027w, https:\/\/chilpancingo.gob.mx\/portal\/wp-content\/uploads\/2026\/04\/678756968_122198905406551875_8294671596830179364_n.jpg 1070w\" sizes=\"(max-width: 685px) 100vw, 685px\" \/><\/figure>\n\n\n\n<figure class=\"wp-block-image size-large\"><img decoding=\"async\" width=\"1024\" height=\"685\" data-id=\"21256\" src=\"https:\/\/chilpancingo.gob.mx\/portal\/wp-content\/uploads\/2026\/04\/677759818_122198905238551875_7214282367128358912_n-1024x685.jpg\" alt=\"\" class=\"wp-image-21256\" srcset=\"https:\/\/chilpancingo.gob.mx\/portal\/wp-content\/uploads\/2026\/04\/677759818_122198905238551875_7214282367128358912_n-1024x685.jpg 1024w, https:\/\/chilpancingo.gob.mx\/portal\/wp-content\/uploads\/2026\/04\/677759818_122198905238551875_7214282367128358912_n-300x201.jpg 300w, https:\/\/chilpancingo.gob.mx\/portal\/wp-content\/uploads\/2026\/04\/677759818_122198905238551875_7214282367128358912_n-768x514.jpg 768w, https:\/\/chilpancingo.gob.mx\/portal\/wp-content\/uploads\/2026\/04\/677759818_122198905238551875_7214282367128358912_n-1536x1027.jpg 1536w, https:\/\/chilpancingo.gob.mx\/portal\/wp-content\/uploads\/2026\/04\/677759818_122198905238551875_7214282367128358912_n.jpg 1600w\" sizes=\"(max-width: 1024px) 100vw, 1024px\" \/><\/figure>\n\n\n\n<figure class=\"wp-block-image size-large\"><img loading=\"lazy\" decoding=\"async\" width=\"1024\" height=\"684\" data-id=\"21249\" src=\"https:\/\/chilpancingo.gob.mx\/portal\/wp-content\/uploads\/2026\/04\/678371153_122198905196551875_1202282333364461835_n-1024x684.jpg\" alt=\"\" class=\"wp-image-21249\" srcset=\"https:\/\/chilpancingo.gob.mx\/portal\/wp-content\/uploads\/2026\/04\/678371153_122198905196551875_1202282333364461835_n-1024x684.jpg 1024w, https:\/\/chilpancingo.gob.mx\/portal\/wp-content\/uploads\/2026\/04\/678371153_122198905196551875_1202282333364461835_n-300x200.jpg 300w, https:\/\/chilpancingo.gob.mx\/portal\/wp-content\/uploads\/2026\/04\/678371153_122198905196551875_1202282333364461835_n-768x513.jpg 768w, https:\/\/chilpancingo.gob.mx\/portal\/wp-content\/uploads\/2026\/04\/678371153_122198905196551875_1202282333364461835_n.jpg 1453w\" sizes=\"(max-width: 1024px) 100vw, 1024px\" \/><\/figure>\n\n\n\n<figure class=\"wp-block-image size-large\"><img loading=\"lazy\" decoding=\"async\" width=\"1024\" height=\"685\" data-id=\"21259\" src=\"https:\/\/chilpancingo.gob.mx\/portal\/wp-content\/uploads\/2026\/04\/676916324_122198905154551875_969444091132165366_n-1024x685.jpg\" alt=\"\" class=\"wp-image-21259\" srcset=\"https:\/\/chilpancingo.gob.mx\/portal\/wp-content\/uploads\/2026\/04\/676916324_122198905154551875_969444091132165366_n-1024x685.jpg 1024w, https:\/\/chilpancingo.gob.mx\/portal\/wp-content\/uploads\/2026\/04\/676916324_122198905154551875_969444091132165366_n-300x201.jpg 300w, https:\/\/chilpancingo.gob.mx\/portal\/wp-content\/uploads\/2026\/04\/676916324_122198905154551875_969444091132165366_n-768x514.jpg 768w, https:\/\/chilpancingo.gob.mx\/portal\/wp-content\/uploads\/2026\/04\/676916324_122198905154551875_969444091132165366_n-1536x1027.jpg 1536w, https:\/\/chilpancingo.gob.mx\/portal\/wp-content\/uploads\/2026\/04\/676916324_122198905154551875_969444091132165366_n.jpg 1600w\" sizes=\"(max-width: 1024px) 100vw, 1024px\" \/><\/figure>\n\n\n\n<figure class=\"wp-block-image size-large\"><img loading=\"lazy\" decoding=\"async\" width=\"1024\" height=\"685\" data-id=\"21250\" src=\"https:\/\/chilpancingo.gob.mx\/portal\/wp-content\/uploads\/2026\/04\/678284003_122198905112551875_3017369833684197868_n-1024x685.jpg\" alt=\"\" class=\"wp-image-21250\" srcset=\"https:\/\/chilpancingo.gob.mx\/portal\/wp-content\/uploads\/2026\/04\/678284003_122198905112551875_3017369833684197868_n-1024x685.jpg 1024w, https:\/\/chilpancingo.gob.mx\/portal\/wp-content\/uploads\/2026\/04\/678284003_122198905112551875_3017369833684197868_n-300x201.jpg 300w, https:\/\/chilpancingo.gob.mx\/portal\/wp-content\/uploads\/2026\/04\/678284003_122198905112551875_3017369833684197868_n-768x514.jpg 768w, https:\/\/chilpancingo.gob.mx\/portal\/wp-content\/uploads\/2026\/04\/678284003_122198905112551875_3017369833684197868_n-1536x1027.jpg 1536w, https:\/\/chilpancingo.gob.mx\/portal\/wp-content\/uploads\/2026\/04\/678284003_122198905112551875_3017369833684197868_n.jpg 1600w\" sizes=\"(max-width: 1024px) 100vw, 1024px\" \/><\/figure>\n\n\n\n<figure class=\"wp-block-image size-large\"><img loading=\"lazy\" decoding=\"async\" width=\"1024\" height=\"685\" data-id=\"21255\" src=\"https:\/\/chilpancingo.gob.mx\/portal\/wp-content\/uploads\/2026\/04\/677859181_122198905070551875_8589383465563937510_n-1024x685.jpg\" alt=\"\" class=\"wp-image-21255\" srcset=\"https:\/\/chilpancingo.gob.mx\/portal\/wp-content\/uploads\/2026\/04\/677859181_122198905070551875_8589383465563937510_n-1024x685.jpg 1024w, https:\/\/chilpancingo.gob.mx\/portal\/wp-content\/uploads\/2026\/04\/677859181_122198905070551875_8589383465563937510_n-300x201.jpg 300w, https:\/\/chilpancingo.gob.mx\/portal\/wp-content\/uploads\/2026\/04\/677859181_122198905070551875_8589383465563937510_n-768x514.jpg 768w, https:\/\/chilpancingo.gob.mx\/portal\/wp-content\/uploads\/2026\/04\/677859181_122198905070551875_8589383465563937510_n-1536x1027.jpg 1536w, https:\/\/chilpancingo.gob.mx\/portal\/wp-content\/uploads\/2026\/04\/677859181_122198905070551875_8589383465563937510_n.jpg 1200w\" sizes=\"(max-width: 1024px) 100vw, 1024px\" \/><\/figure>\n\n\n\n<figure class=\"wp-block-image size-large\"><img loading=\"lazy\" decoding=\"async\" width=\"1024\" height=\"685\" data-id=\"21252\" src=\"https:\/\/chilpancingo.gob.mx\/portal\/wp-content\/uploads\/2026\/04\/678839383_122198905028551875_8677615231972356331_n-1024x685.jpg\" alt=\"\" class=\"wp-image-21252\" srcset=\"https:\/\/chilpancingo.gob.mx\/portal\/wp-content\/uploads\/2026\/04\/678839383_122198905028551875_8677615231972356331_n-1024x685.jpg 1024w, https:\/\/chilpancingo.gob.mx\/portal\/wp-content\/uploads\/2026\/04\/678839383_122198905028551875_8677615231972356331_n-300x201.jpg 300w, https:\/\/chilpancingo.gob.mx\/portal\/wp-content\/uploads\/2026\/04\/678839383_122198905028551875_8677615231972356331_n-768x514.jpg 768w, https:\/\/chilpancingo.gob.mx\/portal\/wp-content\/uploads\/2026\/04\/678839383_122198905028551875_8677615231972356331_n-1536x1027.jpg 1536w, https:\/\/chilpancingo.gob.mx\/portal\/wp-content\/uploads\/2026\/04\/678839383_122198905028551875_8677615231972356331_n.jpg 1200w\" sizes=\"(max-width: 1024px) 100vw, 1024px\" \/><\/figure>\n\n\n\n<figure class=\"wp-block-image size-large\"><img loading=\"lazy\" decoding=\"async\" width=\"1024\" height=\"685\" data-id=\"21253\" src=\"https:\/\/chilpancingo.gob.mx\/portal\/wp-content\/uploads\/2026\/04\/676898159_122198904986551875_3035832696720339397_n-1024x685.jpg\" alt=\"\" class=\"wp-image-21253\" srcset=\"https:\/\/chilpancingo.gob.mx\/portal\/wp-content\/uploads\/2026\/04\/676898159_122198904986551875_3035832696720339397_n-1024x685.jpg 1024w, https:\/\/chilpancingo.gob.mx\/portal\/wp-content\/uploads\/2026\/04\/676898159_122198904986551875_3035832696720339397_n-300x201.jpg 300w, https:\/\/chilpancingo.gob.mx\/portal\/wp-content\/uploads\/2026\/04\/676898159_122198904986551875_3035832696720339397_n-768x514.jpg 768w, https:\/\/chilpancingo.gob.mx\/portal\/wp-content\/uploads\/2026\/04\/676898159_122198904986551875_3035832696720339397_n-1536x1027.jpg 1536w, https:\/\/chilpancingo.gob.mx\/portal\/wp-content\/uploads\/2026\/04\/676898159_122198904986551875_3035832696720339397_n.jpg 1600w\" sizes=\"(max-width: 1024px) 100vw, 1024px\" \/><\/figure>\n\n\n\n<figure class=\"wp-block-image size-large\"><img loading=\"lazy\" decoding=\"async\" width=\"590\" height=\"394\" data-id=\"21260\" src=\"https:\/\/chilpancingo.gob.mx\/portal\/wp-content\/uploads\/2026\/04\/678237502_122198904944551875_5913867972021198038_n.jpg\" alt=\"\" class=\"wp-image-21260\" srcset=\"https:\/\/chilpancingo.gob.mx\/portal\/wp-content\/uploads\/2026\/04\/678237502_122198904944551875_5913867972021198038_n.jpg 590w, https:\/\/chilpancingo.gob.mx\/portal\/wp-content\/uploads\/2026\/04\/678237502_122198904944551875_5913867972021198038_n-300x200.jpg 300w\" sizes=\"(max-width: 590px) 100vw, 590px\" \/><\/figure>\n\n\n\n<figure class=\"wp-block-image size-large\"><img loading=\"lazy\" decoding=\"async\" width=\"590\" height=\"395\" data-id=\"21257\" src=\"https:\/\/chilpancingo.gob.mx\/portal\/wp-content\/uploads\/2026\/04\/676672098_122198904896551875_2439440741287397180_n.jpg\" alt=\"\" class=\"wp-image-21257\" srcset=\"https:\/\/chilpancingo.gob.mx\/portal\/wp-content\/uploads\/2026\/04\/676672098_122198904896551875_2439440741287397180_n.jpg 590w, https:\/\/chilpancingo.gob.mx\/portal\/wp-content\/uploads\/2026\/04\/676672098_122198904896551875_2439440741287397180_n-300x201.jpg 300w\" sizes=\"(max-width: 590px) 100vw, 590px\" \/><\/figure>\n\n\n\n<figure class=\"wp-block-image size-large\"><img loading=\"lazy\" decoding=\"async\" width=\"590\" height=\"395\" data-id=\"21258\" src=\"https:\/\/chilpancingo.gob.mx\/portal\/wp-content\/uploads\/2026\/04\/677617758_122198904854551875_2087683641753465391_n.jpg\" alt=\"\" class=\"wp-image-21258\" srcset=\"https:\/\/chilpancingo.gob.mx\/portal\/wp-content\/uploads\/2026\/04\/677617758_122198904854551875_2087683641753465391_n.jpg 590w, https:\/\/chilpancingo.gob.mx\/portal\/wp-content\/uploads\/2026\/04\/677617758_122198904854551875_2087683641753465391_n-300x201.jpg 300w\" sizes=\"(max-width: 590px) 100vw, 590px\" \/><\/figure>\n<\/figure>\n","protected":false},"featured_media":21255,"template":"","categories":[],"class_list":["post-21222","gobierno","type-gobierno","status-publish","has-post-thumbnail","hentry"],"yoast_head":"<!-- This site is optimized with the Yoast SEO plugin v23.8 - https:\/\/yoast.com\/wordpress\/plugins\/seo\/ -->\n<title>Esta ma\u00f1ana se llev\u00f3 a cabo la conmemoraci\u00f3n del aniversario luctuoso de Nicol\u00e1s Bravo \ud83c\uddf2\ud83c\uddfd - H. Ayuntamiento de Chilpancingo de los Bravo<\/title>\n<meta name=\"robots\" content=\"index, follow, max-snippet:-1, max-image-preview:large, max-video-preview:-1\" \/>\n<link rel=\"canonical\" href=\"https:\/\/chilpancingo.gob.mx\/portal\/gobierno\/esta-manana-se-llevo-a-cabo-la-conmemoracion-del-aniversario-luctuoso-de-nicolas-bravo-\ud83c\uddf2\ud83c\uddfd\/\" \/>\n<meta property=\"og:locale\" content=\"es_MX\" \/>\n<meta property=\"og:type\" content=\"article\" \/>\n<meta property=\"og:title\" content=\"Esta ma\u00f1ana se llev\u00f3 a cabo la conmemoraci\u00f3n del aniversario luctuoso de Nicol\u00e1s Bravo \ud83c\uddf2\ud83c\uddfd - H. Ayuntamiento de Chilpancingo de los Bravo\" \/>\n<meta property=\"og:description\" content=\"El presidente municipal, Dr. Gustavo Alarc\u00f3n Herrera, encabez\u00f3 este acto c\u00edvico en compa\u00f1\u00eda de integrantes del Cabildo y ciudadan\u00eda, recordando el legado de honor, justicia y respeto que distingui\u00f3 a [&hellip;]\" \/>\n<meta property=\"og:url\" content=\"https:\/\/chilpancingo.gob.mx\/portal\/gobierno\/esta-manana-se-llevo-a-cabo-la-conmemoracion-del-aniversario-luctuoso-de-nicolas-bravo-\ud83c\uddf2\ud83c\uddfd\/\" \/>\n<meta property=\"og:site_name\" content=\"H. Ayuntamiento de Chilpancingo de los Bravo\" \/>\n<meta property=\"article:publisher\" content=\"https:\/\/www.facebook.com\/AyuntamientodeChilpancingo\" \/>\n<meta property=\"article:modified_time\" content=\"2026-04-30T18:36:15+00:00\" \/>\n<meta property=\"og:image\" content=\"https:\/\/chilpancingo.gob.mx\/portal\/wp-content\/uploads\/2026\/04\/677859181_122198905070551875_8589383465563937510_n.jpg\" \/>\n\t<meta property=\"og:image:width\" content=\"1600\" \/>\n\t<meta property=\"og:image:height\" content=\"1070\" \/>\n\t<meta property=\"og:image:type\" content=\"image\/jpeg\" \/>\n<meta name=\"twitter:card\" content=\"summary_large_image\" \/>\n<meta name=\"twitter:site\" content=\"@otilia_norma\" \/>\n<script type=\"application\/ld+json\" class=\"yoast-schema-graph\">{\"@context\":\"https:\/\/schema.org\",\"@graph\":[{\"@type\":\"WebPage\",\"@id\":\"https:\/\/chilpancingo.gob.mx\/portal\/gobierno\/esta-manana-se-llevo-a-cabo-la-conmemoracion-del-aniversario-luctuoso-de-nicolas-bravo-%f0%9f%87%b2%f0%9f%87%bd\/\",\"url\":\"https:\/\/chilpancingo.gob.mx\/portal\/gobierno\/esta-manana-se-llevo-a-cabo-la-conmemoracion-del-aniversario-luctuoso-de-nicolas-bravo-%f0%9f%87%b2%f0%9f%87%bd\/\",\"name\":\"Esta ma\u00f1ana se llev\u00f3 a cabo la conmemoraci\u00f3n del aniversario luctuoso de Nicol\u00e1s Bravo \ud83c\uddf2\ud83c\uddfd - H. Ayuntamiento de Chilpancingo de los Bravo\",\"isPartOf\":{\"@id\":\"https:\/\/chilpancingo.gob.mx\/portal\/#website\"},\"primaryImageOfPage\":{\"@id\":\"https:\/\/chilpancingo.gob.mx\/portal\/gobierno\/esta-manana-se-llevo-a-cabo-la-conmemoracion-del-aniversario-luctuoso-de-nicolas-bravo-%f0%9f%87%b2%f0%9f%87%bd\/#primaryimage\"},\"image\":{\"@id\":\"https:\/\/chilpancingo.gob.mx\/portal\/gobierno\/esta-manana-se-llevo-a-cabo-la-conmemoracion-del-aniversario-luctuoso-de-nicolas-bravo-%f0%9f%87%b2%f0%9f%87%bd\/#primaryimage\"},\"thumbnailUrl\":\"https:\/\/chilpancingo.gob.mx\/portal\/wp-content\/uploads\/2026\/04\/677859181_122198905070551875_8589383465563937510_n.jpg\",\"datePublished\":\"2026-04-22T18:21:43+00:00\",\"dateModified\":\"2026-04-30T18:36:15+00:00\",\"breadcrumb\":{\"@id\":\"https:\/\/chilpancingo.gob.mx\/portal\/gobierno\/esta-manana-se-llevo-a-cabo-la-conmemoracion-del-aniversario-luctuoso-de-nicolas-bravo-%f0%9f%87%b2%f0%9f%87%bd\/#breadcrumb\"},\"inLanguage\":\"es\",\"potentialAction\":[{\"@type\":\"ReadAction\",\"target\":[\"https:\/\/chilpancingo.gob.mx\/portal\/gobierno\/esta-manana-se-llevo-a-cabo-la-conmemoracion-del-aniversario-luctuoso-de-nicolas-bravo-%f0%9f%87%b2%f0%9f%87%bd\/\"]}]},{\"@type\":\"ImageObject\",\"inLanguage\":\"es\",\"@id\":\"https:\/\/chilpancingo.gob.mx\/portal\/gobierno\/esta-manana-se-llevo-a-cabo-la-conmemoracion-del-aniversario-luctuoso-de-nicolas-bravo-%f0%9f%87%b2%f0%9f%87%bd\/#primaryimage\",\"url\":\"https:\/\/chilpancingo.gob.mx\/portal\/wp-content\/uploads\/2026\/04\/677859181_122198905070551875_8589383465563937510_n.jpg\",\"contentUrl\":\"https:\/\/chilpancingo.gob.mx\/portal\/wp-content\/uploads\/2026\/04\/677859181_122198905070551875_8589383465563937510_n.jpg\",\"width\":1200,\"height\":803},{\"@type\":\"BreadcrumbList\",\"@id\":\"https:\/\/chilpancingo.gob.mx\/portal\/gobierno\/esta-manana-se-llevo-a-cabo-la-conmemoracion-del-aniversario-luctuoso-de-nicolas-bravo-%f0%9f%87%b2%f0%9f%87%bd\/#breadcrumb\",\"itemListElement\":[{\"@type\":\"ListItem\",\"position\":1,\"name\":\"Inicio\",\"item\":\"https:\/\/chilpancingo.gob.mx\/portal\/\"},{\"@type\":\"ListItem\",\"position\":2,\"name\":\"Esta ma\u00f1ana se llev\u00f3 a cabo la conmemoraci\u00f3n del aniversario luctuoso de Nicol\u00e1s Bravo \ud83c\uddf2\ud83c\uddfd\"}]},{\"@type\":\"WebSite\",\"@id\":\"https:\/\/chilpancingo.gob.mx\/portal\/#website\",\"url\":\"https:\/\/chilpancingo.gob.mx\/portal\/\",\"name\":\"H. Ayuntamiento de Chilpancingo de los Bravo\",\"description\":\"Chilpancingo de los Bravo  2024 - 2027\",\"publisher\":{\"@id\":\"https:\/\/chilpancingo.gob.mx\/portal\/#organization\"},\"potentialAction\":[{\"@type\":\"SearchAction\",\"target\":{\"@type\":\"EntryPoint\",\"urlTemplate\":\"https:\/\/chilpancingo.gob.mx\/portal\/?s={search_term_string}\"},\"query-input\":{\"@type\":\"PropertyValueSpecification\",\"valueRequired\":true,\"valueName\":\"search_term_string\"}}],\"inLanguage\":\"es\"},{\"@type\":\"Organization\",\"@id\":\"https:\/\/chilpancingo.gob.mx\/portal\/#organization\",\"name\":\"Municipio de Chilpancingo de los Bravo\",\"url\":\"https:\/\/chilpancingo.gob.mx\/portal\/\",\"logo\":{\"@type\":\"ImageObject\",\"inLanguage\":\"es\",\"@id\":\"https:\/\/chilpancingo.gob.mx\/portal\/#\/schema\/logo\/image\/\",\"url\":\"https:\/\/chilpancingo.gob.mx\/portal\/wp-content\/uploads\/2021\/09\/Logo-Oficial-Capital-de-cultura-y-progreso.png\",\"contentUrl\":\"https:\/\/chilpancingo.gob.mx\/portal\/wp-content\/uploads\/2021\/09\/Logo-Oficial-Capital-de-cultura-y-progreso.png\",\"width\":1200,\"height\":623,\"caption\":\"Municipio de Chilpancingo de los Bravo\"},\"image\":{\"@id\":\"https:\/\/chilpancingo.gob.mx\/portal\/#\/schema\/logo\/image\/\"},\"sameAs\":[\"https:\/\/www.facebook.com\/AyuntamientodeChilpancingo\",\"https:\/\/x.com\/otilia_norma\"]}]}<\/script>\n<!-- \/ Yoast SEO plugin. -->","yoast_head_json":{"title":"Esta ma\u00f1ana se llev\u00f3 a cabo la conmemoraci\u00f3n del aniversario luctuoso de Nicol\u00e1s Bravo \ud83c\uddf2\ud83c\uddfd - H. Ayuntamiento de Chilpancingo de los Bravo","robots":{"index":"index","follow":"follow","max-snippet":"max-snippet:-1","max-image-preview":"max-image-preview:large","max-video-preview":"max-video-preview:-1"},"canonical":"https:\/\/chilpancingo.gob.mx\/portal\/gobierno\/esta-manana-se-llevo-a-cabo-la-conmemoracion-del-aniversario-luctuoso-de-nicolas-bravo-\ud83c\uddf2\ud83c\uddfd\/","og_locale":"es_MX","og_type":"article","og_title":"Esta ma\u00f1ana se llev\u00f3 a cabo la conmemoraci\u00f3n del aniversario luctuoso de Nicol\u00e1s Bravo \ud83c\uddf2\ud83c\uddfd - H. Ayuntamiento de Chilpancingo de los Bravo","og_description":"El presidente municipal, Dr. Gustavo Alarc\u00f3n Herrera, encabez\u00f3 este acto c\u00edvico en compa\u00f1\u00eda de integrantes del Cabildo y ciudadan\u00eda, recordando el legado de honor, justicia y respeto que distingui\u00f3 a [&hellip;]","og_url":"https:\/\/chilpancingo.gob.mx\/portal\/gobierno\/esta-manana-se-llevo-a-cabo-la-conmemoracion-del-aniversario-luctuoso-de-nicolas-bravo-\ud83c\uddf2\ud83c\uddfd\/","og_site_name":"H. Ayuntamiento de Chilpancingo de los Bravo","article_publisher":"https:\/\/www.facebook.com\/AyuntamientodeChilpancingo","article_modified_time":"2026-04-30T18:36:15+00:00","og_image":[{"width":1600,"height":1070,"url":"https:\/\/chilpancingo.gob.mx\/portal\/wp-content\/uploads\/2026\/04\/677859181_122198905070551875_8589383465563937510_n.jpg","type":"image\/jpeg"}],"twitter_card":"summary_large_image","twitter_site":"@otilia_norma","schema":{"@context":"https:\/\/schema.org","@graph":[{"@type":"WebPage","@id":"https:\/\/chilpancingo.gob.mx\/portal\/gobierno\/esta-manana-se-llevo-a-cabo-la-conmemoracion-del-aniversario-luctuoso-de-nicolas-bravo-%f0%9f%87%b2%f0%9f%87%bd\/","url":"https:\/\/chilpancingo.gob.mx\/portal\/gobierno\/esta-manana-se-llevo-a-cabo-la-conmemoracion-del-aniversario-luctuoso-de-nicolas-bravo-%f0%9f%87%b2%f0%9f%87%bd\/","name":"Esta ma\u00f1ana se llev\u00f3 a cabo la conmemoraci\u00f3n del aniversario luctuoso de Nicol\u00e1s Bravo \ud83c\uddf2\ud83c\uddfd - H. Ayuntamiento de Chilpancingo de los Bravo","isPartOf":{"@id":"https:\/\/chilpancingo.gob.mx\/portal\/#website"},"primaryImageOfPage":{"@id":"https:\/\/chilpancingo.gob.mx\/portal\/gobierno\/esta-manana-se-llevo-a-cabo-la-conmemoracion-del-aniversario-luctuoso-de-nicolas-bravo-%f0%9f%87%b2%f0%9f%87%bd\/#primaryimage"},"image":{"@id":"https:\/\/chilpancingo.gob.mx\/portal\/gobierno\/esta-manana-se-llevo-a-cabo-la-conmemoracion-del-aniversario-luctuoso-de-nicolas-bravo-%f0%9f%87%b2%f0%9f%87%bd\/#primaryimage"},"thumbnailUrl":"https:\/\/chilpancingo.gob.mx\/portal\/wp-content\/uploads\/2026\/04\/677859181_122198905070551875_8589383465563937510_n.jpg","datePublished":"2026-04-22T18:21:43+00:00","dateModified":"2026-04-30T18:36:15+00:00","breadcrumb":{"@id":"https:\/\/chilpancingo.gob.mx\/portal\/gobierno\/esta-manana-se-llevo-a-cabo-la-conmemoracion-del-aniversario-luctuoso-de-nicolas-bravo-%f0%9f%87%b2%f0%9f%87%bd\/#breadcrumb"},"inLanguage":"es","potentialAction":[{"@type":"ReadAction","target":["https:\/\/chilpancingo.gob.mx\/portal\/gobierno\/esta-manana-se-llevo-a-cabo-la-conmemoracion-del-aniversario-luctuoso-de-nicolas-bravo-%f0%9f%87%b2%f0%9f%87%bd\/"]}]},{"@type":"ImageObject","inLanguage":"es","@id":"https:\/\/chilpancingo.gob.mx\/portal\/gobierno\/esta-manana-se-llevo-a-cabo-la-conmemoracion-del-aniversario-luctuoso-de-nicolas-bravo-%f0%9f%87%b2%f0%9f%87%bd\/#primaryimage","url":"https:\/\/chilpancingo.gob.mx\/portal\/wp-content\/uploads\/2026\/04\/677859181_122198905070551875_8589383465563937510_n.jpg","contentUrl":"https:\/\/chilpancingo.gob.mx\/portal\/wp-content\/uploads\/2026\/04\/677859181_122198905070551875_8589383465563937510_n.jpg","width":1200,"height":803},{"@type":"BreadcrumbList","@id":"https:\/\/chilpancingo.gob.mx\/portal\/gobierno\/esta-manana-se-llevo-a-cabo-la-conmemoracion-del-aniversario-luctuoso-de-nicolas-bravo-%f0%9f%87%b2%f0%9f%87%bd\/#breadcrumb","itemListElement":[{"@type":"ListItem","position":1,"name":"Inicio","item":"https:\/\/chilpancingo.gob.mx\/portal\/"},{"@type":"ListItem","position":2,"name":"Esta ma\u00f1ana se llev\u00f3 a cabo la conmemoraci\u00f3n del aniversario luctuoso de Nicol\u00e1s Bravo \ud83c\uddf2\ud83c\uddfd"}]},{"@type":"WebSite","@id":"https:\/\/chilpancingo.gob.mx\/portal\/#website","url":"https:\/\/chilpancingo.gob.mx\/portal\/","name":"H. Ayuntamiento de Chilpancingo de los Bravo","description":"Chilpancingo de los Bravo  2024 - 2027","publisher":{"@id":"https:\/\/chilpancingo.gob.mx\/portal\/#organization"},"potentialAction":[{"@type":"SearchAction","target":{"@type":"EntryPoint","urlTemplate":"https:\/\/chilpancingo.gob.mx\/portal\/?s={search_term_string}"},"query-input":{"@type":"PropertyValueSpecification","valueRequired":true,"valueName":"search_term_string"}}],"inLanguage":"es"},{"@type":"Organization","@id":"https:\/\/chilpancingo.gob.mx\/portal\/#organization","name":"Municipio de Chilpancingo de los Bravo","url":"https:\/\/chilpancingo.gob.mx\/portal\/","logo":{"@type":"ImageObject","inLanguage":"es","@id":"https:\/\/chilpancingo.gob.mx\/portal\/#\/schema\/logo\/image\/","url":"https:\/\/chilpancingo.gob.mx\/portal\/wp-content\/uploads\/2021\/09\/Logo-Oficial-Capital-de-cultura-y-progreso.png","contentUrl":"https:\/\/chilpancingo.gob.mx\/portal\/wp-content\/uploads\/2021\/09\/Logo-Oficial-Capital-de-cultura-y-progreso.png","width":1200,"height":623,"caption":"Municipio de Chilpancingo de los Bravo"},"image":{"@id":"https:\/\/chilpancingo.gob.mx\/portal\/#\/schema\/logo\/image\/"},"sameAs":["https:\/\/www.facebook.com\/AyuntamientodeChilpancingo","https:\/\/x.com\/otilia_norma"]}]}},"_links":{"self":[{"href":"https:\/\/chilpancingo.gob.mx\/portal\/wp-json\/wp\/v2\/gobierno\/21222","targetHints":{"allow":["GET"]}}],"collection":[{"href":"https:\/\/chilpancingo.gob.mx\/portal\/wp-json\/wp\/v2\/gobierno"}],"about":[{"href":"https:\/\/chilpancingo.gob.mx\/portal\/wp-json\/wp\/v2\/types\/gobierno"}],"wp:featuredmedia":[{"embeddable":true,"href":"https:\/\/chilpancingo.gob.mx\/portal\/wp-json\/wp\/v2\/media\/21255"}],"wp:attachment":[{"href":"https:\/\/chilpancingo.gob.mx\/portal\/wp-json\/wp\/v2\/media?parent=21222"}],"wp:term":[{"taxonomy":"category","embeddable":true,"href":"https:\/\/chilpancingo.gob.mx\/portal\/wp-json\/wp\/v2\/categories?post=21222"}],"curies":[{"name":"wp","href":"https:\/\/api.w.org\/{rel}","templated":true}]}}