{"id":21261,"date":"2026-04-22T12:36:41","date_gmt":"2026-04-22T18:36:41","guid":{"rendered":"https:\/\/chilpancingo.gob.mx\/portal\/?post_type=gobierno&#038;p=21261"},"modified":"2026-04-30T12:41:32","modified_gmt":"2026-04-30T18:41:32","slug":"toma-de-protesta-a-la-lic-viviana-morales-gonzalez-como-nueva-oficial","status":"publish","type":"gobierno","link":"https:\/\/chilpancingo.gob.mx\/portal\/gobierno\/toma-de-protesta-a-la-lic-viviana-morales-gonzalez-como-nueva-oficial\/","title":{"rendered":"Toma de protesta a la Lic. Viviana Morales Gonz\u00e1lez como nueva oficial"},"content":{"rendered":"\n<p>En Chilpancingo de los Bravo la gente necesita tr\u00e1mites claros y sin retrasos<br>El Gobierno Municipal tom\u00f3 protesta a la Lic. Viviana Morales Gonz\u00e1lez como nueva oficial<br>Se fortalece la atenci\u00f3n y los servicios legales b\u00e1sicos<br>Hoy hay mayor certeza en registros de nacimiento, matrimonio y defunci\u00f3n<br>Es orden institucional con servicios al d\u00eda para la ciudadan\u00eda<br>Chilpancingo de los Bravo mejora con servicios confiables \u2705<\/p>\n\n\n\n<h1 class=\"wp-block-heading\">UnidosChilpancingoRenace<\/h1>\n\n\n\n<figure class=\"wp-block-gallery has-nested-images columns-default is-cropped wp-block-gallery-1 is-layout-flex wp-block-gallery-is-layout-flex\">\n<figure class=\"wp-block-image size-large\"><img fetchpriority=\"high\" decoding=\"async\" width=\"590\" height=\"394\" data-id=\"21271\" src=\"https:\/\/chilpancingo.gob.mx\/portal\/wp-content\/uploads\/2026\/04\/679130070_122198929214551875_1180930091014370095_n.jpg\" alt=\"\" class=\"wp-image-21271\" srcset=\"https:\/\/chilpancingo.gob.mx\/portal\/wp-content\/uploads\/2026\/04\/679130070_122198929214551875_1180930091014370095_n.jpg 590w, https:\/\/chilpancingo.gob.mx\/portal\/wp-content\/uploads\/2026\/04\/679130070_122198929214551875_1180930091014370095_n-300x200.jpg 300w\" sizes=\"(max-width: 590px) 100vw, 590px\" \/><\/figure>\n\n\n\n<figure class=\"wp-block-image size-large\"><img decoding=\"async\" width=\"590\" height=\"395\" data-id=\"21272\" src=\"https:\/\/chilpancingo.gob.mx\/portal\/wp-content\/uploads\/2026\/04\/679745521_122198927228551875_364724126874531664_n.jpg\" alt=\"\" class=\"wp-image-21272\" srcset=\"https:\/\/chilpancingo.gob.mx\/portal\/wp-content\/uploads\/2026\/04\/679745521_122198927228551875_364724126874531664_n.jpg 590w, https:\/\/chilpancingo.gob.mx\/portal\/wp-content\/uploads\/2026\/04\/679745521_122198927228551875_364724126874531664_n-300x201.jpg 300w\" sizes=\"(max-width: 590px) 100vw, 590px\" \/><\/figure>\n<\/figure>\n","protected":false},"featured_media":21271,"template":"","categories":[],"class_list":["post-21261","gobierno","type-gobierno","status-publish","has-post-thumbnail","hentry"],"yoast_head":"<!-- This site is optimized with the Yoast SEO plugin v23.8 - https:\/\/yoast.com\/wordpress\/plugins\/seo\/ -->\n<title>Toma de protesta a la Lic. Viviana Morales Gonz\u00e1lez como nueva oficial - H. Ayuntamiento de Chilpancingo de los Bravo<\/title>\n<meta name=\"robots\" content=\"index, follow, max-snippet:-1, max-image-preview:large, max-video-preview:-1\" \/>\n<link rel=\"canonical\" href=\"https:\/\/chilpancingo.gob.mx\/portal\/gobierno\/toma-de-protesta-a-la-lic-viviana-morales-gonzalez-como-nueva-oficial\/\" \/>\n<meta property=\"og:locale\" content=\"es_MX\" \/>\n<meta property=\"og:type\" content=\"article\" \/>\n<meta property=\"og:title\" content=\"Toma de protesta a la Lic. Viviana Morales Gonz\u00e1lez como nueva oficial - H. Ayuntamiento de Chilpancingo de los Bravo\" \/>\n<meta property=\"og:description\" content=\"En Chilpancingo de los Bravo la gente necesita tr\u00e1mites claros y sin retrasosEl Gobierno Municipal tom\u00f3 protesta a la Lic. Viviana Morales Gonz\u00e1lez como nueva oficialSe fortalece la atenci\u00f3n y [&hellip;]\" \/>\n<meta property=\"og:url\" content=\"https:\/\/chilpancingo.gob.mx\/portal\/gobierno\/toma-de-protesta-a-la-lic-viviana-morales-gonzalez-como-nueva-oficial\/\" \/>\n<meta property=\"og:site_name\" content=\"H. Ayuntamiento de Chilpancingo de los Bravo\" \/>\n<meta property=\"article:publisher\" content=\"https:\/\/www.facebook.com\/AyuntamientodeChilpancingo\" \/>\n<meta property=\"article:modified_time\" content=\"2026-04-30T18:41:32+00:00\" \/>\n<meta property=\"og:image\" content=\"https:\/\/chilpancingo.gob.mx\/portal\/wp-content\/uploads\/2026\/04\/679130070_122198929214551875_1180930091014370095_n.jpg\" \/>\n\t<meta property=\"og:image:width\" content=\"590\" \/>\n\t<meta property=\"og:image:height\" content=\"394\" \/>\n\t<meta property=\"og:image:type\" content=\"image\/jpeg\" \/>\n<meta name=\"twitter:card\" content=\"summary_large_image\" \/>\n<meta name=\"twitter:site\" content=\"@otilia_norma\" \/>\n<script type=\"application\/ld+json\" class=\"yoast-schema-graph\">{\"@context\":\"https:\/\/schema.org\",\"@graph\":[{\"@type\":\"WebPage\",\"@id\":\"https:\/\/chilpancingo.gob.mx\/portal\/gobierno\/toma-de-protesta-a-la-lic-viviana-morales-gonzalez-como-nueva-oficial\/\",\"url\":\"https:\/\/chilpancingo.gob.mx\/portal\/gobierno\/toma-de-protesta-a-la-lic-viviana-morales-gonzalez-como-nueva-oficial\/\",\"name\":\"Toma de protesta a la Lic. Viviana Morales Gonz\u00e1lez como nueva oficial - H. Ayuntamiento de Chilpancingo de los Bravo\",\"isPartOf\":{\"@id\":\"https:\/\/chilpancingo.gob.mx\/portal\/#website\"},\"primaryImageOfPage\":{\"@id\":\"https:\/\/chilpancingo.gob.mx\/portal\/gobierno\/toma-de-protesta-a-la-lic-viviana-morales-gonzalez-como-nueva-oficial\/#primaryimage\"},\"image\":{\"@id\":\"https:\/\/chilpancingo.gob.mx\/portal\/gobierno\/toma-de-protesta-a-la-lic-viviana-morales-gonzalez-como-nueva-oficial\/#primaryimage\"},\"thumbnailUrl\":\"https:\/\/chilpancingo.gob.mx\/portal\/wp-content\/uploads\/2026\/04\/679130070_122198929214551875_1180930091014370095_n.jpg\",\"datePublished\":\"2026-04-22T18:36:41+00:00\",\"dateModified\":\"2026-04-30T18:41:32+00:00\",\"breadcrumb\":{\"@id\":\"https:\/\/chilpancingo.gob.mx\/portal\/gobierno\/toma-de-protesta-a-la-lic-viviana-morales-gonzalez-como-nueva-oficial\/#breadcrumb\"},\"inLanguage\":\"es\",\"potentialAction\":[{\"@type\":\"ReadAction\",\"target\":[\"https:\/\/chilpancingo.gob.mx\/portal\/gobierno\/toma-de-protesta-a-la-lic-viviana-morales-gonzalez-como-nueva-oficial\/\"]}]},{\"@type\":\"ImageObject\",\"inLanguage\":\"es\",\"@id\":\"https:\/\/chilpancingo.gob.mx\/portal\/gobierno\/toma-de-protesta-a-la-lic-viviana-morales-gonzalez-como-nueva-oficial\/#primaryimage\",\"url\":\"https:\/\/chilpancingo.gob.mx\/portal\/wp-content\/uploads\/2026\/04\/679130070_122198929214551875_1180930091014370095_n.jpg\",\"contentUrl\":\"https:\/\/chilpancingo.gob.mx\/portal\/wp-content\/uploads\/2026\/04\/679130070_122198929214551875_1180930091014370095_n.jpg\",\"width\":590,\"height\":394},{\"@type\":\"BreadcrumbList\",\"@id\":\"https:\/\/chilpancingo.gob.mx\/portal\/gobierno\/toma-de-protesta-a-la-lic-viviana-morales-gonzalez-como-nueva-oficial\/#breadcrumb\",\"itemListElement\":[{\"@type\":\"ListItem\",\"position\":1,\"name\":\"Inicio\",\"item\":\"https:\/\/chilpancingo.gob.mx\/portal\/\"},{\"@type\":\"ListItem\",\"position\":2,\"name\":\"Toma de protesta a la Lic. Viviana Morales Gonz\u00e1lez como nueva oficial\"}]},{\"@type\":\"WebSite\",\"@id\":\"https:\/\/chilpancingo.gob.mx\/portal\/#website\",\"url\":\"https:\/\/chilpancingo.gob.mx\/portal\/\",\"name\":\"H. Ayuntamiento de Chilpancingo de los Bravo\",\"description\":\"Chilpancingo de los Bravo  2024 - 2027\",\"publisher\":{\"@id\":\"https:\/\/chilpancingo.gob.mx\/portal\/#organization\"},\"potentialAction\":[{\"@type\":\"SearchAction\",\"target\":{\"@type\":\"EntryPoint\",\"urlTemplate\":\"https:\/\/chilpancingo.gob.mx\/portal\/?s={search_term_string}\"},\"query-input\":{\"@type\":\"PropertyValueSpecification\",\"valueRequired\":true,\"valueName\":\"search_term_string\"}}],\"inLanguage\":\"es\"},{\"@type\":\"Organization\",\"@id\":\"https:\/\/chilpancingo.gob.mx\/portal\/#organization\",\"name\":\"Municipio de Chilpancingo de los Bravo\",\"url\":\"https:\/\/chilpancingo.gob.mx\/portal\/\",\"logo\":{\"@type\":\"ImageObject\",\"inLanguage\":\"es\",\"@id\":\"https:\/\/chilpancingo.gob.mx\/portal\/#\/schema\/logo\/image\/\",\"url\":\"https:\/\/chilpancingo.gob.mx\/portal\/wp-content\/uploads\/2021\/09\/Logo-Oficial-Capital-de-cultura-y-progreso.png\",\"contentUrl\":\"https:\/\/chilpancingo.gob.mx\/portal\/wp-content\/uploads\/2021\/09\/Logo-Oficial-Capital-de-cultura-y-progreso.png\",\"width\":1200,\"height\":623,\"caption\":\"Municipio de Chilpancingo de los Bravo\"},\"image\":{\"@id\":\"https:\/\/chilpancingo.gob.mx\/portal\/#\/schema\/logo\/image\/\"},\"sameAs\":[\"https:\/\/www.facebook.com\/AyuntamientodeChilpancingo\",\"https:\/\/x.com\/otilia_norma\"]}]}<\/script>\n<!-- \/ Yoast SEO plugin. -->","yoast_head_json":{"title":"Toma de protesta a la Lic. Viviana Morales Gonz\u00e1lez como nueva oficial - H. Ayuntamiento de Chilpancingo de los Bravo","robots":{"index":"index","follow":"follow","max-snippet":"max-snippet:-1","max-image-preview":"max-image-preview:large","max-video-preview":"max-video-preview:-1"},"canonical":"https:\/\/chilpancingo.gob.mx\/portal\/gobierno\/toma-de-protesta-a-la-lic-viviana-morales-gonzalez-como-nueva-oficial\/","og_locale":"es_MX","og_type":"article","og_title":"Toma de protesta a la Lic. Viviana Morales Gonz\u00e1lez como nueva oficial - H. Ayuntamiento de Chilpancingo de los Bravo","og_description":"En Chilpancingo de los Bravo la gente necesita tr\u00e1mites claros y sin retrasosEl Gobierno Municipal tom\u00f3 protesta a la Lic. Viviana Morales Gonz\u00e1lez como nueva oficialSe fortalece la atenci\u00f3n y [&hellip;]","og_url":"https:\/\/chilpancingo.gob.mx\/portal\/gobierno\/toma-de-protesta-a-la-lic-viviana-morales-gonzalez-como-nueva-oficial\/","og_site_name":"H. Ayuntamiento de Chilpancingo de los Bravo","article_publisher":"https:\/\/www.facebook.com\/AyuntamientodeChilpancingo","article_modified_time":"2026-04-30T18:41:32+00:00","og_image":[{"width":590,"height":394,"url":"https:\/\/chilpancingo.gob.mx\/portal\/wp-content\/uploads\/2026\/04\/679130070_122198929214551875_1180930091014370095_n.jpg","type":"image\/jpeg"}],"twitter_card":"summary_large_image","twitter_site":"@otilia_norma","schema":{"@context":"https:\/\/schema.org","@graph":[{"@type":"WebPage","@id":"https:\/\/chilpancingo.gob.mx\/portal\/gobierno\/toma-de-protesta-a-la-lic-viviana-morales-gonzalez-como-nueva-oficial\/","url":"https:\/\/chilpancingo.gob.mx\/portal\/gobierno\/toma-de-protesta-a-la-lic-viviana-morales-gonzalez-como-nueva-oficial\/","name":"Toma de protesta a la Lic. Viviana Morales Gonz\u00e1lez como nueva oficial - H. Ayuntamiento de Chilpancingo de los Bravo","isPartOf":{"@id":"https:\/\/chilpancingo.gob.mx\/portal\/#website"},"primaryImageOfPage":{"@id":"https:\/\/chilpancingo.gob.mx\/portal\/gobierno\/toma-de-protesta-a-la-lic-viviana-morales-gonzalez-como-nueva-oficial\/#primaryimage"},"image":{"@id":"https:\/\/chilpancingo.gob.mx\/portal\/gobierno\/toma-de-protesta-a-la-lic-viviana-morales-gonzalez-como-nueva-oficial\/#primaryimage"},"thumbnailUrl":"https:\/\/chilpancingo.gob.mx\/portal\/wp-content\/uploads\/2026\/04\/679130070_122198929214551875_1180930091014370095_n.jpg","datePublished":"2026-04-22T18:36:41+00:00","dateModified":"2026-04-30T18:41:32+00:00","breadcrumb":{"@id":"https:\/\/chilpancingo.gob.mx\/portal\/gobierno\/toma-de-protesta-a-la-lic-viviana-morales-gonzalez-como-nueva-oficial\/#breadcrumb"},"inLanguage":"es","potentialAction":[{"@type":"ReadAction","target":["https:\/\/chilpancingo.gob.mx\/portal\/gobierno\/toma-de-protesta-a-la-lic-viviana-morales-gonzalez-como-nueva-oficial\/"]}]},{"@type":"ImageObject","inLanguage":"es","@id":"https:\/\/chilpancingo.gob.mx\/portal\/gobierno\/toma-de-protesta-a-la-lic-viviana-morales-gonzalez-como-nueva-oficial\/#primaryimage","url":"https:\/\/chilpancingo.gob.mx\/portal\/wp-content\/uploads\/2026\/04\/679130070_122198929214551875_1180930091014370095_n.jpg","contentUrl":"https:\/\/chilpancingo.gob.mx\/portal\/wp-content\/uploads\/2026\/04\/679130070_122198929214551875_1180930091014370095_n.jpg","width":590,"height":394},{"@type":"BreadcrumbList","@id":"https:\/\/chilpancingo.gob.mx\/portal\/gobierno\/toma-de-protesta-a-la-lic-viviana-morales-gonzalez-como-nueva-oficial\/#breadcrumb","itemListElement":[{"@type":"ListItem","position":1,"name":"Inicio","item":"https:\/\/chilpancingo.gob.mx\/portal\/"},{"@type":"ListItem","position":2,"name":"Toma de protesta a la Lic. Viviana Morales Gonz\u00e1lez como nueva oficial"}]},{"@type":"WebSite","@id":"https:\/\/chilpancingo.gob.mx\/portal\/#website","url":"https:\/\/chilpancingo.gob.mx\/portal\/","name":"H. Ayuntamiento de Chilpancingo de los Bravo","description":"Chilpancingo de los Bravo  2024 - 2027","publisher":{"@id":"https:\/\/chilpancingo.gob.mx\/portal\/#organization"},"potentialAction":[{"@type":"SearchAction","target":{"@type":"EntryPoint","urlTemplate":"https:\/\/chilpancingo.gob.mx\/portal\/?s={search_term_string}"},"query-input":{"@type":"PropertyValueSpecification","valueRequired":true,"valueName":"search_term_string"}}],"inLanguage":"es"},{"@type":"Organization","@id":"https:\/\/chilpancingo.gob.mx\/portal\/#organization","name":"Municipio de Chilpancingo de los Bravo","url":"https:\/\/chilpancingo.gob.mx\/portal\/","logo":{"@type":"ImageObject","inLanguage":"es","@id":"https:\/\/chilpancingo.gob.mx\/portal\/#\/schema\/logo\/image\/","url":"https:\/\/chilpancingo.gob.mx\/portal\/wp-content\/uploads\/2021\/09\/Logo-Oficial-Capital-de-cultura-y-progreso.png","contentUrl":"https:\/\/chilpancingo.gob.mx\/portal\/wp-content\/uploads\/2021\/09\/Logo-Oficial-Capital-de-cultura-y-progreso.png","width":1200,"height":623,"caption":"Municipio de Chilpancingo de los Bravo"},"image":{"@id":"https:\/\/chilpancingo.gob.mx\/portal\/#\/schema\/logo\/image\/"},"sameAs":["https:\/\/www.facebook.com\/AyuntamientodeChilpancingo","https:\/\/x.com\/otilia_norma"]}]}},"_links":{"self":[{"href":"https:\/\/chilpancingo.gob.mx\/portal\/wp-json\/wp\/v2\/gobierno\/21261","targetHints":{"allow":["GET"]}}],"collection":[{"href":"https:\/\/chilpancingo.gob.mx\/portal\/wp-json\/wp\/v2\/gobierno"}],"about":[{"href":"https:\/\/chilpancingo.gob.mx\/portal\/wp-json\/wp\/v2\/types\/gobierno"}],"wp:featuredmedia":[{"embeddable":true,"href":"https:\/\/chilpancingo.gob.mx\/portal\/wp-json\/wp\/v2\/media\/21271"}],"wp:attachment":[{"href":"https:\/\/chilpancingo.gob.mx\/portal\/wp-json\/wp\/v2\/media?parent=21261"}],"wp:term":[{"taxonomy":"category","embeddable":true,"href":"https:\/\/chilpancingo.gob.mx\/portal\/wp-json\/wp\/v2\/categories?post=21261"}],"curies":[{"name":"wp","href":"https:\/\/api.w.org\/{rel}","templated":true}]}}