{"id":21364,"date":"2026-04-29T13:10:03","date_gmt":"2026-04-29T19:10:03","guid":{"rendered":"https:\/\/chilpancingo.gob.mx\/portal\/?post_type=gobierno&#038;p=21364"},"modified":"2026-04-30T13:42:54","modified_gmt":"2026-04-30T19:42:54","slug":"cuidar-a-los-animales-tambien-es-cuidar-chilpancingo-%f0%9f%90%be","status":"publish","type":"gobierno","link":"https:\/\/chilpancingo.gob.mx\/portal\/gobierno\/cuidar-a-los-animales-tambien-es-cuidar-chilpancingo-%f0%9f%90%be\/","title":{"rendered":"Cuidar a los animales tambi\u00e9n es cuidar Chilpancingo \ud83d\udc3e"},"content":{"rendered":"\n<p>El Gobierno Municipal realiz\u00f3 foro<br>para promover su cuidado y protecci\u00f3n<br>Se impulsan acciones claras<br>para atenci\u00f3n y tenencia responsable<br>Hoy hay m\u00e1s conciencia<br>y respeto por la vida animal<br>Es trabajo con sentido humano<br>y responsabilidad social real<br>Chilpancingo de los Bravo avanza protegiendo a los animales \u2705<\/p>\n\n\n\n<figure class=\"wp-block-gallery has-nested-images columns-default is-cropped wp-block-gallery-1 is-layout-flex wp-block-gallery-is-layout-flex\">\n<figure class=\"wp-block-image size-large\"><img fetchpriority=\"high\" decoding=\"async\" width=\"1024\" height=\"683\" data-id=\"21511\" src=\"https:\/\/chilpancingo.gob.mx\/portal\/wp-content\/uploads\/2026\/04\/683000749_122199796058551875_1023205641675558014_n-1024x683.jpg\" alt=\"\" class=\"wp-image-21511\" srcset=\"https:\/\/chilpancingo.gob.mx\/portal\/wp-content\/uploads\/2026\/04\/683000749_122199796058551875_1023205641675558014_n-1024x683.jpg 1024w, https:\/\/chilpancingo.gob.mx\/portal\/wp-content\/uploads\/2026\/04\/683000749_122199796058551875_1023205641675558014_n-300x200.jpg 300w, https:\/\/chilpancingo.gob.mx\/portal\/wp-content\/uploads\/2026\/04\/683000749_122199796058551875_1023205641675558014_n-768x512.jpg 768w, https:\/\/chilpancingo.gob.mx\/portal\/wp-content\/uploads\/2026\/04\/683000749_122199796058551875_1023205641675558014_n-1536x1025.jpg 1536w, https:\/\/chilpancingo.gob.mx\/portal\/wp-content\/uploads\/2026\/04\/683000749_122199796058551875_1023205641675558014_n.jpg 2048w\" sizes=\"(max-width: 1024px) 100vw, 1024px\" \/><\/figure>\n\n\n\n<figure class=\"wp-block-image size-large\"><img decoding=\"async\" width=\"1024\" height=\"683\" data-id=\"21510\" src=\"https:\/\/chilpancingo.gob.mx\/portal\/wp-content\/uploads\/2026\/04\/684208684_122199796016551875_8683827489502443384_n-1024x683.jpg\" alt=\"\" class=\"wp-image-21510\" srcset=\"https:\/\/chilpancingo.gob.mx\/portal\/wp-content\/uploads\/2026\/04\/684208684_122199796016551875_8683827489502443384_n-1024x683.jpg 1024w, https:\/\/chilpancingo.gob.mx\/portal\/wp-content\/uploads\/2026\/04\/684208684_122199796016551875_8683827489502443384_n-300x200.jpg 300w, https:\/\/chilpancingo.gob.mx\/portal\/wp-content\/uploads\/2026\/04\/684208684_122199796016551875_8683827489502443384_n-768x512.jpg 768w, https:\/\/chilpancingo.gob.mx\/portal\/wp-content\/uploads\/2026\/04\/684208684_122199796016551875_8683827489502443384_n-1536x1025.jpg 1536w, https:\/\/chilpancingo.gob.mx\/portal\/wp-content\/uploads\/2026\/04\/684208684_122199796016551875_8683827489502443384_n.jpg 1200w\" sizes=\"(max-width: 1024px) 100vw, 1024px\" \/><\/figure>\n\n\n\n<figure class=\"wp-block-image size-large\"><img decoding=\"async\" width=\"1024\" height=\"683\" data-id=\"21512\" src=\"https:\/\/chilpancingo.gob.mx\/portal\/wp-content\/uploads\/2026\/04\/686991439_122199795974551875_351165757542143352_n-1024x683.jpg\" alt=\"\" class=\"wp-image-21512\" srcset=\"https:\/\/chilpancingo.gob.mx\/portal\/wp-content\/uploads\/2026\/04\/686991439_122199795974551875_351165757542143352_n-1024x683.jpg 1024w, https:\/\/chilpancingo.gob.mx\/portal\/wp-content\/uploads\/2026\/04\/686991439_122199795974551875_351165757542143352_n-300x200.jpg 300w, https:\/\/chilpancingo.gob.mx\/portal\/wp-content\/uploads\/2026\/04\/686991439_122199795974551875_351165757542143352_n-768x512.jpg 768w, https:\/\/chilpancingo.gob.mx\/portal\/wp-content\/uploads\/2026\/04\/686991439_122199795974551875_351165757542143352_n-1536x1025.jpg 1536w, https:\/\/chilpancingo.gob.mx\/portal\/wp-content\/uploads\/2026\/04\/686991439_122199795974551875_351165757542143352_n.jpg 1200w\" sizes=\"(max-width: 1024px) 100vw, 1024px\" \/><\/figure>\n\n\n\n<figure class=\"wp-block-image size-large\"><img loading=\"lazy\" decoding=\"async\" width=\"590\" height=\"394\" data-id=\"21507\" src=\"https:\/\/chilpancingo.gob.mx\/portal\/wp-content\/uploads\/2026\/04\/685973761_122199795932551875_3817075439652021178_n.jpg\" alt=\"\" class=\"wp-image-21507\" srcset=\"https:\/\/chilpancingo.gob.mx\/portal\/wp-content\/uploads\/2026\/04\/685973761_122199795932551875_3817075439652021178_n.jpg 590w, https:\/\/chilpancingo.gob.mx\/portal\/wp-content\/uploads\/2026\/04\/685973761_122199795932551875_3817075439652021178_n-300x200.jpg 300w\" sizes=\"(max-width: 590px) 100vw, 590px\" \/><\/figure>\n\n\n\n<figure class=\"wp-block-image size-large\"><img loading=\"lazy\" decoding=\"async\" width=\"590\" height=\"393\" data-id=\"21509\" src=\"https:\/\/chilpancingo.gob.mx\/portal\/wp-content\/uploads\/2026\/04\/685116333_122199795848551875_5715026832205027852_n.jpg\" alt=\"\" class=\"wp-image-21509\" srcset=\"https:\/\/chilpancingo.gob.mx\/portal\/wp-content\/uploads\/2026\/04\/685116333_122199795848551875_5715026832205027852_n.jpg 590w, https:\/\/chilpancingo.gob.mx\/portal\/wp-content\/uploads\/2026\/04\/685116333_122199795848551875_5715026832205027852_n-300x200.jpg 300w\" sizes=\"(max-width: 590px) 100vw, 590px\" \/><\/figure>\n\n\n\n<figure class=\"wp-block-image size-large\"><img loading=\"lazy\" decoding=\"async\" width=\"590\" height=\"394\" data-id=\"21513\" src=\"https:\/\/chilpancingo.gob.mx\/portal\/wp-content\/uploads\/2026\/04\/684157186_122199795890551875_7745676607154181015_n.jpg\" alt=\"\" class=\"wp-image-21513\" srcset=\"https:\/\/chilpancingo.gob.mx\/portal\/wp-content\/uploads\/2026\/04\/684157186_122199795890551875_7745676607154181015_n.jpg 590w, https:\/\/chilpancingo.gob.mx\/portal\/wp-content\/uploads\/2026\/04\/684157186_122199795890551875_7745676607154181015_n-300x200.jpg 300w\" sizes=\"(max-width: 590px) 100vw, 590px\" \/><\/figure>\n\n\n\n<figure class=\"wp-block-image size-large\"><img loading=\"lazy\" decoding=\"async\" width=\"590\" height=\"394\" data-id=\"21508\" src=\"https:\/\/chilpancingo.gob.mx\/portal\/wp-content\/uploads\/2026\/04\/686413991_122199795806551875_7798683874202336510_n.jpg\" alt=\"\" class=\"wp-image-21508\" srcset=\"https:\/\/chilpancingo.gob.mx\/portal\/wp-content\/uploads\/2026\/04\/686413991_122199795806551875_7798683874202336510_n.jpg 590w, https:\/\/chilpancingo.gob.mx\/portal\/wp-content\/uploads\/2026\/04\/686413991_122199795806551875_7798683874202336510_n-300x200.jpg 300w\" sizes=\"(max-width: 590px) 100vw, 590px\" \/><\/figure>\n<\/figure>\n","protected":false},"featured_media":21511,"template":"","categories":[],"class_list":["post-21364","gobierno","type-gobierno","status-publish","has-post-thumbnail","hentry"],"yoast_head":"<!-- This site is optimized with the Yoast SEO plugin v23.8 - https:\/\/yoast.com\/wordpress\/plugins\/seo\/ -->\n<title>Cuidar a los animales tambi\u00e9n es cuidar Chilpancingo \ud83d\udc3e - H. Ayuntamiento de Chilpancingo de los Bravo<\/title>\n<meta name=\"robots\" content=\"index, follow, max-snippet:-1, max-image-preview:large, max-video-preview:-1\" \/>\n<link rel=\"canonical\" href=\"https:\/\/chilpancingo.gob.mx\/portal\/gobierno\/cuidar-a-los-animales-tambien-es-cuidar-chilpancingo-\ud83d\udc3e\/\" \/>\n<meta property=\"og:locale\" content=\"es_MX\" \/>\n<meta property=\"og:type\" content=\"article\" \/>\n<meta property=\"og:title\" content=\"Cuidar a los animales tambi\u00e9n es cuidar Chilpancingo \ud83d\udc3e - H. Ayuntamiento de Chilpancingo de los Bravo\" \/>\n<meta property=\"og:description\" content=\"El Gobierno Municipal realiz\u00f3 foropara promover su cuidado y protecci\u00f3nSe impulsan acciones claraspara atenci\u00f3n y tenencia responsableHoy hay m\u00e1s concienciay respeto por la vida animalEs trabajo con sentido humanoy responsabilidad [&hellip;]\" \/>\n<meta property=\"og:url\" content=\"https:\/\/chilpancingo.gob.mx\/portal\/gobierno\/cuidar-a-los-animales-tambien-es-cuidar-chilpancingo-\ud83d\udc3e\/\" \/>\n<meta property=\"og:site_name\" content=\"H. Ayuntamiento de Chilpancingo de los Bravo\" \/>\n<meta property=\"article:publisher\" content=\"https:\/\/www.facebook.com\/AyuntamientodeChilpancingo\" \/>\n<meta property=\"article:modified_time\" content=\"2026-04-30T19:42:54+00:00\" \/>\n<meta property=\"og:image\" content=\"https:\/\/chilpancingo.gob.mx\/portal\/wp-content\/uploads\/2026\/04\/683000749_122199796058551875_1023205641675558014_n.jpg\" \/>\n\t<meta property=\"og:image:width\" content=\"2048\" \/>\n\t<meta property=\"og:image:height\" content=\"1366\" \/>\n\t<meta property=\"og:image:type\" content=\"image\/jpeg\" \/>\n<meta name=\"twitter:card\" content=\"summary_large_image\" \/>\n<meta name=\"twitter:site\" content=\"@otilia_norma\" \/>\n<script type=\"application\/ld+json\" class=\"yoast-schema-graph\">{\"@context\":\"https:\/\/schema.org\",\"@graph\":[{\"@type\":\"WebPage\",\"@id\":\"https:\/\/chilpancingo.gob.mx\/portal\/gobierno\/cuidar-a-los-animales-tambien-es-cuidar-chilpancingo-%f0%9f%90%be\/\",\"url\":\"https:\/\/chilpancingo.gob.mx\/portal\/gobierno\/cuidar-a-los-animales-tambien-es-cuidar-chilpancingo-%f0%9f%90%be\/\",\"name\":\"Cuidar a los animales tambi\u00e9n es cuidar Chilpancingo \ud83d\udc3e - H. Ayuntamiento de Chilpancingo de los Bravo\",\"isPartOf\":{\"@id\":\"https:\/\/chilpancingo.gob.mx\/portal\/#website\"},\"primaryImageOfPage\":{\"@id\":\"https:\/\/chilpancingo.gob.mx\/portal\/gobierno\/cuidar-a-los-animales-tambien-es-cuidar-chilpancingo-%f0%9f%90%be\/#primaryimage\"},\"image\":{\"@id\":\"https:\/\/chilpancingo.gob.mx\/portal\/gobierno\/cuidar-a-los-animales-tambien-es-cuidar-chilpancingo-%f0%9f%90%be\/#primaryimage\"},\"thumbnailUrl\":\"https:\/\/chilpancingo.gob.mx\/portal\/wp-content\/uploads\/2026\/04\/683000749_122199796058551875_1023205641675558014_n.jpg\",\"datePublished\":\"2026-04-29T19:10:03+00:00\",\"dateModified\":\"2026-04-30T19:42:54+00:00\",\"breadcrumb\":{\"@id\":\"https:\/\/chilpancingo.gob.mx\/portal\/gobierno\/cuidar-a-los-animales-tambien-es-cuidar-chilpancingo-%f0%9f%90%be\/#breadcrumb\"},\"inLanguage\":\"es\",\"potentialAction\":[{\"@type\":\"ReadAction\",\"target\":[\"https:\/\/chilpancingo.gob.mx\/portal\/gobierno\/cuidar-a-los-animales-tambien-es-cuidar-chilpancingo-%f0%9f%90%be\/\"]}]},{\"@type\":\"ImageObject\",\"inLanguage\":\"es\",\"@id\":\"https:\/\/chilpancingo.gob.mx\/portal\/gobierno\/cuidar-a-los-animales-tambien-es-cuidar-chilpancingo-%f0%9f%90%be\/#primaryimage\",\"url\":\"https:\/\/chilpancingo.gob.mx\/portal\/wp-content\/uploads\/2026\/04\/683000749_122199796058551875_1023205641675558014_n.jpg\",\"contentUrl\":\"https:\/\/chilpancingo.gob.mx\/portal\/wp-content\/uploads\/2026\/04\/683000749_122199796058551875_1023205641675558014_n.jpg\",\"width\":2048,\"height\":1366},{\"@type\":\"BreadcrumbList\",\"@id\":\"https:\/\/chilpancingo.gob.mx\/portal\/gobierno\/cuidar-a-los-animales-tambien-es-cuidar-chilpancingo-%f0%9f%90%be\/#breadcrumb\",\"itemListElement\":[{\"@type\":\"ListItem\",\"position\":1,\"name\":\"Inicio\",\"item\":\"https:\/\/chilpancingo.gob.mx\/portal\/\"},{\"@type\":\"ListItem\",\"position\":2,\"name\":\"Cuidar a los animales tambi\u00e9n es cuidar Chilpancingo \ud83d\udc3e\"}]},{\"@type\":\"WebSite\",\"@id\":\"https:\/\/chilpancingo.gob.mx\/portal\/#website\",\"url\":\"https:\/\/chilpancingo.gob.mx\/portal\/\",\"name\":\"H. Ayuntamiento de Chilpancingo de los Bravo\",\"description\":\"Chilpancingo de los Bravo  2024 - 2027\",\"publisher\":{\"@id\":\"https:\/\/chilpancingo.gob.mx\/portal\/#organization\"},\"potentialAction\":[{\"@type\":\"SearchAction\",\"target\":{\"@type\":\"EntryPoint\",\"urlTemplate\":\"https:\/\/chilpancingo.gob.mx\/portal\/?s={search_term_string}\"},\"query-input\":{\"@type\":\"PropertyValueSpecification\",\"valueRequired\":true,\"valueName\":\"search_term_string\"}}],\"inLanguage\":\"es\"},{\"@type\":\"Organization\",\"@id\":\"https:\/\/chilpancingo.gob.mx\/portal\/#organization\",\"name\":\"Municipio de Chilpancingo de los Bravo\",\"url\":\"https:\/\/chilpancingo.gob.mx\/portal\/\",\"logo\":{\"@type\":\"ImageObject\",\"inLanguage\":\"es\",\"@id\":\"https:\/\/chilpancingo.gob.mx\/portal\/#\/schema\/logo\/image\/\",\"url\":\"https:\/\/chilpancingo.gob.mx\/portal\/wp-content\/uploads\/2021\/09\/Logo-Oficial-Capital-de-cultura-y-progreso.png\",\"contentUrl\":\"https:\/\/chilpancingo.gob.mx\/portal\/wp-content\/uploads\/2021\/09\/Logo-Oficial-Capital-de-cultura-y-progreso.png\",\"width\":1200,\"height\":623,\"caption\":\"Municipio de Chilpancingo de los Bravo\"},\"image\":{\"@id\":\"https:\/\/chilpancingo.gob.mx\/portal\/#\/schema\/logo\/image\/\"},\"sameAs\":[\"https:\/\/www.facebook.com\/AyuntamientodeChilpancingo\",\"https:\/\/x.com\/otilia_norma\"]}]}<\/script>\n<!-- \/ Yoast SEO plugin. -->","yoast_head_json":{"title":"Cuidar a los animales tambi\u00e9n es cuidar Chilpancingo \ud83d\udc3e - H. Ayuntamiento de Chilpancingo de los Bravo","robots":{"index":"index","follow":"follow","max-snippet":"max-snippet:-1","max-image-preview":"max-image-preview:large","max-video-preview":"max-video-preview:-1"},"canonical":"https:\/\/chilpancingo.gob.mx\/portal\/gobierno\/cuidar-a-los-animales-tambien-es-cuidar-chilpancingo-\ud83d\udc3e\/","og_locale":"es_MX","og_type":"article","og_title":"Cuidar a los animales tambi\u00e9n es cuidar Chilpancingo \ud83d\udc3e - H. Ayuntamiento de Chilpancingo de los Bravo","og_description":"El Gobierno Municipal realiz\u00f3 foropara promover su cuidado y protecci\u00f3nSe impulsan acciones claraspara atenci\u00f3n y tenencia responsableHoy hay m\u00e1s concienciay respeto por la vida animalEs trabajo con sentido humanoy responsabilidad [&hellip;]","og_url":"https:\/\/chilpancingo.gob.mx\/portal\/gobierno\/cuidar-a-los-animales-tambien-es-cuidar-chilpancingo-\ud83d\udc3e\/","og_site_name":"H. Ayuntamiento de Chilpancingo de los Bravo","article_publisher":"https:\/\/www.facebook.com\/AyuntamientodeChilpancingo","article_modified_time":"2026-04-30T19:42:54+00:00","og_image":[{"width":2048,"height":1366,"url":"https:\/\/chilpancingo.gob.mx\/portal\/wp-content\/uploads\/2026\/04\/683000749_122199796058551875_1023205641675558014_n.jpg","type":"image\/jpeg"}],"twitter_card":"summary_large_image","twitter_site":"@otilia_norma","schema":{"@context":"https:\/\/schema.org","@graph":[{"@type":"WebPage","@id":"https:\/\/chilpancingo.gob.mx\/portal\/gobierno\/cuidar-a-los-animales-tambien-es-cuidar-chilpancingo-%f0%9f%90%be\/","url":"https:\/\/chilpancingo.gob.mx\/portal\/gobierno\/cuidar-a-los-animales-tambien-es-cuidar-chilpancingo-%f0%9f%90%be\/","name":"Cuidar a los animales tambi\u00e9n es cuidar Chilpancingo \ud83d\udc3e - H. Ayuntamiento de Chilpancingo de los Bravo","isPartOf":{"@id":"https:\/\/chilpancingo.gob.mx\/portal\/#website"},"primaryImageOfPage":{"@id":"https:\/\/chilpancingo.gob.mx\/portal\/gobierno\/cuidar-a-los-animales-tambien-es-cuidar-chilpancingo-%f0%9f%90%be\/#primaryimage"},"image":{"@id":"https:\/\/chilpancingo.gob.mx\/portal\/gobierno\/cuidar-a-los-animales-tambien-es-cuidar-chilpancingo-%f0%9f%90%be\/#primaryimage"},"thumbnailUrl":"https:\/\/chilpancingo.gob.mx\/portal\/wp-content\/uploads\/2026\/04\/683000749_122199796058551875_1023205641675558014_n.jpg","datePublished":"2026-04-29T19:10:03+00:00","dateModified":"2026-04-30T19:42:54+00:00","breadcrumb":{"@id":"https:\/\/chilpancingo.gob.mx\/portal\/gobierno\/cuidar-a-los-animales-tambien-es-cuidar-chilpancingo-%f0%9f%90%be\/#breadcrumb"},"inLanguage":"es","potentialAction":[{"@type":"ReadAction","target":["https:\/\/chilpancingo.gob.mx\/portal\/gobierno\/cuidar-a-los-animales-tambien-es-cuidar-chilpancingo-%f0%9f%90%be\/"]}]},{"@type":"ImageObject","inLanguage":"es","@id":"https:\/\/chilpancingo.gob.mx\/portal\/gobierno\/cuidar-a-los-animales-tambien-es-cuidar-chilpancingo-%f0%9f%90%be\/#primaryimage","url":"https:\/\/chilpancingo.gob.mx\/portal\/wp-content\/uploads\/2026\/04\/683000749_122199796058551875_1023205641675558014_n.jpg","contentUrl":"https:\/\/chilpancingo.gob.mx\/portal\/wp-content\/uploads\/2026\/04\/683000749_122199796058551875_1023205641675558014_n.jpg","width":2048,"height":1366},{"@type":"BreadcrumbList","@id":"https:\/\/chilpancingo.gob.mx\/portal\/gobierno\/cuidar-a-los-animales-tambien-es-cuidar-chilpancingo-%f0%9f%90%be\/#breadcrumb","itemListElement":[{"@type":"ListItem","position":1,"name":"Inicio","item":"https:\/\/chilpancingo.gob.mx\/portal\/"},{"@type":"ListItem","position":2,"name":"Cuidar a los animales tambi\u00e9n es cuidar Chilpancingo \ud83d\udc3e"}]},{"@type":"WebSite","@id":"https:\/\/chilpancingo.gob.mx\/portal\/#website","url":"https:\/\/chilpancingo.gob.mx\/portal\/","name":"H. Ayuntamiento de Chilpancingo de los Bravo","description":"Chilpancingo de los Bravo  2024 - 2027","publisher":{"@id":"https:\/\/chilpancingo.gob.mx\/portal\/#organization"},"potentialAction":[{"@type":"SearchAction","target":{"@type":"EntryPoint","urlTemplate":"https:\/\/chilpancingo.gob.mx\/portal\/?s={search_term_string}"},"query-input":{"@type":"PropertyValueSpecification","valueRequired":true,"valueName":"search_term_string"}}],"inLanguage":"es"},{"@type":"Organization","@id":"https:\/\/chilpancingo.gob.mx\/portal\/#organization","name":"Municipio de Chilpancingo de los Bravo","url":"https:\/\/chilpancingo.gob.mx\/portal\/","logo":{"@type":"ImageObject","inLanguage":"es","@id":"https:\/\/chilpancingo.gob.mx\/portal\/#\/schema\/logo\/image\/","url":"https:\/\/chilpancingo.gob.mx\/portal\/wp-content\/uploads\/2021\/09\/Logo-Oficial-Capital-de-cultura-y-progreso.png","contentUrl":"https:\/\/chilpancingo.gob.mx\/portal\/wp-content\/uploads\/2021\/09\/Logo-Oficial-Capital-de-cultura-y-progreso.png","width":1200,"height":623,"caption":"Municipio de Chilpancingo de los Bravo"},"image":{"@id":"https:\/\/chilpancingo.gob.mx\/portal\/#\/schema\/logo\/image\/"},"sameAs":["https:\/\/www.facebook.com\/AyuntamientodeChilpancingo","https:\/\/x.com\/otilia_norma"]}]}},"_links":{"self":[{"href":"https:\/\/chilpancingo.gob.mx\/portal\/wp-json\/wp\/v2\/gobierno\/21364","targetHints":{"allow":["GET"]}}],"collection":[{"href":"https:\/\/chilpancingo.gob.mx\/portal\/wp-json\/wp\/v2\/gobierno"}],"about":[{"href":"https:\/\/chilpancingo.gob.mx\/portal\/wp-json\/wp\/v2\/types\/gobierno"}],"wp:featuredmedia":[{"embeddable":true,"href":"https:\/\/chilpancingo.gob.mx\/portal\/wp-json\/wp\/v2\/media\/21511"}],"wp:attachment":[{"href":"https:\/\/chilpancingo.gob.mx\/portal\/wp-json\/wp\/v2\/media?parent=21364"}],"wp:term":[{"taxonomy":"category","embeddable":true,"href":"https:\/\/chilpancingo.gob.mx\/portal\/wp-json\/wp\/v2\/categories?post=21364"}],"curies":[{"name":"wp","href":"https:\/\/api.w.org\/{rel}","templated":true}]}}