{"id":22911,"date":"2026-08-28T23:27:44","date_gmt":"2026-08-29T05:27:44","guid":{"rendered":"https:\/\/chilpancingo.gob.mx\/portal\/?post_type=gobierno&#038;p=22911"},"modified":"2026-08-28T23:27:50","modified_gmt":"2026-08-29T05:27:50","slug":"%f0%9f%93%8b%f0%9f%8f%9b%ef%b8%8f-los-recursos-publicos-se-administran-de-frente-y-se-rinden-cuentas-sobre-ellos","status":"publish","type":"gobierno","link":"https:\/\/chilpancingo.gob.mx\/portal\/gobierno\/%f0%9f%93%8b%f0%9f%8f%9b%ef%b8%8f-los-recursos-publicos-se-administran-de-frente-y-se-rinden-cuentas-sobre-ellos\/","title":{"rendered":"\ud83d\udccb\ud83c\udfdb\ufe0f Los recursos p\u00fablicos se administran de frente y se rinden cuentas sobre ellos."},"content":{"rendered":"\n<p class=\"wp-block-paragraph\">El presidente municipal Dr. Gustavo Alarc\u00f3n Herrera particip\u00f3 en Acapulco en la apertura de las Auditor\u00edas Integrales a los Municipios de Guerrero, proceso de fiscalizaci\u00f3n en el que participan 37 municipios. \ud83e\udd1d<br>Este ejercicio permite revisar, prevenir y transparentar el manejo de los recursos p\u00fablicos desde el inicio, con responsabilidad y apego a la normatividad.<br>Para Chilpancingo, la transparencia no debe ser un discurso: debe estar presente en la manera de administrar y responderle a la ciudadan\u00eda. \ud83d\udc9a<br>UnidosChilpancingoRenace Chilpancingo<\/p>\n\n\n\n<figure class=\"wp-block-gallery has-nested-images columns-default is-cropped wp-block-gallery-1 is-layout-flex wp-block-gallery-is-layout-flex\">\n<figure class=\"wp-block-image size-large\"><img fetchpriority=\"high\" decoding=\"async\" width=\"1024\" height=\"683\" data-id=\"22934\" src=\"https:\/\/chilpancingo.gob.mx\/portal\/wp-content\/uploads\/2026\/08\/786971630_122213446040551875_2061417090451296315_n-1-1024x683.jpg\" alt=\"\" class=\"wp-image-22934\" srcset=\"https:\/\/chilpancingo.gob.mx\/portal\/wp-content\/uploads\/2026\/08\/786971630_122213446040551875_2061417090451296315_n-1-1024x683.jpg 1024w, https:\/\/chilpancingo.gob.mx\/portal\/wp-content\/uploads\/2026\/08\/786971630_122213446040551875_2061417090451296315_n-1-768x512.jpg 768w, https:\/\/chilpancingo.gob.mx\/portal\/wp-content\/uploads\/2026\/08\/786971630_122213446040551875_2061417090451296315_n-1-300x200.jpg 300w, https:\/\/chilpancingo.gob.mx\/portal\/wp-content\/uploads\/2026\/08\/786971630_122213446040551875_2061417090451296315_n-1-1536x1025.jpg 1536w, https:\/\/chilpancingo.gob.mx\/portal\/wp-content\/uploads\/2026\/08\/786971630_122213446040551875_2061417090451296315_n-1.jpg 1200w\" sizes=\"(max-width: 1024px) 100vw, 1024px\" \/><\/figure>\n\n\n\n<figure class=\"wp-block-image size-large\"><img decoding=\"async\" width=\"1024\" height=\"683\" data-id=\"22932\" src=\"https:\/\/chilpancingo.gob.mx\/portal\/wp-content\/uploads\/2026\/08\/782144692_122213446388551875_9089658631289987943_n-1-1024x683.jpg\" alt=\"\" class=\"wp-image-22932\" srcset=\"https:\/\/chilpancingo.gob.mx\/portal\/wp-content\/uploads\/2026\/08\/782144692_122213446388551875_9089658631289987943_n-1-1024x683.jpg 1024w, https:\/\/chilpancingo.gob.mx\/portal\/wp-content\/uploads\/2026\/08\/782144692_122213446388551875_9089658631289987943_n-1-767x512.jpg 767w, https:\/\/chilpancingo.gob.mx\/portal\/wp-content\/uploads\/2026\/08\/782144692_122213446388551875_9089658631289987943_n-1-300x200.jpg 300w, https:\/\/chilpancingo.gob.mx\/portal\/wp-content\/uploads\/2026\/08\/782144692_122213446388551875_9089658631289987943_n-1.jpg 1280w\" sizes=\"(max-width: 1024px) 100vw, 1024px\" \/><\/figure>\n\n\n\n<figure class=\"wp-block-image size-full\"><img decoding=\"async\" width=\"1200\" height=\"801\" data-id=\"22930\" src=\"https:\/\/chilpancingo.gob.mx\/portal\/wp-content\/uploads\/2026\/08\/785600191_122213445266551875_928546973037335425_n-1.jpg\" alt=\"\" class=\"wp-image-22930\" srcset=\"https:\/\/chilpancingo.gob.mx\/portal\/wp-content\/uploads\/2026\/08\/785600191_122213445266551875_928546973037335425_n-1.jpg 1200w, https:\/\/chilpancingo.gob.mx\/portal\/wp-content\/uploads\/2026\/08\/785600191_122213445266551875_928546973037335425_n-1-767x512.jpg 767w\" sizes=\"(max-width: 1200px) 100vw, 1200px\" \/><\/figure>\n\n\n\n<figure class=\"wp-block-image size-large\"><img loading=\"lazy\" decoding=\"async\" width=\"1024\" height=\"683\" data-id=\"22931\" src=\"https:\/\/chilpancingo.gob.mx\/portal\/wp-content\/uploads\/2026\/08\/780422309_122213445878551875_1007509867521535338_n-1024x683.jpg\" alt=\"\" class=\"wp-image-22931\" srcset=\"https:\/\/chilpancingo.gob.mx\/portal\/wp-content\/uploads\/2026\/08\/780422309_122213445878551875_1007509867521535338_n-1024x683.jpg 1024w, https:\/\/chilpancingo.gob.mx\/portal\/wp-content\/uploads\/2026\/08\/780422309_122213445878551875_1007509867521535338_n-300x200.jpg 300w, https:\/\/chilpancingo.gob.mx\/portal\/wp-content\/uploads\/2026\/08\/780422309_122213445878551875_1007509867521535338_n-767x512.jpg 767w, https:\/\/chilpancingo.gob.mx\/portal\/wp-content\/uploads\/2026\/08\/780422309_122213445878551875_1007509867521535338_n.jpg 1200w\" sizes=\"(max-width: 1024px) 100vw, 1024px\" \/><\/figure>\n\n\n\n<figure class=\"wp-block-image size-large\"><img loading=\"lazy\" decoding=\"async\" width=\"1024\" height=\"683\" data-id=\"22933\" src=\"https:\/\/chilpancingo.gob.mx\/portal\/wp-content\/uploads\/2026\/08\/785281383_122213445974551875_5069013766975148047_n-1024x683.jpg\" alt=\"\" class=\"wp-image-22933\" srcset=\"https:\/\/chilpancingo.gob.mx\/portal\/wp-content\/uploads\/2026\/08\/785281383_122213445974551875_5069013766975148047_n-1024x683.jpg 1024w, https:\/\/chilpancingo.gob.mx\/portal\/wp-content\/uploads\/2026\/08\/785281383_122213445974551875_5069013766975148047_n-300x200.jpg 300w, https:\/\/chilpancingo.gob.mx\/portal\/wp-content\/uploads\/2026\/08\/785281383_122213445974551875_5069013766975148047_n-767x512.jpg 767w, https:\/\/chilpancingo.gob.mx\/portal\/wp-content\/uploads\/2026\/08\/785281383_122213445974551875_5069013766975148047_n.jpg 1280w\" sizes=\"(max-width: 1024px) 100vw, 1024px\" \/><\/figure>\n\n\n\n<figure class=\"wp-block-image size-full\"><img loading=\"lazy\" decoding=\"async\" width=\"1200\" height=\"800\" data-id=\"22935\" src=\"https:\/\/chilpancingo.gob.mx\/portal\/wp-content\/uploads\/2026\/08\/787903867_122213446178551875_5313555775267962649_n.jpg\" alt=\"\" class=\"wp-image-22935\" srcset=\"https:\/\/chilpancingo.gob.mx\/portal\/wp-content\/uploads\/2026\/08\/787903867_122213446178551875_5313555775267962649_n.jpg 1200w, https:\/\/chilpancingo.gob.mx\/portal\/wp-content\/uploads\/2026\/08\/787903867_122213446178551875_5313555775267962649_n-768x512.jpg 768w, https:\/\/chilpancingo.gob.mx\/portal\/wp-content\/uploads\/2026\/08\/787903867_122213446178551875_5313555775267962649_n-1536x1025.jpg 1536w, https:\/\/chilpancingo.gob.mx\/portal\/wp-content\/uploads\/2026\/08\/787903867_122213446178551875_5313555775267962649_n-300x200.jpg 300w\" sizes=\"(max-width: 1200px) 100vw, 1200px\" \/><\/figure>\n\n\n\n<figure class=\"wp-block-image size-large\"><img loading=\"lazy\" decoding=\"async\" width=\"1024\" height=\"683\" data-id=\"22936\" src=\"https:\/\/chilpancingo.gob.mx\/portal\/wp-content\/uploads\/2026\/08\/784787403_122213446088551875_4609120413950758357_n-1024x683.jpg\" alt=\"\" class=\"wp-image-22936\" srcset=\"https:\/\/chilpancingo.gob.mx\/portal\/wp-content\/uploads\/2026\/08\/784787403_122213446088551875_4609120413950758357_n-1024x683.jpg 1024w, https:\/\/chilpancingo.gob.mx\/portal\/wp-content\/uploads\/2026\/08\/784787403_122213446088551875_4609120413950758357_n-300x200.jpg 300w, https:\/\/chilpancingo.gob.mx\/portal\/wp-content\/uploads\/2026\/08\/784787403_122213446088551875_4609120413950758357_n-768x512.jpg 768w, https:\/\/chilpancingo.gob.mx\/portal\/wp-content\/uploads\/2026\/08\/784787403_122213446088551875_4609120413950758357_n-1536x1025.jpg 1536w, https:\/\/chilpancingo.gob.mx\/portal\/wp-content\/uploads\/2026\/08\/784787403_122213446088551875_4609120413950758357_n.jpg 1200w\" sizes=\"(max-width: 1024px) 100vw, 1024px\" \/><\/figure>\n\n\n\n<figure class=\"wp-block-image size-large\"><img loading=\"lazy\" decoding=\"async\" width=\"1024\" height=\"683\" data-id=\"22937\" src=\"https:\/\/chilpancingo.gob.mx\/portal\/wp-content\/uploads\/2026\/08\/785600175_122213446274551875_367531426768258681_n-1024x683.jpg\" alt=\"\" class=\"wp-image-22937\" srcset=\"https:\/\/chilpancingo.gob.mx\/portal\/wp-content\/uploads\/2026\/08\/785600175_122213446274551875_367531426768258681_n-1024x683.jpg 1024w, https:\/\/chilpancingo.gob.mx\/portal\/wp-content\/uploads\/2026\/08\/785600175_122213446274551875_367531426768258681_n-300x200.jpg 300w, https:\/\/chilpancingo.gob.mx\/portal\/wp-content\/uploads\/2026\/08\/785600175_122213446274551875_367531426768258681_n-768x512.jpg 768w, https:\/\/chilpancingo.gob.mx\/portal\/wp-content\/uploads\/2026\/08\/785600175_122213446274551875_367531426768258681_n-1536x1025.jpg 1536w, https:\/\/chilpancingo.gob.mx\/portal\/wp-content\/uploads\/2026\/08\/785600175_122213446274551875_367531426768258681_n.jpg 1200w\" sizes=\"(max-width: 1024px) 100vw, 1024px\" \/><\/figure>\n\n\n\n<figure class=\"wp-block-image size-full\"><img loading=\"lazy\" decoding=\"async\" width=\"590\" height=\"394\" data-id=\"22938\" src=\"https:\/\/chilpancingo.gob.mx\/portal\/wp-content\/uploads\/2026\/08\/785759284_122213445668551875_1797584054473849979_n.jpg\" alt=\"\" class=\"wp-image-22938\" srcset=\"https:\/\/chilpancingo.gob.mx\/portal\/wp-content\/uploads\/2026\/08\/785759284_122213445668551875_1797584054473849979_n.jpg 590w, https:\/\/chilpancingo.gob.mx\/portal\/wp-content\/uploads\/2026\/08\/785759284_122213445668551875_1797584054473849979_n-300x200.jpg 300w\" sizes=\"(max-width: 590px) 100vw, 590px\" \/><\/figure>\n\n\n\n<figure class=\"wp-block-image size-full\"><img loading=\"lazy\" decoding=\"async\" width=\"590\" height=\"394\" data-id=\"22939\" src=\"https:\/\/chilpancingo.gob.mx\/portal\/wp-content\/uploads\/2026\/08\/782144692_122213446388551875_9089658631289987943_n.jpg\" alt=\"\" class=\"wp-image-22939\" srcset=\"https:\/\/chilpancingo.gob.mx\/portal\/wp-content\/uploads\/2026\/08\/782144692_122213446388551875_9089658631289987943_n.jpg 590w, https:\/\/chilpancingo.gob.mx\/portal\/wp-content\/uploads\/2026\/08\/782144692_122213446388551875_9089658631289987943_n-300x200.jpg 300w\" sizes=\"(max-width: 590px) 100vw, 590px\" \/><\/figure>\n\n\n\n<figure class=\"wp-block-image size-full\"><img loading=\"lazy\" decoding=\"async\" width=\"590\" height=\"394\" data-id=\"22940\" src=\"https:\/\/chilpancingo.gob.mx\/portal\/wp-content\/uploads\/2026\/08\/786971630_122213446040551875_2061417090451296315_n.jpg\" alt=\"\" class=\"wp-image-22940\" srcset=\"https:\/\/chilpancingo.gob.mx\/portal\/wp-content\/uploads\/2026\/08\/786971630_122213446040551875_2061417090451296315_n.jpg 590w, https:\/\/chilpancingo.gob.mx\/portal\/wp-content\/uploads\/2026\/08\/786971630_122213446040551875_2061417090451296315_n-300x200.jpg 300w\" sizes=\"(max-width: 590px) 100vw, 590px\" \/><\/figure>\n\n\n\n<figure class=\"wp-block-image size-full\"><img loading=\"lazy\" decoding=\"async\" width=\"590\" height=\"394\" data-id=\"22941\" src=\"https:\/\/chilpancingo.gob.mx\/portal\/wp-content\/uploads\/2026\/08\/787082871_122213446136551875_7827482429793654090_n.jpg\" alt=\"\" class=\"wp-image-22941\" srcset=\"https:\/\/chilpancingo.gob.mx\/portal\/wp-content\/uploads\/2026\/08\/787082871_122213446136551875_7827482429793654090_n.jpg 590w, https:\/\/chilpancingo.gob.mx\/portal\/wp-content\/uploads\/2026\/08\/787082871_122213446136551875_7827482429793654090_n-300x200.jpg 300w\" sizes=\"(max-width: 590px) 100vw, 590px\" \/><\/figure>\n\n\n\n<figure class=\"wp-block-image size-full\"><img loading=\"lazy\" decoding=\"async\" width=\"590\" height=\"394\" data-id=\"22942\" src=\"https:\/\/chilpancingo.gob.mx\/portal\/wp-content\/uploads\/2026\/08\/785600191_122213445266551875_928546973037335425_n.jpg\" alt=\"\" class=\"wp-image-22942\" srcset=\"https:\/\/chilpancingo.gob.mx\/portal\/wp-content\/uploads\/2026\/08\/785600191_122213445266551875_928546973037335425_n.jpg 590w, https:\/\/chilpancingo.gob.mx\/portal\/wp-content\/uploads\/2026\/08\/785600191_122213445266551875_928546973037335425_n-300x200.jpg 300w\" sizes=\"(max-width: 590px) 100vw, 590px\" \/><\/figure>\n<\/figure>\n","protected":false},"featured_media":22937,"template":"","categories":[],"class_list":["post-22911","gobierno","type-gobierno","status-publish","has-post-thumbnail","hentry"],"yoast_head":"<!-- This site is optimized with the Yoast SEO plugin v23.8 - https:\/\/yoast.com\/wordpress\/plugins\/seo\/ -->\n<title>\ud83d\udccb\ud83c\udfdb\ufe0f Los recursos p\u00fablicos se administran de frente y se rinden cuentas sobre ellos. - H. Ayuntamiento de Chilpancingo de los Bravo<\/title>\n<meta name=\"robots\" content=\"index, follow, max-snippet:-1, max-image-preview:large, max-video-preview:-1\" \/>\n<link rel=\"canonical\" href=\"https:\/\/chilpancingo.gob.mx\/portal\/gobierno\/\ud83d\udccb\ud83c\udfdb\ufe0f-los-recursos-publicos-se-administran-de-frente-y-se-rinden-cuentas-sobre-ellos\/\" \/>\n<meta property=\"og:locale\" content=\"es_MX\" \/>\n<meta property=\"og:type\" content=\"article\" \/>\n<meta property=\"og:title\" content=\"\ud83d\udccb\ud83c\udfdb\ufe0f Los recursos p\u00fablicos se administran de frente y se rinden cuentas sobre ellos. - H. Ayuntamiento de Chilpancingo de los Bravo\" \/>\n<meta property=\"og:description\" content=\"El presidente municipal Dr. Gustavo Alarc\u00f3n Herrera particip\u00f3 en Acapulco en la apertura de las Auditor\u00edas Integrales a los Municipios de Guerrero, proceso de fiscalizaci\u00f3n en el que participan 37 [&hellip;]\" \/>\n<meta property=\"og:url\" content=\"https:\/\/chilpancingo.gob.mx\/portal\/gobierno\/\ud83d\udccb\ud83c\udfdb\ufe0f-los-recursos-publicos-se-administran-de-frente-y-se-rinden-cuentas-sobre-ellos\/\" \/>\n<meta property=\"og:site_name\" content=\"H. Ayuntamiento de Chilpancingo de los Bravo\" \/>\n<meta property=\"article:publisher\" content=\"https:\/\/www.facebook.com\/AyuntamientodeChilpancingo\" \/>\n<meta property=\"article:modified_time\" content=\"2026-08-29T05:27:50+00:00\" \/>\n<meta property=\"og:image\" content=\"https:\/\/chilpancingo.gob.mx\/portal\/wp-content\/uploads\/2026\/08\/785600175_122213446274551875_367531426768258681_n.jpg\" \/>\n\t<meta property=\"og:image:width\" content=\"1200\" \/>\n\t<meta property=\"og:image:height\" content=\"800\" \/>\n\t<meta property=\"og:image:type\" content=\"image\/jpeg\" \/>\n<meta name=\"twitter:card\" content=\"summary_large_image\" \/>\n<meta name=\"twitter:site\" content=\"@otilia_norma\" \/>\n<script type=\"application\/ld+json\" class=\"yoast-schema-graph\">{\"@context\":\"https:\/\/schema.org\",\"@graph\":[{\"@type\":\"WebPage\",\"@id\":\"https:\/\/chilpancingo.gob.mx\/portal\/gobierno\/%f0%9f%93%8b%f0%9f%8f%9b%ef%b8%8f-los-recursos-publicos-se-administran-de-frente-y-se-rinden-cuentas-sobre-ellos\/\",\"url\":\"https:\/\/chilpancingo.gob.mx\/portal\/gobierno\/%f0%9f%93%8b%f0%9f%8f%9b%ef%b8%8f-los-recursos-publicos-se-administran-de-frente-y-se-rinden-cuentas-sobre-ellos\/\",\"name\":\"\ud83d\udccb\ud83c\udfdb\ufe0f Los recursos p\u00fablicos se administran de frente y se rinden cuentas sobre ellos. - H. Ayuntamiento de Chilpancingo de los Bravo\",\"isPartOf\":{\"@id\":\"https:\/\/chilpancingo.gob.mx\/portal\/#website\"},\"primaryImageOfPage\":{\"@id\":\"https:\/\/chilpancingo.gob.mx\/portal\/gobierno\/%f0%9f%93%8b%f0%9f%8f%9b%ef%b8%8f-los-recursos-publicos-se-administran-de-frente-y-se-rinden-cuentas-sobre-ellos\/#primaryimage\"},\"image\":{\"@id\":\"https:\/\/chilpancingo.gob.mx\/portal\/gobierno\/%f0%9f%93%8b%f0%9f%8f%9b%ef%b8%8f-los-recursos-publicos-se-administran-de-frente-y-se-rinden-cuentas-sobre-ellos\/#primaryimage\"},\"thumbnailUrl\":\"https:\/\/chilpancingo.gob.mx\/portal\/wp-content\/uploads\/2026\/08\/785600175_122213446274551875_367531426768258681_n.jpg\",\"datePublished\":\"2026-08-29T05:27:44+00:00\",\"dateModified\":\"2026-08-29T05:27:50+00:00\",\"breadcrumb\":{\"@id\":\"https:\/\/chilpancingo.gob.mx\/portal\/gobierno\/%f0%9f%93%8b%f0%9f%8f%9b%ef%b8%8f-los-recursos-publicos-se-administran-de-frente-y-se-rinden-cuentas-sobre-ellos\/#breadcrumb\"},\"inLanguage\":\"es\",\"potentialAction\":[{\"@type\":\"ReadAction\",\"target\":[\"https:\/\/chilpancingo.gob.mx\/portal\/gobierno\/%f0%9f%93%8b%f0%9f%8f%9b%ef%b8%8f-los-recursos-publicos-se-administran-de-frente-y-se-rinden-cuentas-sobre-ellos\/\"]}]},{\"@type\":\"ImageObject\",\"inLanguage\":\"es\",\"@id\":\"https:\/\/chilpancingo.gob.mx\/portal\/gobierno\/%f0%9f%93%8b%f0%9f%8f%9b%ef%b8%8f-los-recursos-publicos-se-administran-de-frente-y-se-rinden-cuentas-sobre-ellos\/#primaryimage\",\"url\":\"https:\/\/chilpancingo.gob.mx\/portal\/wp-content\/uploads\/2026\/08\/785600175_122213446274551875_367531426768258681_n.jpg\",\"contentUrl\":\"https:\/\/chilpancingo.gob.mx\/portal\/wp-content\/uploads\/2026\/08\/785600175_122213446274551875_367531426768258681_n.jpg\",\"width\":1200,\"height\":800},{\"@type\":\"BreadcrumbList\",\"@id\":\"https:\/\/chilpancingo.gob.mx\/portal\/gobierno\/%f0%9f%93%8b%f0%9f%8f%9b%ef%b8%8f-los-recursos-publicos-se-administran-de-frente-y-se-rinden-cuentas-sobre-ellos\/#breadcrumb\",\"itemListElement\":[{\"@type\":\"ListItem\",\"position\":1,\"name\":\"Inicio\",\"item\":\"https:\/\/chilpancingo.gob.mx\/portal\/\"},{\"@type\":\"ListItem\",\"position\":2,\"name\":\"\ud83d\udccb\ud83c\udfdb\ufe0f Los recursos p\u00fablicos se administran de frente y se rinden cuentas sobre ellos.\"}]},{\"@type\":\"WebSite\",\"@id\":\"https:\/\/chilpancingo.gob.mx\/portal\/#website\",\"url\":\"https:\/\/chilpancingo.gob.mx\/portal\/\",\"name\":\"H. Ayuntamiento de Chilpancingo de los Bravo\",\"description\":\"Chilpancingo de los Bravo  2024 - 2027\",\"publisher\":{\"@id\":\"https:\/\/chilpancingo.gob.mx\/portal\/#organization\"},\"potentialAction\":[{\"@type\":\"SearchAction\",\"target\":{\"@type\":\"EntryPoint\",\"urlTemplate\":\"https:\/\/chilpancingo.gob.mx\/portal\/?s={search_term_string}\"},\"query-input\":{\"@type\":\"PropertyValueSpecification\",\"valueRequired\":true,\"valueName\":\"search_term_string\"}}],\"inLanguage\":\"es\"},{\"@type\":\"Organization\",\"@id\":\"https:\/\/chilpancingo.gob.mx\/portal\/#organization\",\"name\":\"Municipio de Chilpancingo de los Bravo\",\"url\":\"https:\/\/chilpancingo.gob.mx\/portal\/\",\"logo\":{\"@type\":\"ImageObject\",\"inLanguage\":\"es\",\"@id\":\"https:\/\/chilpancingo.gob.mx\/portal\/#\/schema\/logo\/image\/\",\"url\":\"https:\/\/chilpancingo.gob.mx\/portal\/wp-content\/uploads\/2021\/09\/Logo-Oficial-Capital-de-cultura-y-progreso.png\",\"contentUrl\":\"https:\/\/chilpancingo.gob.mx\/portal\/wp-content\/uploads\/2021\/09\/Logo-Oficial-Capital-de-cultura-y-progreso.png\",\"width\":1200,\"height\":623,\"caption\":\"Municipio de Chilpancingo de los Bravo\"},\"image\":{\"@id\":\"https:\/\/chilpancingo.gob.mx\/portal\/#\/schema\/logo\/image\/\"},\"sameAs\":[\"https:\/\/www.facebook.com\/AyuntamientodeChilpancingo\",\"https:\/\/x.com\/otilia_norma\"]}]}<\/script>\n<!-- \/ Yoast SEO plugin. -->","yoast_head_json":{"title":"\ud83d\udccb\ud83c\udfdb\ufe0f Los recursos p\u00fablicos se administran de frente y se rinden cuentas sobre ellos. - H. Ayuntamiento de Chilpancingo de los Bravo","robots":{"index":"index","follow":"follow","max-snippet":"max-snippet:-1","max-image-preview":"max-image-preview:large","max-video-preview":"max-video-preview:-1"},"canonical":"https:\/\/chilpancingo.gob.mx\/portal\/gobierno\/\ud83d\udccb\ud83c\udfdb\ufe0f-los-recursos-publicos-se-administran-de-frente-y-se-rinden-cuentas-sobre-ellos\/","og_locale":"es_MX","og_type":"article","og_title":"\ud83d\udccb\ud83c\udfdb\ufe0f Los recursos p\u00fablicos se administran de frente y se rinden cuentas sobre ellos. - H. Ayuntamiento de Chilpancingo de los Bravo","og_description":"El presidente municipal Dr. Gustavo Alarc\u00f3n Herrera particip\u00f3 en Acapulco en la apertura de las Auditor\u00edas Integrales a los Municipios de Guerrero, proceso de fiscalizaci\u00f3n en el que participan 37 [&hellip;]","og_url":"https:\/\/chilpancingo.gob.mx\/portal\/gobierno\/\ud83d\udccb\ud83c\udfdb\ufe0f-los-recursos-publicos-se-administran-de-frente-y-se-rinden-cuentas-sobre-ellos\/","og_site_name":"H. Ayuntamiento de Chilpancingo de los Bravo","article_publisher":"https:\/\/www.facebook.com\/AyuntamientodeChilpancingo","article_modified_time":"2026-08-29T05:27:50+00:00","og_image":[{"width":1200,"height":800,"url":"https:\/\/chilpancingo.gob.mx\/portal\/wp-content\/uploads\/2026\/08\/785600175_122213446274551875_367531426768258681_n.jpg","type":"image\/jpeg"}],"twitter_card":"summary_large_image","twitter_site":"@otilia_norma","schema":{"@context":"https:\/\/schema.org","@graph":[{"@type":"WebPage","@id":"https:\/\/chilpancingo.gob.mx\/portal\/gobierno\/%f0%9f%93%8b%f0%9f%8f%9b%ef%b8%8f-los-recursos-publicos-se-administran-de-frente-y-se-rinden-cuentas-sobre-ellos\/","url":"https:\/\/chilpancingo.gob.mx\/portal\/gobierno\/%f0%9f%93%8b%f0%9f%8f%9b%ef%b8%8f-los-recursos-publicos-se-administran-de-frente-y-se-rinden-cuentas-sobre-ellos\/","name":"\ud83d\udccb\ud83c\udfdb\ufe0f Los recursos p\u00fablicos se administran de frente y se rinden cuentas sobre ellos. - H. Ayuntamiento de Chilpancingo de los Bravo","isPartOf":{"@id":"https:\/\/chilpancingo.gob.mx\/portal\/#website"},"primaryImageOfPage":{"@id":"https:\/\/chilpancingo.gob.mx\/portal\/gobierno\/%f0%9f%93%8b%f0%9f%8f%9b%ef%b8%8f-los-recursos-publicos-se-administran-de-frente-y-se-rinden-cuentas-sobre-ellos\/#primaryimage"},"image":{"@id":"https:\/\/chilpancingo.gob.mx\/portal\/gobierno\/%f0%9f%93%8b%f0%9f%8f%9b%ef%b8%8f-los-recursos-publicos-se-administran-de-frente-y-se-rinden-cuentas-sobre-ellos\/#primaryimage"},"thumbnailUrl":"https:\/\/chilpancingo.gob.mx\/portal\/wp-content\/uploads\/2026\/08\/785600175_122213446274551875_367531426768258681_n.jpg","datePublished":"2026-08-29T05:27:44+00:00","dateModified":"2026-08-29T05:27:50+00:00","breadcrumb":{"@id":"https:\/\/chilpancingo.gob.mx\/portal\/gobierno\/%f0%9f%93%8b%f0%9f%8f%9b%ef%b8%8f-los-recursos-publicos-se-administran-de-frente-y-se-rinden-cuentas-sobre-ellos\/#breadcrumb"},"inLanguage":"es","potentialAction":[{"@type":"ReadAction","target":["https:\/\/chilpancingo.gob.mx\/portal\/gobierno\/%f0%9f%93%8b%f0%9f%8f%9b%ef%b8%8f-los-recursos-publicos-se-administran-de-frente-y-se-rinden-cuentas-sobre-ellos\/"]}]},{"@type":"ImageObject","inLanguage":"es","@id":"https:\/\/chilpancingo.gob.mx\/portal\/gobierno\/%f0%9f%93%8b%f0%9f%8f%9b%ef%b8%8f-los-recursos-publicos-se-administran-de-frente-y-se-rinden-cuentas-sobre-ellos\/#primaryimage","url":"https:\/\/chilpancingo.gob.mx\/portal\/wp-content\/uploads\/2026\/08\/785600175_122213446274551875_367531426768258681_n.jpg","contentUrl":"https:\/\/chilpancingo.gob.mx\/portal\/wp-content\/uploads\/2026\/08\/785600175_122213446274551875_367531426768258681_n.jpg","width":1200,"height":800},{"@type":"BreadcrumbList","@id":"https:\/\/chilpancingo.gob.mx\/portal\/gobierno\/%f0%9f%93%8b%f0%9f%8f%9b%ef%b8%8f-los-recursos-publicos-se-administran-de-frente-y-se-rinden-cuentas-sobre-ellos\/#breadcrumb","itemListElement":[{"@type":"ListItem","position":1,"name":"Inicio","item":"https:\/\/chilpancingo.gob.mx\/portal\/"},{"@type":"ListItem","position":2,"name":"\ud83d\udccb\ud83c\udfdb\ufe0f Los recursos p\u00fablicos se administran de frente y se rinden cuentas sobre ellos."}]},{"@type":"WebSite","@id":"https:\/\/chilpancingo.gob.mx\/portal\/#website","url":"https:\/\/chilpancingo.gob.mx\/portal\/","name":"H. Ayuntamiento de Chilpancingo de los Bravo","description":"Chilpancingo de los Bravo  2024 - 2027","publisher":{"@id":"https:\/\/chilpancingo.gob.mx\/portal\/#organization"},"potentialAction":[{"@type":"SearchAction","target":{"@type":"EntryPoint","urlTemplate":"https:\/\/chilpancingo.gob.mx\/portal\/?s={search_term_string}"},"query-input":{"@type":"PropertyValueSpecification","valueRequired":true,"valueName":"search_term_string"}}],"inLanguage":"es"},{"@type":"Organization","@id":"https:\/\/chilpancingo.gob.mx\/portal\/#organization","name":"Municipio de Chilpancingo de los Bravo","url":"https:\/\/chilpancingo.gob.mx\/portal\/","logo":{"@type":"ImageObject","inLanguage":"es","@id":"https:\/\/chilpancingo.gob.mx\/portal\/#\/schema\/logo\/image\/","url":"https:\/\/chilpancingo.gob.mx\/portal\/wp-content\/uploads\/2021\/09\/Logo-Oficial-Capital-de-cultura-y-progreso.png","contentUrl":"https:\/\/chilpancingo.gob.mx\/portal\/wp-content\/uploads\/2021\/09\/Logo-Oficial-Capital-de-cultura-y-progreso.png","width":1200,"height":623,"caption":"Municipio de Chilpancingo de los Bravo"},"image":{"@id":"https:\/\/chilpancingo.gob.mx\/portal\/#\/schema\/logo\/image\/"},"sameAs":["https:\/\/www.facebook.com\/AyuntamientodeChilpancingo","https:\/\/x.com\/otilia_norma"]}]}},"_links":{"self":[{"href":"https:\/\/chilpancingo.gob.mx\/portal\/wp-json\/wp\/v2\/gobierno\/22911","targetHints":{"allow":["GET"]}}],"collection":[{"href":"https:\/\/chilpancingo.gob.mx\/portal\/wp-json\/wp\/v2\/gobierno"}],"about":[{"href":"https:\/\/chilpancingo.gob.mx\/portal\/wp-json\/wp\/v2\/types\/gobierno"}],"wp:featuredmedia":[{"embeddable":true,"href":"https:\/\/chilpancingo.gob.mx\/portal\/wp-json\/wp\/v2\/media\/22937"}],"wp:attachment":[{"href":"https:\/\/chilpancingo.gob.mx\/portal\/wp-json\/wp\/v2\/media?parent=22911"}],"wp:term":[{"taxonomy":"category","embeddable":true,"href":"https:\/\/chilpancingo.gob.mx\/portal\/wp-json\/wp\/v2\/categories?post=22911"}],"curies":[{"name":"wp","href":"https:\/\/api.w.org\/{rel}","templated":true}]}}