{"id":10,"date":"2024-10-04T14:54:41","date_gmt":"2024-10-04T20:54:41","guid":{"rendered":"http:\/\/fastwpdemo.com\/newwp\/whitehall\/?page_id=10"},"modified":"2026-06-07T13:19:43","modified_gmt":"2026-06-07T19:19:43","slug":"home-page-01","status":"publish","type":"page","link":"https:\/\/chilpancingo.gob.mx\/portal\/","title":{"rendered":"Ayuntamiento constitucional de chilpancingo"},"content":{"rendered":"\t\t<div data-elementor-type=\"wp-page\" data-elementor-id=\"10\" class=\"elementor elementor-10\">\n\t\t\t\t\t\t<section class=\"elementor-section elementor-top-section elementor-element elementor-element-c24c551 elementor-section-boxed elementor-section-height-default elementor-section-height-default\" data-id=\"c24c551\" data-element_type=\"section\" data-e-type=\"section\">\n\t\t\t\t\t\t<div class=\"elementor-container elementor-column-gap-default\">\n\t\t\t\t\t<div class=\"elementor-column elementor-col-100 elementor-top-column elementor-element elementor-element-6b52094\" data-id=\"6b52094\" data-element_type=\"column\" data-e-type=\"column\">\n\t\t\t<div class=\"elementor-widget-wrap\">\n\t\t\t\t\t\t\t<\/div>\n\t\t<\/div>\n\t\t\t\t\t<\/div>\n\t\t<\/section>\n\t\t\t\t<section class=\"elementor-section elementor-top-section elementor-element elementor-element-a484d11 elementor-section-boxed elementor-section-height-default elementor-section-height-default\" data-id=\"a484d11\" data-element_type=\"section\" data-e-type=\"section\" data-settings=\"{&quot;background_background&quot;:&quot;classic&quot;}\">\n\t\t\t\t\t\t\t<div class=\"elementor-background-overlay\"><\/div>\n\t\t\t\t\t\t\t<div class=\"elementor-container elementor-column-gap-default\">\n\t\t\t\t\t<div class=\"elementor-column elementor-col-100 elementor-top-column elementor-element elementor-element-30088b4\" data-id=\"30088b4\" data-element_type=\"column\" data-e-type=\"column\">\n\t\t\t<div class=\"elementor-widget-wrap elementor-element-populated\">\n\t\t\t\t\t\t<div class=\"elementor-element elementor-element-afff827 upk-global-link-yes upk-navigation-type-both upk-carousel-style-carousel elementor-invisible elementor-widget elementor-widget-upk-alex-carousel\" data-id=\"afff827\" data-element_type=\"widget\" data-e-type=\"widget\" data-settings=\"{&quot;_animation&quot;:&quot;fadeInUp&quot;}\" data-widget_type=\"upk-alex-carousel.default\">\n\t\t\t\t<div class=\"elementor-widget-container\">\n\t\t\t\t\t\t\t<div id=\"upk-alex-carousel-afff827\" class=\"upk-alex-carousel upk-arrows-dots-align-center\" data-settings=\"{&quot;loop&quot;:true,&quot;speed&quot;:700,&quot;slidesPerView&quot;:1,&quot;slidesPerGroup&quot;:1,&quot;centeredSlides&quot;:true,&quot;grabCursor&quot;:true,&quot;effect&quot;:&quot;carousel&quot;,&quot;direction&quot;:&quot;horizontal&quot;,&quot;watchSlidesVisibility&quot;:true,&quot;watchSlidesProgress&quot;:true,&quot;breakpoints&quot;:{&quot;767&quot;:{&quot;slidesPerView&quot;:2,&quot;spaceBetween&quot;:0,&quot;slidesPerGroup&quot;:1},&quot;1023&quot;:{&quot;slidesPerView&quot;:2,&quot;spaceBetween&quot;:30,&quot;slidesPerGroup&quot;:1}},&quot;navigation&quot;:{&quot;nextEl&quot;:&quot;#upk-alex-carousel-afff827 .upk-navigation-next&quot;,&quot;prevEl&quot;:&quot;#upk-alex-carousel-afff827 .upk-navigation-prev&quot;},&quot;pagination&quot;:{&quot;el&quot;:&quot;#upk-alex-carousel-afff827 .swiper-pagination&quot;,&quot;type&quot;:&quot;bullets&quot;,&quot;clickable&quot;:&quot;true&quot;,&quot;dynamicBullets&quot;:false},&quot;scrollbar&quot;:{&quot;el&quot;:&quot;#upk-alex-carousel-afff827 .swiper-scrollbar&quot;,&quot;hide&quot;:&quot;true&quot;},&quot;coverflowEffect&quot;:{&quot;rotate&quot;:50,&quot;stretch&quot;:0,&quot;depth&quot;:100,&quot;modifier&quot;:1,&quot;slideShadows&quot;:true}}\">\n\t\t\t<div class=\"upk-alex-wrap upk-content-right\">\n\t\t\t\t<div class=\"swiper-carousel swiper\">\n\t\t\t\t\t<div class=\"swiper-wrapper\">\n\t\t\t\t\t\t\t\t\t\t\t<div onclick=\"window.open(&#039;https:\/\/chilpancingo.gob.mx\/portal\/gobierno\/%f0%9f%93%8b%f0%9f%8f%9b%ef%b8%8f-los-recursos-publicos-se-administran-de-frente-y-se-rinden-cuentas-sobre-ellos\/&#039;, &#039;_self&#039;)\" class=\"upk-item swiper-slide\">\n\t\t\t\t\t\t\t<div class=\"upk-image-wrap\">\n\t\t\t\t\t\t\t\t<img fetchpriority=\"high\" decoding=\"async\" width=\"770\" height=\"560\" src=\"https:\/\/chilpancingo.gob.mx\/portal\/wp-content\/uploads\/2026\/08\/785600175_122213446274551875_367531426768258681_n-770x560.jpg\" class=\"upk-img\" alt=\"\ud83d\udccb\ud83c\udfdb\ufe0f Los recursos p\u00fablicos se administran de frente y se rinden cuentas sobre ellos.\" srcset=\"https:\/\/chilpancingo.gob.mx\/portal\/wp-content\/uploads\/2026\/08\/785600175_122213446274551875_367531426768258681_n-770x560.jpg 770w, https:\/\/chilpancingo.gob.mx\/portal\/wp-content\/uploads\/2026\/08\/785600175_122213446274551875_367531426768258681_n-370x270.jpg 370w\" sizes=\"(max-width: 770px) 100vw, 770px\" \/>\n\t\t\t\t\t\t\t\t\n\t\t\t\t\t\t\t\t\n\t\t\t\t\t\t\t\t<div class=\"upk-content-wrap\">\n\n\t\t\t\t\t\t\t\t\t<div class=\"upk-content\">\n\t\t\t\t\t\t\t\t\t\t\t\t\t\t\t\t\t\t\t\t<h3 class=\"upk-title\"><a href=\"https:\/\/chilpancingo.gob.mx\/portal\/gobierno\/%f0%9f%93%8b%f0%9f%8f%9b%ef%b8%8f-los-recursos-publicos-se-administran-de-frente-y-se-rinden-cuentas-sobre-ellos\/\" title=\"\ud83d\udccb\ud83c\udfdb\ufe0f Los recursos p\u00fablicos se administran de frente y se rinden cuentas sobre ellos.\" class=\"title-animation-\" aria-label=\"\ud83d\udccb\ud83c\udfdb\ufe0f Los recursos p\u00fablicos se administran de frente y se rinden cuentas sobre ellos.\">\ud83d\udccb\ud83c\udfdb\ufe0f Los recursos p\u00fablicos se administran de frente y se rinden cuentas sobre ellos.<\/a><\/h3>\t\t\t\t\t\t\t\t\t<\/div>\n\t\t\t\t\t\t\t\t\t\n\n\t\t\t\t\t\t\t\t<\/div>\n\t\t\t\t\t\t\t<\/div>\n\t\t\t\t\t\t<\/div>\n\t\t\t\t\t\t\t\t\t\t<div onclick=\"window.open(&#039;https:\/\/chilpancingo.gob.mx\/portal\/gobierno\/%f0%9f%8f%a8%e2%9c%a8-chilpancingo-tambien-se-mueve-cuando-abrimos-las-puertas-al-turismo\/&#039;, &#039;_self&#039;)\" class=\"upk-item swiper-slide\">\n\t\t\t\t\t\t\t<div class=\"upk-image-wrap\">\n\t\t\t\t\t\t\t\t<img decoding=\"async\" width=\"770\" height=\"560\" src=\"https:\/\/chilpancingo.gob.mx\/portal\/wp-content\/uploads\/2026\/08\/789237212_28085578487730474_6193703705904764824_n-770x560.jpg\" class=\"upk-img\" alt=\"\ud83c\udfe8\u2728 Chilpancingo tambi\u00e9n se mueve cuando abrimos las puertas al turismo.\" srcset=\"https:\/\/chilpancingo.gob.mx\/portal\/wp-content\/uploads\/2026\/08\/789237212_28085578487730474_6193703705904764824_n-770x560.jpg 770w, https:\/\/chilpancingo.gob.mx\/portal\/wp-content\/uploads\/2026\/08\/789237212_28085578487730474_6193703705904764824_n-370x270.jpg 370w\" sizes=\"(max-width: 770px) 100vw, 770px\" \/>\n\t\t\t\t\t\t\t\t\n\t\t\t\t\t\t\t\t\n\t\t\t\t\t\t\t\t<div class=\"upk-content-wrap\">\n\n\t\t\t\t\t\t\t\t\t<div class=\"upk-content\">\n\t\t\t\t\t\t\t\t\t\t\t\t\t\t\t\t\t\t\t\t<h3 class=\"upk-title\"><a href=\"https:\/\/chilpancingo.gob.mx\/portal\/gobierno\/%f0%9f%8f%a8%e2%9c%a8-chilpancingo-tambien-se-mueve-cuando-abrimos-las-puertas-al-turismo\/\" title=\"\ud83c\udfe8\u2728 Chilpancingo tambi\u00e9n se mueve cuando abrimos las puertas al turismo.\" class=\"title-animation-\" aria-label=\"\ud83c\udfe8\u2728 Chilpancingo tambi\u00e9n se mueve cuando abrimos las puertas al turismo.\">\ud83c\udfe8\u2728 Chilpancingo tambi\u00e9n se mueve cuando abrimos las puertas al turismo.<\/a><\/h3>\t\t\t\t\t\t\t\t\t<\/div>\n\t\t\t\t\t\t\t\t\t\n\n\t\t\t\t\t\t\t\t<\/div>\n\t\t\t\t\t\t\t<\/div>\n\t\t\t\t\t\t<\/div>\n\t\t\t\t\t\t\t\t\t\t<div onclick=\"window.open(&#039;https:\/\/chilpancingo.gob.mx\/portal\/gobierno\/donacion-de-1310-99-m2-en-el-fraccionamiento-francisco-ruiz-massieu-sur-para-la-construccion-del-bachillerato-nacional-margarita-maza\/&#039;, &#039;_self&#039;)\" class=\"upk-item swiper-slide\">\n\t\t\t\t\t\t\t<div class=\"upk-image-wrap\">\n\t\t\t\t\t\t\t\t<img decoding=\"async\" width=\"590\" height=\"394\" src=\"https:\/\/chilpancingo.gob.mx\/portal\/wp-content\/uploads\/2026\/08\/779742424_1381062064133494_2658530863505530242_n.jpg\" class=\"upk-img\" alt=\"Donaci\u00f3n de 1,310.99 m2 en el fraccionamiento Francisco Ruiz Massieu Sur para la construcci\u00f3n del Bachillerato Nacional \u201cMargarita Maza\u201d.\" srcset=\"https:\/\/chilpancingo.gob.mx\/portal\/wp-content\/uploads\/2026\/08\/779742424_1381062064133494_2658530863505530242_n.jpg 590w, https:\/\/chilpancingo.gob.mx\/portal\/wp-content\/uploads\/2026\/08\/779742424_1381062064133494_2658530863505530242_n-300x200.jpg 300w\" sizes=\"(max-width: 590px) 100vw, 590px\" \/>\n\t\t\t\t\t\t\t\t\n\t\t\t\t\t\t\t\t\n\t\t\t\t\t\t\t\t<div class=\"upk-content-wrap\">\n\n\t\t\t\t\t\t\t\t\t<div class=\"upk-content\">\n\t\t\t\t\t\t\t\t\t\t\t\t\t\t\t\t\t\t\t\t<h3 class=\"upk-title\"><a href=\"https:\/\/chilpancingo.gob.mx\/portal\/gobierno\/donacion-de-1310-99-m2-en-el-fraccionamiento-francisco-ruiz-massieu-sur-para-la-construccion-del-bachillerato-nacional-margarita-maza\/\" title=\"Donaci\u00f3n de 1,310.99 m2 en el fraccionamiento Francisco Ruiz Massieu Sur para la construcci\u00f3n del Bachillerato Nacional \u201cMargarita Maza\u201d.\" class=\"title-animation-\" aria-label=\"Donaci\u00f3n de 1,310.99 m2 en el fraccionamiento Francisco Ruiz Massieu Sur para la construcci\u00f3n del Bachillerato Nacional \u201cMargarita Maza\u201d.\">Donaci\u00f3n de 1,310.99 m2 en el fraccionamiento Francisco Ruiz Massieu Sur para la construcci\u00f3n del Bachillerato Nacional \u201cMargarita Maza\u201d.<\/a><\/h3>\t\t\t\t\t\t\t\t\t<\/div>\n\t\t\t\t\t\t\t\t\t\n\n\t\t\t\t\t\t\t\t<\/div>\n\t\t\t\t\t\t\t<\/div>\n\t\t\t\t\t\t<\/div>\n\t\t\t\t\t\t\t\t\t\t<div onclick=\"window.open(&#039;https:\/\/chilpancingo.gob.mx\/portal\/gobierno\/nuestra-bandera-simbolo-de-unidad-y-orgullo-%f0%9f%87%b2%f0%9f%87%bd\/&#039;, &#039;_self&#039;)\" class=\"upk-item swiper-slide\">\n\t\t\t\t\t\t\t<div class=\"upk-image-wrap\">\n\t\t\t\t\t\t\t\t<img loading=\"lazy\" decoding=\"async\" width=\"590\" height=\"394\" src=\"https:\/\/chilpancingo.gob.mx\/portal\/wp-content\/uploads\/2026\/08\/761946554_122210683238551875_5245318640319371681_n.jpg\" class=\"upk-img\" alt=\"Nuestra Bandera, s\u00edmbolo de unidad y orgullo. \ud83c\uddf2\ud83c\uddfd\" srcset=\"https:\/\/chilpancingo.gob.mx\/portal\/wp-content\/uploads\/2026\/08\/761946554_122210683238551875_5245318640319371681_n.jpg 590w, https:\/\/chilpancingo.gob.mx\/portal\/wp-content\/uploads\/2026\/08\/761946554_122210683238551875_5245318640319371681_n-300x200.jpg 300w\" sizes=\"(max-width: 590px) 100vw, 590px\" \/>\n\t\t\t\t\t\t\t\t\n\t\t\t\t\t\t\t\t\n\t\t\t\t\t\t\t\t<div class=\"upk-content-wrap\">\n\n\t\t\t\t\t\t\t\t\t<div class=\"upk-content\">\n\t\t\t\t\t\t\t\t\t\t\t\t\t\t\t\t\t\t\t\t<h3 class=\"upk-title\"><a href=\"https:\/\/chilpancingo.gob.mx\/portal\/gobierno\/nuestra-bandera-simbolo-de-unidad-y-orgullo-%f0%9f%87%b2%f0%9f%87%bd\/\" title=\"Nuestra Bandera, s\u00edmbolo de unidad y orgullo. \ud83c\uddf2\ud83c\uddfd\" class=\"title-animation-\" aria-label=\"Nuestra Bandera, s\u00edmbolo de unidad y orgullo. \ud83c\uddf2\ud83c\uddfd\">Nuestra Bandera, s\u00edmbolo de unidad y orgullo. \ud83c\uddf2\ud83c\uddfd<\/a><\/h3>\t\t\t\t\t\t\t\t\t<\/div>\n\t\t\t\t\t\t\t\t\t\n\n\t\t\t\t\t\t\t\t<\/div>\n\t\t\t\t\t\t\t<\/div>\n\t\t\t\t\t\t<\/div>\n\t\t\t\t\t\t\t\t\t\t<div onclick=\"window.open(&#039;https:\/\/chilpancingo.gob.mx\/portal\/gobierno\/%f0%9f%8f%97%ef%b8%8f-las-obras-avanzan-porque-las-necesidades-de-chilpancingo-no-pueden-esperar\/&#039;, &#039;_self&#039;)\" class=\"upk-item swiper-slide\">\n\t\t\t\t\t\t\t<div class=\"upk-image-wrap\">\n\t\t\t\t\t\t\t\t<img loading=\"lazy\" decoding=\"async\" width=\"770\" height=\"560\" src=\"https:\/\/chilpancingo.gob.mx\/portal\/wp-content\/uploads\/2026\/08\/760939874_2207191686493102_7081162548828667983_n-770x560.jpg\" class=\"upk-img\" alt=\"\ud83c\udfd7\ufe0f Las obras avanzan porque las necesidades de Chilpancingo no pueden esperar.\" srcset=\"https:\/\/chilpancingo.gob.mx\/portal\/wp-content\/uploads\/2026\/08\/760939874_2207191686493102_7081162548828667983_n-770x560.jpg 770w, https:\/\/chilpancingo.gob.mx\/portal\/wp-content\/uploads\/2026\/08\/760939874_2207191686493102_7081162548828667983_n-370x270.jpg 370w\" sizes=\"(max-width: 770px) 100vw, 770px\" \/>\n\t\t\t\t\t\t\t\t\n\t\t\t\t\t\t\t\t\n\t\t\t\t\t\t\t\t<div class=\"upk-content-wrap\">\n\n\t\t\t\t\t\t\t\t\t<div class=\"upk-content\">\n\t\t\t\t\t\t\t\t\t\t\t\t\t\t\t\t\t\t\t\t<h3 class=\"upk-title\"><a href=\"https:\/\/chilpancingo.gob.mx\/portal\/gobierno\/%f0%9f%8f%97%ef%b8%8f-las-obras-avanzan-porque-las-necesidades-de-chilpancingo-no-pueden-esperar\/\" title=\"\ud83c\udfd7\ufe0f Las obras avanzan porque las necesidades de Chilpancingo no pueden esperar.\" class=\"title-animation-\" aria-label=\"\ud83c\udfd7\ufe0f Las obras avanzan porque las necesidades de Chilpancingo no pueden esperar.\">\ud83c\udfd7\ufe0f Las obras avanzan porque las necesidades de Chilpancingo no pueden esperar.<\/a><\/h3>\t\t\t\t\t\t\t\t\t<\/div>\n\t\t\t\t\t\t\t\t\t\n\n\t\t\t\t\t\t\t\t<\/div>\n\t\t\t\t\t\t\t<\/div>\n\t\t\t\t\t\t<\/div>\n\t\t\t\t\t\t\t\t\t\t<div onclick=\"window.open(&#039;https:\/\/chilpancingo.gob.mx\/portal\/gobierno\/%f0%9f%8c%bd-el-campo-de-chilpancingo-sigue-cosechando-buenos-resultados\/&#039;, &#039;_self&#039;)\" class=\"upk-item swiper-slide\">\n\t\t\t\t\t\t\t<div class=\"upk-image-wrap\">\n\t\t\t\t\t\t\t\t<img loading=\"lazy\" decoding=\"async\" width=\"770\" height=\"560\" src=\"https:\/\/chilpancingo.gob.mx\/portal\/wp-content\/uploads\/2026\/08\/761986367_1779036449894817_678086940872794142_n-770x560.jpg\" class=\"upk-img\" alt=\"\ud83c\udf3d El campo de Chilpancingo sigue cosechando buenos resultados.\" srcset=\"https:\/\/chilpancingo.gob.mx\/portal\/wp-content\/uploads\/2026\/08\/761986367_1779036449894817_678086940872794142_n-770x560.jpg 770w, https:\/\/chilpancingo.gob.mx\/portal\/wp-content\/uploads\/2026\/08\/761986367_1779036449894817_678086940872794142_n-370x270.jpg 370w\" sizes=\"(max-width: 770px) 100vw, 770px\" \/>\n\t\t\t\t\t\t\t\t\n\t\t\t\t\t\t\t\t\n\t\t\t\t\t\t\t\t<div class=\"upk-content-wrap\">\n\n\t\t\t\t\t\t\t\t\t<div class=\"upk-content\">\n\t\t\t\t\t\t\t\t\t\t\t\t\t\t\t\t\t\t\t\t<h3 class=\"upk-title\"><a href=\"https:\/\/chilpancingo.gob.mx\/portal\/gobierno\/%f0%9f%8c%bd-el-campo-de-chilpancingo-sigue-cosechando-buenos-resultados\/\" title=\"\ud83c\udf3d El campo de Chilpancingo sigue cosechando buenos resultados.\" class=\"title-animation-\" aria-label=\"\ud83c\udf3d El campo de Chilpancingo sigue cosechando buenos resultados.\">\ud83c\udf3d El campo de Chilpancingo sigue cosechando buenos resultados.<\/a><\/h3>\t\t\t\t\t\t\t\t\t<\/div>\n\t\t\t\t\t\t\t\t\t\n\n\t\t\t\t\t\t\t\t<\/div>\n\t\t\t\t\t\t\t<\/div>\n\t\t\t\t\t\t<\/div>\n\t\t\t\t\t\t\t\t\t\t<div onclick=\"window.open(&#039;https:\/\/chilpancingo.gob.mx\/portal\/gobierno\/%f0%9f%91%b7%e2%99%82%ef%b8%8f-cada-obra-requiere-seguimiento-y-compromiso\/&#039;, &#039;_self&#039;)\" class=\"upk-item swiper-slide\">\n\t\t\t\t\t\t\t<div class=\"upk-image-wrap\">\n\t\t\t\t\t\t\t\t<img loading=\"lazy\" decoding=\"async\" width=\"590\" height=\"394\" src=\"https:\/\/chilpancingo.gob.mx\/portal\/wp-content\/uploads\/2026\/08\/762542949_4055876917880812_2242138905034819154_n.jpg\" class=\"upk-img\" alt=\"\ud83d\udc77\u200d\u2642\ufe0f Cada obra requiere seguimiento y compromiso.\" srcset=\"https:\/\/chilpancingo.gob.mx\/portal\/wp-content\/uploads\/2026\/08\/762542949_4055876917880812_2242138905034819154_n.jpg 590w, https:\/\/chilpancingo.gob.mx\/portal\/wp-content\/uploads\/2026\/08\/762542949_4055876917880812_2242138905034819154_n-300x200.jpg 300w\" sizes=\"(max-width: 590px) 100vw, 590px\" \/>\n\t\t\t\t\t\t\t\t\n\t\t\t\t\t\t\t\t\n\t\t\t\t\t\t\t\t<div class=\"upk-content-wrap\">\n\n\t\t\t\t\t\t\t\t\t<div class=\"upk-content\">\n\t\t\t\t\t\t\t\t\t\t\t\t\t\t\t\t\t\t\t\t<h3 class=\"upk-title\"><a href=\"https:\/\/chilpancingo.gob.mx\/portal\/gobierno\/%f0%9f%91%b7%e2%99%82%ef%b8%8f-cada-obra-requiere-seguimiento-y-compromiso\/\" title=\"\ud83d\udc77\u200d\u2642\ufe0f Cada obra requiere seguimiento y compromiso.\" class=\"title-animation-\" aria-label=\"\ud83d\udc77\u200d\u2642\ufe0f Cada obra requiere seguimiento y compromiso.\">\ud83d\udc77\u200d\u2642\ufe0f Cada obra requiere seguimiento y compromiso.<\/a><\/h3>\t\t\t\t\t\t\t\t\t<\/div>\n\t\t\t\t\t\t\t\t\t\n\n\t\t\t\t\t\t\t\t<\/div>\n\t\t\t\t\t\t\t<\/div>\n\t\t\t\t\t\t<\/div>\n\t\t\t\t\t\t\t\t\t\t<div onclick=\"window.open(&#039;https:\/\/chilpancingo.gob.mx\/portal\/gobierno\/%f0%9f%91%a9%e2%9a%95%ef%b8%8f-hoy-termina-una-etapa-pero-comienza-una-mision-que-cambiara-vidas\/&#039;, &#039;_self&#039;)\" class=\"upk-item swiper-slide\">\n\t\t\t\t\t\t\t<div class=\"upk-image-wrap\">\n\t\t\t\t\t\t\t\t<img loading=\"lazy\" decoding=\"async\" width=\"770\" height=\"560\" src=\"https:\/\/chilpancingo.gob.mx\/portal\/wp-content\/uploads\/2026\/08\/762432908_1069916439147797_9213488001142662704_n-770x560.jpg\" class=\"upk-img\" alt=\"\ud83d\udc69\u200d\u2695\ufe0f Hoy termina una etapa, pero comienza una misi\u00f3n que cambiar\u00e1 vidas.\" srcset=\"https:\/\/chilpancingo.gob.mx\/portal\/wp-content\/uploads\/2026\/08\/762432908_1069916439147797_9213488001142662704_n-770x560.jpg 770w, https:\/\/chilpancingo.gob.mx\/portal\/wp-content\/uploads\/2026\/08\/762432908_1069916439147797_9213488001142662704_n-370x270.jpg 370w\" sizes=\"(max-width: 770px) 100vw, 770px\" \/>\n\t\t\t\t\t\t\t\t\n\t\t\t\t\t\t\t\t\n\t\t\t\t\t\t\t\t<div class=\"upk-content-wrap\">\n\n\t\t\t\t\t\t\t\t\t<div class=\"upk-content\">\n\t\t\t\t\t\t\t\t\t\t\t\t\t\t\t\t\t\t\t\t<h3 class=\"upk-title\"><a href=\"https:\/\/chilpancingo.gob.mx\/portal\/gobierno\/%f0%9f%91%a9%e2%9a%95%ef%b8%8f-hoy-termina-una-etapa-pero-comienza-una-mision-que-cambiara-vidas\/\" title=\"\ud83d\udc69\u200d\u2695\ufe0f Hoy termina una etapa, pero comienza una misi\u00f3n que cambiar\u00e1 vidas.\" class=\"title-animation-\" aria-label=\"\ud83d\udc69\u200d\u2695\ufe0f Hoy termina una etapa, pero comienza una misi\u00f3n que cambiar\u00e1 vidas.\">\ud83d\udc69\u200d\u2695\ufe0f Hoy termina una etapa, pero comienza una misi\u00f3n que cambiar\u00e1 vidas.<\/a><\/h3>\t\t\t\t\t\t\t\t\t<\/div>\n\t\t\t\t\t\t\t\t\t\n\n\t\t\t\t\t\t\t\t<\/div>\n\t\t\t\t\t\t\t<\/div>\n\t\t\t\t\t\t<\/div>\n\t\t\t\t\t\t\t\t\t\t<div onclick=\"window.open(&#039;https:\/\/chilpancingo.gob.mx\/portal\/gobierno\/%f0%9f%93%9a-cada-generacion-que-se-gradua-es-una-razon-para-creer-en-el-futuro-de-chilpancingo-%f0%9f%8e%93\/&#039;, &#039;_self&#039;)\" class=\"upk-item swiper-slide\">\n\t\t\t\t\t\t\t<div class=\"upk-image-wrap\">\n\t\t\t\t\t\t\t\t<img loading=\"lazy\" decoding=\"async\" width=\"590\" height=\"394\" src=\"https:\/\/chilpancingo.gob.mx\/portal\/wp-content\/uploads\/2026\/07\/745342042_122208524060551875_4890714440825852381_n.jpg\" class=\"upk-img\" alt=\"\ud83d\udcda Cada generaci\u00f3n que se grad\u00faa es una raz\u00f3n para creer en el futuro de Chilpancingo. \ud83c\udf93\" srcset=\"https:\/\/chilpancingo.gob.mx\/portal\/wp-content\/uploads\/2026\/07\/745342042_122208524060551875_4890714440825852381_n.jpg 590w, https:\/\/chilpancingo.gob.mx\/portal\/wp-content\/uploads\/2026\/07\/745342042_122208524060551875_4890714440825852381_n-300x200.jpg 300w\" sizes=\"(max-width: 590px) 100vw, 590px\" \/>\n\t\t\t\t\t\t\t\t\n\t\t\t\t\t\t\t\t\n\t\t\t\t\t\t\t\t<div class=\"upk-content-wrap\">\n\n\t\t\t\t\t\t\t\t\t<div class=\"upk-content\">\n\t\t\t\t\t\t\t\t\t\t\t\t\t\t\t\t\t\t\t\t<h3 class=\"upk-title\"><a href=\"https:\/\/chilpancingo.gob.mx\/portal\/gobierno\/%f0%9f%93%9a-cada-generacion-que-se-gradua-es-una-razon-para-creer-en-el-futuro-de-chilpancingo-%f0%9f%8e%93\/\" title=\"\ud83d\udcda Cada generaci\u00f3n que se grad\u00faa es una raz\u00f3n para creer en el futuro de Chilpancingo. \ud83c\udf93\" class=\"title-animation-\" aria-label=\"\ud83d\udcda Cada generaci\u00f3n que se grad\u00faa es una raz\u00f3n para creer en el futuro de Chilpancingo. \ud83c\udf93\">\ud83d\udcda Cada generaci\u00f3n que se grad\u00faa es una raz\u00f3n para creer en el futuro de Chilpancingo. \ud83c\udf93<\/a><\/h3>\t\t\t\t\t\t\t\t\t<\/div>\n\t\t\t\t\t\t\t\t\t\n\n\t\t\t\t\t\t\t\t<\/div>\n\t\t\t\t\t\t\t<\/div>\n\t\t\t\t\t\t<\/div>\n\t\t\t\t\t\t\t\t\t\t<div onclick=\"window.open(&#039;https:\/\/chilpancingo.gob.mx\/portal\/gobierno\/%f0%9f%8f%a1-cada-comunidad-tiene-voz-hoy-tambien-tiene-un-gobierno-que-la-escucha\/&#039;, &#039;_self&#039;)\" class=\"upk-item swiper-slide\">\n\t\t\t\t\t\t\t<div class=\"upk-image-wrap\">\n\t\t\t\t\t\t\t\t<img loading=\"lazy\" decoding=\"async\" width=\"770\" height=\"560\" src=\"https:\/\/chilpancingo.gob.mx\/portal\/wp-content\/uploads\/2026\/07\/741395526_1358875642976432_5154791486267975166_n-770x560.jpg\" class=\"upk-img\" alt=\"\ud83c\udfe1 Cada comunidad tiene voz. Hoy tambi\u00e9n tiene un gobierno que la escucha.\" srcset=\"https:\/\/chilpancingo.gob.mx\/portal\/wp-content\/uploads\/2026\/07\/741395526_1358875642976432_5154791486267975166_n-770x560.jpg 770w, https:\/\/chilpancingo.gob.mx\/portal\/wp-content\/uploads\/2026\/07\/741395526_1358875642976432_5154791486267975166_n-370x270.jpg 370w\" sizes=\"(max-width: 770px) 100vw, 770px\" \/>\n\t\t\t\t\t\t\t\t\n\t\t\t\t\t\t\t\t\n\t\t\t\t\t\t\t\t<div class=\"upk-content-wrap\">\n\n\t\t\t\t\t\t\t\t\t<div class=\"upk-content\">\n\t\t\t\t\t\t\t\t\t\t\t\t\t\t\t\t\t\t\t\t<h3 class=\"upk-title\"><a href=\"https:\/\/chilpancingo.gob.mx\/portal\/gobierno\/%f0%9f%8f%a1-cada-comunidad-tiene-voz-hoy-tambien-tiene-un-gobierno-que-la-escucha\/\" title=\"\ud83c\udfe1 Cada comunidad tiene voz. Hoy tambi\u00e9n tiene un gobierno que la escucha.\" class=\"title-animation-\" aria-label=\"\ud83c\udfe1 Cada comunidad tiene voz. Hoy tambi\u00e9n tiene un gobierno que la escucha.\">\ud83c\udfe1 Cada comunidad tiene voz. Hoy tambi\u00e9n tiene un gobierno que la escucha.<\/a><\/h3>\t\t\t\t\t\t\t\t\t<\/div>\n\t\t\t\t\t\t\t\t\t\n\n\t\t\t\t\t\t\t\t<\/div>\n\t\t\t\t\t\t\t<\/div>\n\t\t\t\t\t\t<\/div>\n\t\t\t\t\t\t<\/div>\n\t\t\t\t<\/div>\n\t\t\n\t\t\t\t\t\t\t<div class=\"upk-position-z-index upk-position-center\">\n\t\t\t<div class=\"upk-arrows-dots-container upk-slidenav-container \">\n\n\t\t\t\t<div class=\"upk-flex upk-flex-middle\">\n\t\t\t\t\t<div class=\"upk-visible@m upk-flex\">\n\t\t\t\t\t\t<div class=\"upk-navigation-prev\">\n\t\t\t\t\t\t\t<i class=\"upk-icon-arrow-left-10\" aria-hidden=\"true\"><\/i>\n\t\t\t\t\t\t<\/div>\n\t\t\t\t\t<\/div>\n\t\t\t\t\t\n\t\t\t\t\t\n\t\t\t\t\t<div class=\"upk-visible@m upk-flex\">\n\t\t\t\t\t\t<div class=\"upk-navigation-next\">\n\t\t\t\t\t\t\t<i class=\"upk-icon-arrow-right-10\" aria-hidden=\"true\"><\/i>\n\t\t\t\t\t\t<\/div>\n\t\t\t\t\t<\/div>\n\n\t\t\t\t<\/div>\n\t\t\t<\/div>\n\t\t<\/div>\n\t\t\t\t\t\t\t\t\t<div class=\"upk-position-z-index upk-position-bottom\">\n\t\t\t\t\t<div class=\"upk-dots-container\">\n\t\t\t\t\t\t<div class=\"swiper-pagination\"><\/div>\n\t\t\t\t\t<\/div>\n\t\t\t\t<\/div>\n\t\t\t\t\t\n\t\t<\/div>\n\t\t<\/div>\n\t\t\t\t\t\t<\/div>\n\t\t\t\t<\/div>\n\t\t\t\t<div class=\"elementor-element elementor-element-a61a95a elementor-widget elementor-widget-spacer\" data-id=\"a61a95a\" data-element_type=\"widget\" data-e-type=\"widget\" data-widget_type=\"spacer.default\">\n\t\t\t\t<div class=\"elementor-widget-container\">\n\t\t\t\t\t\t\t<div class=\"elementor-spacer\">\n\t\t\t<div class=\"elementor-spacer-inner\"><\/div>\n\t\t<\/div>\n\t\t\t\t\t\t<\/div>\n\t\t\t\t<\/div>\n\t\t\t\t<div class=\"elementor-element elementor-element-262b778 elementor-widget__width-inherit elementor-widget elementor-widget-html\" data-id=\"262b778\" data-element_type=\"widget\" data-e-type=\"widget\" data-settings=\"{&quot;_animation&quot;:&quot;none&quot;}\" data-widget_type=\"html.default\">\n\t\t\t\t<div class=\"elementor-widget-container\">\n\t\t\t\t\t <\/br> \n \n<body>\n\t<center>H. Ayuntamiento Municipal de Chilpancingo de los Bravo, Guerrero.<\/br> \n2024-2027<center><\/center>\n\n<\/body>\n\n <\/br>\t\t\t\t<\/div>\n\t\t\t\t<\/div>\n\t\t\t\t\t<\/div>\n\t\t<\/div>\n\t\t\t\t\t<\/div>\n\t\t<\/section>\n\t\t\t\t<section class=\"elementor-section elementor-top-section elementor-element elementor-element-7c8740a elementor-section-boxed elementor-section-height-default elementor-section-height-default\" data-id=\"7c8740a\" data-element_type=\"section\" data-e-type=\"section\" data-settings=\"{&quot;background_background&quot;:&quot;classic&quot;}\">\n\t\t\t\t\t\t\t<div class=\"elementor-background-overlay\"><\/div>\n\t\t\t\t\t\t\t<div class=\"elementor-container elementor-column-gap-default\">\n\t\t\t\t\t<div class=\"elementor-column elementor-col-100 elementor-top-column elementor-element elementor-element-fa6b983\" data-id=\"fa6b983\" data-element_type=\"column\" data-e-type=\"column\">\n\t\t\t<div class=\"elementor-widget-wrap elementor-element-populated\">\n\t\t\t\t\t\t<div class=\"elementor-element elementor-element-c4b57ea upk-global-link-yes upk-carousel-style-coverflow upk-navigation-type-both elementor-invisible elementor-widget elementor-widget-upk-alex-carousel\" data-id=\"c4b57ea\" data-element_type=\"widget\" data-e-type=\"widget\" data-settings=\"{&quot;_animation&quot;:&quot;fadeInUp&quot;}\" data-widget_type=\"upk-alex-carousel.default\">\n\t\t\t\t<div class=\"elementor-widget-container\">\n\t\t\t\t\t\t\t<div id=\"upk-alex-carousel-c4b57ea\" class=\"upk-alex-carousel upk-arrows-dots-align-center\" data-settings=\"{&quot;autoplay&quot;:{&quot;delay&quot;:5000},&quot;loop&quot;:true,&quot;speed&quot;:700,&quot;pauseOnHover&quot;:true,&quot;slidesPerView&quot;:1,&quot;slidesPerGroup&quot;:1,&quot;centeredSlides&quot;:true,&quot;effect&quot;:&quot;coverflow&quot;,&quot;direction&quot;:&quot;horizontal&quot;,&quot;watchSlidesVisibility&quot;:true,&quot;watchSlidesProgress&quot;:true,&quot;breakpoints&quot;:{&quot;767&quot;:{&quot;slidesPerView&quot;:2,&quot;spaceBetween&quot;:0,&quot;slidesPerGroup&quot;:1},&quot;1023&quot;:{&quot;slidesPerView&quot;:2,&quot;spaceBetween&quot;:10,&quot;slidesPerGroup&quot;:1}},&quot;navigation&quot;:{&quot;nextEl&quot;:&quot;#upk-alex-carousel-c4b57ea .upk-navigation-next&quot;,&quot;prevEl&quot;:&quot;#upk-alex-carousel-c4b57ea .upk-navigation-prev&quot;},&quot;pagination&quot;:{&quot;el&quot;:&quot;#upk-alex-carousel-c4b57ea .swiper-pagination&quot;,&quot;type&quot;:&quot;bullets&quot;,&quot;clickable&quot;:&quot;true&quot;,&quot;dynamicBullets&quot;:false},&quot;scrollbar&quot;:{&quot;el&quot;:&quot;#upk-alex-carousel-c4b57ea .swiper-scrollbar&quot;,&quot;hide&quot;:&quot;true&quot;},&quot;coverflowEffect&quot;:{&quot;rotate&quot;:50,&quot;stretch&quot;:10,&quot;depth&quot;:90,&quot;modifier&quot;:1.5,&quot;slideShadows&quot;:true}}\">\n\t\t\t<div class=\"upk-alex-wrap upk-content-right\">\n\t\t\t\t<div class=\"swiper-carousel swiper\">\n\t\t\t\t\t<div class=\"swiper-wrapper\">\n\t\t\t\t\t\t\t\t\t\t\t<div onclick=\"window.open(&#039;https:\/\/chilpancingo.gob.mx\/portal\/%f0%9f%9b%a0%ef%b8%8f-asi-se-trabaja-todos-los-dias-en-chilpancingo\/&#039;, &#039;_self&#039;)\" class=\"upk-item swiper-slide\">\n\t\t\t\t\t\t\t<div class=\"upk-image-wrap\">\n\t\t\t\t\t\t\t\t<img loading=\"lazy\" decoding=\"async\" width=\"443\" height=\"560\" src=\"https:\/\/chilpancingo.gob.mx\/portal\/wp-content\/uploads\/2026\/08\/790547264_122213577338551875_8525150690948629747_n-443x560.jpg\" class=\"upk-img\" alt=\"\ud83d\udee0\ufe0f As\u00ed se trabaja todos los d\u00edas en Chilpancingo.\" \/>\n\t\t\t\t\t\t\t\t\n\t\t\t\t\t\t\t\t\n\t\t\t\t\t\t\t\t<div class=\"upk-content-wrap\">\n\n\t\t\t\t\t\t\t\t\t<div class=\"upk-content\">\n\t\t\t\t\t\t\t\t\t\t\t\t\t\t\t\t\t\t\t\t<h3 class=\"upk-title\"><a href=\"https:\/\/chilpancingo.gob.mx\/portal\/%f0%9f%9b%a0%ef%b8%8f-asi-se-trabaja-todos-los-dias-en-chilpancingo\/\" title=\"\ud83d\udee0\ufe0f As\u00ed se trabaja todos los d\u00edas en Chilpancingo.\" class=\"title-animation-\" aria-label=\"\ud83d\udee0\ufe0f As\u00ed se trabaja todos los d\u00edas en Chilpancingo.\">\ud83d\udee0\ufe0f As\u00ed se trabaja todos los d\u00edas en Chilpancingo.<\/a><\/h3>\t\t\t\t\t\t\t\t\t<\/div>\n\t\t\t\t\t\t\t\t\t\n\n\t\t\t\t\t\t\t\t<\/div>\n\t\t\t\t\t\t\t<\/div>\n\t\t\t\t\t\t<\/div>\n\t\t\t\t\t\t\t\t\t\t<div onclick=\"window.open(&#039;https:\/\/chilpancingo.gob.mx\/portal\/%f0%9f%9a%a7%f0%9f%92%a7%f0%9f%92%a1%f0%9f%8f%ab-asi-se-mueve-chilpancingo-en-un-dia-de-trabajo\/&#039;, &#039;_self&#039;)\" class=\"upk-item swiper-slide\">\n\t\t\t\t\t\t\t<div class=\"upk-image-wrap\">\n\t\t\t\t\t\t\t\t<img loading=\"lazy\" decoding=\"async\" width=\"589\" height=\"560\" src=\"https:\/\/chilpancingo.gob.mx\/portal\/wp-content\/uploads\/2026\/08\/784717321_1051647887260739_5302203471268933642_n-589x560.jpg\" class=\"upk-img\" alt=\"\ud83d\udea7\ud83d\udca7\ud83d\udca1\ud83c\udfeb As\u00ed se mueve Chilpancingo en un d\u00eda de trabajo.\" \/>\n\t\t\t\t\t\t\t\t\n\t\t\t\t\t\t\t\t\n\t\t\t\t\t\t\t\t<div class=\"upk-content-wrap\">\n\n\t\t\t\t\t\t\t\t\t<div class=\"upk-content\">\n\t\t\t\t\t\t\t\t\t\t\t\t\t\t\t\t\t\t\t\t<h3 class=\"upk-title\"><a href=\"https:\/\/chilpancingo.gob.mx\/portal\/%f0%9f%9a%a7%f0%9f%92%a7%f0%9f%92%a1%f0%9f%8f%ab-asi-se-mueve-chilpancingo-en-un-dia-de-trabajo\/\" title=\"\ud83d\udea7\ud83d\udca7\ud83d\udca1\ud83c\udfeb As\u00ed se mueve Chilpancingo en un d\u00eda de trabajo.\" class=\"title-animation-\" aria-label=\"\ud83d\udea7\ud83d\udca7\ud83d\udca1\ud83c\udfeb As\u00ed se mueve Chilpancingo en un d\u00eda de trabajo.\">\ud83d\udea7\ud83d\udca7\ud83d\udca1\ud83c\udfeb As\u00ed se mueve Chilpancingo en un d\u00eda de trabajo.<\/a><\/h3>\t\t\t\t\t\t\t\t\t<\/div>\n\t\t\t\t\t\t\t\t\t\n\n\t\t\t\t\t\t\t\t<\/div>\n\t\t\t\t\t\t\t<\/div>\n\t\t\t\t\t\t<\/div>\n\t\t\t\t\t\t\t\t\t\t<div onclick=\"window.open(&#039;https:\/\/chilpancingo.gob.mx\/portal\/%f0%9f%9a%92-el-valor-no-se-dice-se-demuestra-cuando-hay-que-entrar-donde-los-demas-tienen-que-salir-%f0%9f%91%b7%f0%9f%8f%bc%e2%9c%85\/&#039;, &#039;_self&#039;)\" class=\"upk-item swiper-slide\">\n\t\t\t\t\t\t\t<div class=\"upk-image-wrap\">\n\t\t\t\t\t\t\t\t<img loading=\"lazy\" decoding=\"async\" width=\"590\" height=\"393\" src=\"https:\/\/chilpancingo.gob.mx\/portal\/wp-content\/uploads\/2026\/08\/783950061_1595322032215174_1666997145252404219_n.jpg\" class=\"upk-img\" alt=\"\ud83d\ude92 EL VALOR NO SE DICE. SE DEMUESTRA CUANDO HAY QUE ENTRAR DONDE LOS DEM\u00c1S TIENEN QUE SALIR.\ud83d\udc77\ud83c\udffc\u2705\" srcset=\"https:\/\/chilpancingo.gob.mx\/portal\/wp-content\/uploads\/2026\/08\/783950061_1595322032215174_1666997145252404219_n.jpg 590w, https:\/\/chilpancingo.gob.mx\/portal\/wp-content\/uploads\/2026\/08\/783950061_1595322032215174_1666997145252404219_n-300x200.jpg 300w\" sizes=\"(max-width: 590px) 100vw, 590px\" \/>\n\t\t\t\t\t\t\t\t\n\t\t\t\t\t\t\t\t\n\t\t\t\t\t\t\t\t<div class=\"upk-content-wrap\">\n\n\t\t\t\t\t\t\t\t\t<div class=\"upk-content\">\n\t\t\t\t\t\t\t\t\t\t\t\t\t\t\t\t\t\t\t\t<h3 class=\"upk-title\"><a href=\"https:\/\/chilpancingo.gob.mx\/portal\/%f0%9f%9a%92-el-valor-no-se-dice-se-demuestra-cuando-hay-que-entrar-donde-los-demas-tienen-que-salir-%f0%9f%91%b7%f0%9f%8f%bc%e2%9c%85\/\" title=\"\ud83d\ude92 EL VALOR NO SE DICE. SE DEMUESTRA CUANDO HAY QUE ENTRAR DONDE LOS DEM\u00c1S TIENEN QUE SALIR.\ud83d\udc77\ud83c\udffc\u2705\" class=\"title-animation-\" aria-label=\"\ud83d\ude92 EL VALOR NO SE DICE. SE DEMUESTRA CUANDO HAY QUE ENTRAR DONDE LOS DEM\u00c1S TIENEN QUE SALIR.\ud83d\udc77\ud83c\udffc\u2705\">\ud83d\ude92 EL VALOR NO SE DICE. SE DEMUESTRA CUANDO HAY QUE ENTRAR DONDE LOS DEM\u00c1S TIENEN QUE SALIR.\ud83d\udc77\ud83c\udffc\u2705<\/a><\/h3>\t\t\t\t\t\t\t\t\t<\/div>\n\t\t\t\t\t\t\t\t\t\n\n\t\t\t\t\t\t\t\t<\/div>\n\t\t\t\t\t\t\t<\/div>\n\t\t\t\t\t\t<\/div>\n\t\t\t\t\t\t\t\t\t\t<div onclick=\"window.open(&#039;https:\/\/chilpancingo.gob.mx\/portal\/%f0%9f%91%b4%f0%9f%8f%bb%f0%9f%91%b5%f0%9f%8f%bc-celebrar-a-nuestras-personas-adultas-mayores-es-reconocer-todo-lo-que-han-aportado-y-todo-lo-que-todavia-tienen-para-compartir-%f0%9f%a4%8d\/&#039;, &#039;_self&#039;)\" class=\"upk-item swiper-slide\">\n\t\t\t\t\t\t\t<div class=\"upk-image-wrap\">\n\t\t\t\t\t\t\t\t<img loading=\"lazy\" decoding=\"async\" width=\"770\" height=\"560\" src=\"https:\/\/chilpancingo.gob.mx\/portal\/wp-content\/uploads\/2026\/08\/778984916_1581851766914556_323555678606364215_n-770x560.jpg\" class=\"upk-img\" alt=\"\ud83d\udc74\ud83c\udffb\ud83d\udc75\ud83c\udffc Celebrar a nuestras personas adultas mayores es reconocer todo lo que han aportado y todo lo que todav\u00eda tienen para compartir. \ud83e\udd0d\" srcset=\"https:\/\/chilpancingo.gob.mx\/portal\/wp-content\/uploads\/2026\/08\/778984916_1581851766914556_323555678606364215_n-770x560.jpg 770w, https:\/\/chilpancingo.gob.mx\/portal\/wp-content\/uploads\/2026\/08\/778984916_1581851766914556_323555678606364215_n-370x270.jpg 370w\" sizes=\"(max-width: 770px) 100vw, 770px\" \/>\n\t\t\t\t\t\t\t\t\n\t\t\t\t\t\t\t\t\n\t\t\t\t\t\t\t\t<div class=\"upk-content-wrap\">\n\n\t\t\t\t\t\t\t\t\t<div class=\"upk-content\">\n\t\t\t\t\t\t\t\t\t\t\t\t\t\t\t\t\t\t\t\t<h3 class=\"upk-title\"><a href=\"https:\/\/chilpancingo.gob.mx\/portal\/%f0%9f%91%b4%f0%9f%8f%bb%f0%9f%91%b5%f0%9f%8f%bc-celebrar-a-nuestras-personas-adultas-mayores-es-reconocer-todo-lo-que-han-aportado-y-todo-lo-que-todavia-tienen-para-compartir-%f0%9f%a4%8d\/\" title=\"\ud83d\udc74\ud83c\udffb\ud83d\udc75\ud83c\udffc Celebrar a nuestras personas adultas mayores es reconocer todo lo que han aportado y todo lo que todav\u00eda tienen para compartir. \ud83e\udd0d\" class=\"title-animation-\" aria-label=\"\ud83d\udc74\ud83c\udffb\ud83d\udc75\ud83c\udffc Celebrar a nuestras personas adultas mayores es reconocer todo lo que han aportado y todo lo que todav\u00eda tienen para compartir. \ud83e\udd0d\">\ud83d\udc74\ud83c\udffb\ud83d\udc75\ud83c\udffc Celebrar a nuestras personas adultas mayores es reconocer todo lo que han aportado y todo lo que todav\u00eda tienen para compartir. \ud83e\udd0d<\/a><\/h3>\t\t\t\t\t\t\t\t\t<\/div>\n\t\t\t\t\t\t\t\t\t\n\n\t\t\t\t\t\t\t\t<\/div>\n\t\t\t\t\t\t\t<\/div>\n\t\t\t\t\t\t<\/div>\n\t\t\t\t\t\t\t\t\t\t<div onclick=\"window.open(&#039;https:\/\/chilpancingo.gob.mx\/portal\/%f0%9f%9a%8d%f0%9f%92%9c-conocer-lo-que-viven-las-mujeres-tambien-abre-la-conversacion-sobre-como-construir-espacios-mas-seguros\/&#039;, &#039;_self&#039;)\" class=\"upk-item swiper-slide\">\n\t\t\t\t\t\t\t<div class=\"upk-image-wrap\">\n\t\t\t\t\t\t\t\t<img loading=\"lazy\" decoding=\"async\" width=\"590\" height=\"394\" src=\"https:\/\/chilpancingo.gob.mx\/portal\/wp-content\/uploads\/2026\/08\/785759281_122213059628551875_1258537644758588039_n.jpg\" class=\"upk-img\" alt=\"\ud83d\ude8d\ud83d\udc9c Conocer lo que viven las mujeres tambi\u00e9n abre la conversaci\u00f3n sobre c\u00f3mo construir espacios m\u00e1s seguros.\" \/>\n\t\t\t\t\t\t\t\t\n\t\t\t\t\t\t\t\t\n\t\t\t\t\t\t\t\t<div class=\"upk-content-wrap\">\n\n\t\t\t\t\t\t\t\t\t<div class=\"upk-content\">\n\t\t\t\t\t\t\t\t\t\t\t\t\t\t\t\t\t\t\t\t<h3 class=\"upk-title\"><a href=\"https:\/\/chilpancingo.gob.mx\/portal\/%f0%9f%9a%8d%f0%9f%92%9c-conocer-lo-que-viven-las-mujeres-tambien-abre-la-conversacion-sobre-como-construir-espacios-mas-seguros\/\" title=\"\ud83d\ude8d\ud83d\udc9c Conocer lo que viven las mujeres tambi\u00e9n abre la conversaci\u00f3n sobre c\u00f3mo construir espacios m\u00e1s seguros.\" class=\"title-animation-\" aria-label=\"\ud83d\ude8d\ud83d\udc9c Conocer lo que viven las mujeres tambi\u00e9n abre la conversaci\u00f3n sobre c\u00f3mo construir espacios m\u00e1s seguros.\">\ud83d\ude8d\ud83d\udc9c Conocer lo que viven las mujeres tambi\u00e9n abre la conversaci\u00f3n sobre c\u00f3mo construir espacios m\u00e1s seguros.<\/a><\/h3>\t\t\t\t\t\t\t\t\t<\/div>\n\t\t\t\t\t\t\t\t\t\n\n\t\t\t\t\t\t\t\t<\/div>\n\t\t\t\t\t\t\t<\/div>\n\t\t\t\t\t\t<\/div>\n\t\t\t\t\t\t\t\t\t\t<div onclick=\"window.open(&#039;https:\/\/chilpancingo.gob.mx\/portal\/%e2%9a%be-una-jornada-para-disfrutar-el-beisbol-en-chilpancingo\/&#039;, &#039;_self&#039;)\" class=\"upk-item swiper-slide\">\n\t\t\t\t\t\t\t<div class=\"upk-image-wrap\">\n\t\t\t\t\t\t\t\t<img loading=\"lazy\" decoding=\"async\" width=\"770\" height=\"560\" src=\"https:\/\/chilpancingo.gob.mx\/portal\/wp-content\/uploads\/2026\/08\/784197756_1078741244497380_6345868898419368917_n-770x560.jpg\" class=\"upk-img\" alt=\"\u26be Una jornada para disfrutar el b\u00e9isbol en Chilpancingo.\" srcset=\"https:\/\/chilpancingo.gob.mx\/portal\/wp-content\/uploads\/2026\/08\/784197756_1078741244497380_6345868898419368917_n-770x560.jpg 770w, https:\/\/chilpancingo.gob.mx\/portal\/wp-content\/uploads\/2026\/08\/784197756_1078741244497380_6345868898419368917_n-370x270.jpg 370w\" sizes=\"(max-width: 770px) 100vw, 770px\" \/>\n\t\t\t\t\t\t\t\t\n\t\t\t\t\t\t\t\t\n\t\t\t\t\t\t\t\t<div class=\"upk-content-wrap\">\n\n\t\t\t\t\t\t\t\t\t<div class=\"upk-content\">\n\t\t\t\t\t\t\t\t\t\t\t\t\t\t\t\t\t\t\t\t<h3 class=\"upk-title\"><a href=\"https:\/\/chilpancingo.gob.mx\/portal\/%e2%9a%be-una-jornada-para-disfrutar-el-beisbol-en-chilpancingo\/\" title=\"\u26be Una jornada para disfrutar el b\u00e9isbol en Chilpancingo.\" class=\"title-animation-\" aria-label=\"\u26be Una jornada para disfrutar el b\u00e9isbol en Chilpancingo.\">\u26be Una jornada para disfrutar el b\u00e9isbol en Chilpancingo.<\/a><\/h3>\t\t\t\t\t\t\t\t\t<\/div>\n\t\t\t\t\t\t\t\t\t\n\n\t\t\t\t\t\t\t\t<\/div>\n\t\t\t\t\t\t\t<\/div>\n\t\t\t\t\t\t<\/div>\n\t\t\t\t\t\t\t\t\t\t<div onclick=\"window.open(&#039;https:\/\/chilpancingo.gob.mx\/portal\/%f0%9f%9a%9c-las-necesidades-de-chilpancingo-se-atienden-con-acciones-reales\/&#039;, &#039;_self&#039;)\" class=\"upk-item swiper-slide\">\n\t\t\t\t\t\t\t<div class=\"upk-image-wrap\">\n\t\t\t\t\t\t\t\t<img loading=\"lazy\" decoding=\"async\" width=\"770\" height=\"560\" src=\"https:\/\/chilpancingo.gob.mx\/portal\/wp-content\/uploads\/2026\/08\/757346633_1082484454113429_1561102683575940449_n-1-770x560.jpg\" class=\"upk-img\" alt=\"\ud83d\ude9c Las necesidades de Chilpancingo se atienden con acciones reales.\" srcset=\"https:\/\/chilpancingo.gob.mx\/portal\/wp-content\/uploads\/2026\/08\/757346633_1082484454113429_1561102683575940449_n-1-770x560.jpg 770w, https:\/\/chilpancingo.gob.mx\/portal\/wp-content\/uploads\/2026\/08\/757346633_1082484454113429_1561102683575940449_n-1-370x270.jpg 370w\" sizes=\"(max-width: 770px) 100vw, 770px\" \/>\n\t\t\t\t\t\t\t\t\n\t\t\t\t\t\t\t\t\n\t\t\t\t\t\t\t\t<div class=\"upk-content-wrap\">\n\n\t\t\t\t\t\t\t\t\t<div class=\"upk-content\">\n\t\t\t\t\t\t\t\t\t\t\t\t\t\t\t\t\t\t\t\t<h3 class=\"upk-title\"><a href=\"https:\/\/chilpancingo.gob.mx\/portal\/%f0%9f%9a%9c-las-necesidades-de-chilpancingo-se-atienden-con-acciones-reales\/\" title=\"\ud83d\ude9c Las necesidades de Chilpancingo se atienden con acciones reales.\" class=\"title-animation-\" aria-label=\"\ud83d\ude9c Las necesidades de Chilpancingo se atienden con acciones reales.\">\ud83d\ude9c Las necesidades de Chilpancingo se atienden con acciones reales.<\/a><\/h3>\t\t\t\t\t\t\t\t\t<\/div>\n\t\t\t\t\t\t\t\t\t\n\n\t\t\t\t\t\t\t\t<\/div>\n\t\t\t\t\t\t\t<\/div>\n\t\t\t\t\t\t<\/div>\n\t\t\t\t\t\t\t\t\t\t<div onclick=\"window.open(&#039;https:\/\/chilpancingo.gob.mx\/portal\/%f0%9f%9a%b6%e2%99%80%ef%b8%8f%f0%9f%9a%a6-espacios-ordenados-calles-con-mejor-movilidad\/&#039;, &#039;_self&#039;)\" class=\"upk-item swiper-slide\">\n\t\t\t\t\t\t\t<div class=\"upk-image-wrap\">\n\t\t\t\t\t\t\t\t<img loading=\"lazy\" decoding=\"async\" width=\"590\" height=\"560\" src=\"https:\/\/chilpancingo.gob.mx\/portal\/wp-content\/uploads\/2026\/08\/762847492_1803969873797335_8027173161581478686_n-590x560.jpg\" class=\"upk-img\" alt=\"\ud83d\udeb6\u200d\u2640\ufe0f\ud83d\udea6 Espacios ordenados, calles con mejor movilidad\" \/>\n\t\t\t\t\t\t\t\t\n\t\t\t\t\t\t\t\t\n\t\t\t\t\t\t\t\t<div class=\"upk-content-wrap\">\n\n\t\t\t\t\t\t\t\t\t<div class=\"upk-content\">\n\t\t\t\t\t\t\t\t\t\t\t\t\t\t\t\t\t\t\t\t<h3 class=\"upk-title\"><a href=\"https:\/\/chilpancingo.gob.mx\/portal\/%f0%9f%9a%b6%e2%99%80%ef%b8%8f%f0%9f%9a%a6-espacios-ordenados-calles-con-mejor-movilidad\/\" title=\"\ud83d\udeb6\u200d\u2640\ufe0f\ud83d\udea6 Espacios ordenados, calles con mejor movilidad\" class=\"title-animation-\" aria-label=\"\ud83d\udeb6\u200d\u2640\ufe0f\ud83d\udea6 Espacios ordenados, calles con mejor movilidad\">\ud83d\udeb6\u200d\u2640\ufe0f\ud83d\udea6 Espacios ordenados, calles con mejor movilidad<\/a><\/h3>\t\t\t\t\t\t\t\t\t<\/div>\n\t\t\t\t\t\t\t\t\t\n\n\t\t\t\t\t\t\t\t<\/div>\n\t\t\t\t\t\t\t<\/div>\n\t\t\t\t\t\t<\/div>\n\t\t\t\t\t\t\t\t\t\t<div onclick=\"window.open(&#039;https:\/\/chilpancingo.gob.mx\/portal\/%f0%9f%9a%94-aqui-no-hay-vacaciones-cuando-se-trata-de-cuidar-a-chilpancingo\/&#039;, &#039;_self&#039;)\" class=\"upk-item swiper-slide\">\n\t\t\t\t\t\t\t<div class=\"upk-image-wrap\">\n\t\t\t\t\t\t\t\t<img decoding=\"async\" class=\"upk-img\" src=\"https:\/\/chilpancingo.gob.mx\/portal\/wp-content\/plugins\/elementor\/assets\/images\/placeholder.png\" alt=\"\ud83d\ude94 Aqu\u00ed no hay vacaciones cuando se trata de cuidar a Chilpancingo.\">\n\t\t\t\t\t\t\t\t\n\t\t\t\t\t\t\t\t\n\t\t\t\t\t\t\t\t<div class=\"upk-content-wrap\">\n\n\t\t\t\t\t\t\t\t\t<div class=\"upk-content\">\n\t\t\t\t\t\t\t\t\t\t\t\t\t\t\t\t\t\t\t\t<h3 class=\"upk-title\"><a href=\"https:\/\/chilpancingo.gob.mx\/portal\/%f0%9f%9a%94-aqui-no-hay-vacaciones-cuando-se-trata-de-cuidar-a-chilpancingo\/\" title=\"\ud83d\ude94 Aqu\u00ed no hay vacaciones cuando se trata de cuidar a Chilpancingo.\" class=\"title-animation-\" aria-label=\"\ud83d\ude94 Aqu\u00ed no hay vacaciones cuando se trata de cuidar a Chilpancingo.\">\ud83d\ude94 Aqu\u00ed no hay vacaciones cuando se trata de cuidar a Chilpancingo.<\/a><\/h3>\t\t\t\t\t\t\t\t\t<\/div>\n\t\t\t\t\t\t\t\t\t\n\n\t\t\t\t\t\t\t\t<\/div>\n\t\t\t\t\t\t\t<\/div>\n\t\t\t\t\t\t<\/div>\n\t\t\t\t\t\t\t\t\t\t<div onclick=\"window.open(&#039;https:\/\/chilpancingo.gob.mx\/portal\/%f0%9f%9a%b0-cuando-se-atiende-una-fuga-no-solo-se-repara-una-tuberia-se-protege-el-servicio-para-miles-de-familias\/&#039;, &#039;_self&#039;)\" class=\"upk-item swiper-slide\">\n\t\t\t\t\t\t\t<div class=\"upk-image-wrap\">\n\t\t\t\t\t\t\t\t<img loading=\"lazy\" decoding=\"async\" width=\"590\" height=\"443\" src=\"https:\/\/chilpancingo.gob.mx\/portal\/wp-content\/uploads\/2026\/08\/761515339_1038411905438998_7650388673842424726_n.jpg\" class=\"upk-img\" alt=\"\ud83d\udeb0 Cuando se atiende una fuga, no solo se repara una tuber\u00eda; se protege el servicio para miles de familias.\" srcset=\"https:\/\/chilpancingo.gob.mx\/portal\/wp-content\/uploads\/2026\/08\/761515339_1038411905438998_7650388673842424726_n.jpg 590w, https:\/\/chilpancingo.gob.mx\/portal\/wp-content\/uploads\/2026\/08\/761515339_1038411905438998_7650388673842424726_n-300x225.jpg 300w\" sizes=\"(max-width: 590px) 100vw, 590px\" \/>\n\t\t\t\t\t\t\t\t\n\t\t\t\t\t\t\t\t\n\t\t\t\t\t\t\t\t<div class=\"upk-content-wrap\">\n\n\t\t\t\t\t\t\t\t\t<div class=\"upk-content\">\n\t\t\t\t\t\t\t\t\t\t\t\t\t\t\t\t\t\t\t\t<h3 class=\"upk-title\"><a href=\"https:\/\/chilpancingo.gob.mx\/portal\/%f0%9f%9a%b0-cuando-se-atiende-una-fuga-no-solo-se-repara-una-tuberia-se-protege-el-servicio-para-miles-de-familias\/\" title=\"\ud83d\udeb0 Cuando se atiende una fuga, no solo se repara una tuber\u00eda; se protege el servicio para miles de familias.\" class=\"title-animation-\" aria-label=\"\ud83d\udeb0 Cuando se atiende una fuga, no solo se repara una tuber\u00eda; se protege el servicio para miles de familias.\">\ud83d\udeb0 Cuando se atiende una fuga, no solo se repara una tuber\u00eda; se protege el servicio para miles de familias.<\/a><\/h3>\t\t\t\t\t\t\t\t\t<\/div>\n\t\t\t\t\t\t\t\t\t\n\n\t\t\t\t\t\t\t\t<\/div>\n\t\t\t\t\t\t\t<\/div>\n\t\t\t\t\t\t<\/div>\n\t\t\t\t\t\t<\/div>\n\t\t\t\t<\/div>\n\t\t\n\t\t\t\t\t\t\t<div class=\"upk-position-z-index upk-position-center\">\n\t\t\t<div class=\"upk-arrows-dots-container upk-slidenav-container \">\n\n\t\t\t\t<div class=\"upk-flex upk-flex-middle\">\n\t\t\t\t\t<div class=\"upk-visible@m upk-flex\">\n\t\t\t\t\t\t<div class=\"upk-navigation-prev\">\n\t\t\t\t\t\t\t<i class=\"upk-icon-arrow-left-10\" aria-hidden=\"true\"><\/i>\n\t\t\t\t\t\t<\/div>\n\t\t\t\t\t<\/div>\n\t\t\t\t\t\n\t\t\t\t\t\n\t\t\t\t\t<div class=\"upk-visible@m upk-flex\">\n\t\t\t\t\t\t<div class=\"upk-navigation-next\">\n\t\t\t\t\t\t\t<i class=\"upk-icon-arrow-right-10\" aria-hidden=\"true\"><\/i>\n\t\t\t\t\t\t<\/div>\n\t\t\t\t\t<\/div>\n\n\t\t\t\t<\/div>\n\t\t\t<\/div>\n\t\t<\/div>\n\t\t\t\t\t\t\t\t\t<div class=\"upk-position-z-index upk-position-bottom\">\n\t\t\t\t\t<div class=\"upk-dots-container\">\n\t\t\t\t\t\t<div class=\"swiper-pagination\"><\/div>\n\t\t\t\t\t<\/div>\n\t\t\t\t<\/div>\n\t\t\t\t\t\n\t\t<\/div>\n\t\t<\/div>\n\t\t\t\t\t\t<\/div>\n\t\t\t\t<\/div>\n\t\t\t\t<div class=\"elementor-element elementor-element-9b85418 elementor-widget elementor-widget-image\" data-id=\"9b85418\" data-element_type=\"widget\" data-e-type=\"widget\" data-widget_type=\"image.default\">\n\t\t\t\t<div class=\"elementor-widget-container\">\n\t\t\t\t\t\t\t\t\t\t\t\t\t\t\t<img loading=\"lazy\" decoding=\"async\" width=\"2048\" height=\"237\" src=\"https:\/\/chilpancingo.gob.mx\/portal\/wp-content\/uploads\/2024\/11\/logos2427-2048x237.jpg\" class=\"attachment-2048x2048 size-2048x2048 wp-image-12454\" alt=\"\" srcset=\"https:\/\/chilpancingo.gob.mx\/portal\/wp-content\/uploads\/2024\/11\/logos2427-2048x237.jpg 2048w, https:\/\/chilpancingo.gob.mx\/portal\/wp-content\/uploads\/2024\/11\/logos2427-300x35.jpg 300w, https:\/\/chilpancingo.gob.mx\/portal\/wp-content\/uploads\/2024\/11\/logos2427-1024x119.jpg 1024w, https:\/\/chilpancingo.gob.mx\/portal\/wp-content\/uploads\/2024\/11\/logos2427-768x89.jpg 768w, https:\/\/chilpancingo.gob.mx\/portal\/wp-content\/uploads\/2024\/11\/logos2427-1536x178.jpg 1536w, https:\/\/chilpancingo.gob.mx\/portal\/wp-content\/uploads\/2024\/11\/logos2427.jpg 1200w\" sizes=\"(max-width: 2048px) 100vw, 2048px\" \/>\t\t\t\t\t\t\t\t\t\t\t\t\t\t\t<\/div>\n\t\t\t\t<\/div>\n\t\t\t\t<div class=\"elementor-element elementor-element-b7e20f3 elementor-widget__width-inherit elementor-widget elementor-widget-html\" data-id=\"b7e20f3\" data-element_type=\"widget\" data-e-type=\"widget\" data-settings=\"{&quot;_animation&quot;:&quot;none&quot;}\" data-widget_type=\"html.default\">\n\t\t\t\t<div class=\"elementor-widget-container\">\n\t\t\t\t\t <\/br> \n <\/br>\t\t\t\t<\/div>\n\t\t\t\t<\/div>\n\t\t\t\t\t<\/div>\n\t\t<\/div>\n\t\t\t\t\t<\/div>\n\t\t<\/section>\n\t\t\t\t<section class=\"elementor-section elementor-top-section elementor-element elementor-element-639075e elementor-section-full_width elementor-section-height-default elementor-section-height-default\" data-id=\"639075e\" data-element_type=\"section\" data-e-type=\"section\">\n\t\t\t\t\t\t<div class=\"elementor-container elementor-column-gap-default\">\n\t\t\t\t\t<div class=\"elementor-column elementor-col-100 elementor-top-column elementor-element elementor-element-10b39f6\" data-id=\"10b39f6\" data-element_type=\"column\" data-e-type=\"column\">\n\t\t\t<div class=\"elementor-widget-wrap elementor-element-populated\">\n\t\t\t\t\t\t<div class=\"elementor-element elementor-element-a393bc8 elementor-widget elementor-widget-whitehall_our_features\" data-id=\"a393bc8\" data-element_type=\"widget\" data-e-type=\"widget\" data-widget_type=\"whitehall_our_features.default\">\n\t\t\t\t<div class=\"elementor-widget-container\">\n\t\t\t\t\t        \n        <!-- activities-section -->\n        <section class=\"activities-section centred bg-color-1\">\n            <div class=\"auto-container\">\n                <div class=\"inner-container\">\n                    <div class=\"row clearfix\">\n                                                <div class=\"col-lg-3 col-md-6 col-sm-12 single-column\">\n                            <div class=\"single-item\">\n                                <div class=\"icon-box\"><i class=\"fa fa-money-check-alt\"><\/i><\/div>\n                                <h6>SERVICIOS<\/h6>\n                                <h4>En l\u00ednea<\/h4>\n                            <\/div>\n                        <\/div>\n                                                <div class=\"col-lg-3 col-md-6 col-sm-12 single-column\">\n                            <div class=\"single-item\">\n                                <div class=\"icon-box\"><i class=\"fa fa-clipboard-list\"><\/i><\/div>\n                                <h6>CONSULTA<\/h6>\n                                <h4>Tr\u00e1mites disponibles<\/h4>\n                            <\/div>\n                        <\/div>\n                                                <div class=\"col-lg-3 col-md-6 col-sm-12 single-column\">\n                            <div class=\"single-item\">\n                                <div class=\"icon-box\"><i class=\"fa fa-newspaper\"><\/i><\/div>\n                                <h6>NOTICIAS<\/h6>\n                                <h4>Inf\u00f3rmate<\/h4>\n                            <\/div>\n                        <\/div>\n                                            <\/div>\n                <\/div>\n            <\/div>\n        <\/section>\n        <!-- activities-section end -->\n\n        \t\t\t\t<\/div>\n\t\t\t\t<\/div>\n\t\t\t\t\t<\/div>\n\t\t<\/div>\n\t\t\t\t\t<\/div>\n\t\t<\/section>\n\t\t\t\t<section class=\"elementor-section elementor-top-section elementor-element elementor-element-b65a6de elementor-section-full_width elementor-section-height-default elementor-section-height-default\" data-id=\"b65a6de\" data-element_type=\"section\" data-e-type=\"section\">\n\t\t\t\t\t\t<div class=\"elementor-container elementor-column-gap-default\">\n\t\t\t\t\t<div class=\"elementor-column elementor-col-100 elementor-top-column elementor-element elementor-element-00d687e\" data-id=\"00d687e\" data-element_type=\"column\" data-e-type=\"column\">\n\t\t\t<div class=\"elementor-widget-wrap\">\n\t\t\t\t\t\t\t<\/div>\n\t\t<\/div>\n\t\t\t\t\t<\/div>\n\t\t<\/section>\n\t\t\t\t<section class=\"elementor-section elementor-top-section elementor-element elementor-element-516e056 elementor-section-full_width elementor-hidden-desktop elementor-hidden-tablet elementor-hidden-mobile elementor-section-height-default elementor-section-height-default\" data-id=\"516e056\" data-element_type=\"section\" data-e-type=\"section\" data-settings=\"{&quot;background_background&quot;:&quot;classic&quot;}\">\n\t\t\t\t\t\t<div class=\"elementor-container elementor-column-gap-default\">\n\t\t\t\t\t<div class=\"elementor-column elementor-col-100 elementor-top-column elementor-element elementor-element-0df346b\" data-id=\"0df346b\" data-element_type=\"column\" data-e-type=\"column\">\n\t\t\t<div class=\"elementor-widget-wrap elementor-element-populated\">\n\t\t\t\t\t\t<div class=\"elementor-element elementor-element-f1025e8 elementor-widget elementor-widget-whitehall_online_services\" data-id=\"f1025e8\" data-element_type=\"widget\" data-e-type=\"widget\" data-widget_type=\"whitehall_online_services.default\">\n\t\t\t\t<div class=\"elementor-widget-container\">\n\t\t\t\t\t        \n\t\t\n\t\t<!-- solutions-section -->\n        <section class=\"solutions-section alternat-2\">\n            <div class=\"auto-container\">\n                <div class=\"sec-title centred light\">\n\t\t\t\t\t\t\t\t\t\t<h6><i class=\"flaticon-star\"><\/i><span>Nuestros Servicios<\/span><i class=\"flaticon-star\"><\/i><\/h6>\n\t\t\t\t\t\t\t\t\t\t\n\t\t\t\t\t\t\t\t\t\t<h2>Mejoramos para t\u00ed<\/h2>\n\t\t\t\t\t<div class=\"title-shape\"><\/div>\n\t\t\t\t\t                <\/div>\n                <div class=\"inner-container mr-0\">\n                    <div class=\"upper-box clearfix\">\n\t\t\t\t\t\t                        <div class=\"solution-block-one\">\n                            <div class=\"inner-box\">\n                                <div class=\"icon-box\"><i class=\"icon flaticon-click\"><\/i><\/div>\n                                <h4>Predial y Agua<\/h4>\n                                <p>Paga en l\u00ednea<\/p>\n                            <\/div>\n                        <\/div>\n\t\t\t\t\t\t                        <div class=\"solution-block-one\">\n                            <div class=\"inner-box\">\n                                <div class=\"icon-box\"><i class=\"icon flaticon-click\"><\/i><\/div>\n                                <h4>Catastro<\/h4>\n                                <p>Como y en donde pagar<\/p>\n                            <\/div>\n                        <\/div>\n\t\t\t\t\t\t                        <div class=\"solution-block-one\">\n                            <div class=\"inner-box\">\n                                <div class=\"icon-box\"><i class=\"icon flaticon-click\"><\/i><\/div>\n                                <h4>Tr\u00e1nsito<\/h4>\n                                <p>Como pagar mis infracciones<\/p>\n                            <\/div>\n                        <\/div>\n\t\t\t\t\t\t                        <div class=\"solution-block-one\">\n                            <div class=\"inner-box\">\n                                <div class=\"icon-box\"><i class=\"icon flaticon-click\"><\/i><\/div>\n                                <h4>Licencia<\/h4>\n                                <p>Licencia de manejo<\/p>\n                            <\/div>\n                        <\/div>\n\t\t\t\t\t\t                        <div class=\"solution-block-one\">\n                            <div class=\"inner-box\">\n                                <div class=\"icon-box\"><i class=\"icon flaticon-click\"><\/i><\/div>\n                                <h4>Registro Civil<\/h4>\n                                <p>Tramitar Actas<\/p>\n                            <\/div>\n                        <\/div>\n\t\t\t\t\t\t                        <div class=\"solution-block-one\">\n                            <div class=\"inner-box\">\n                                <div class=\"icon-box\"><i class=\"icon flaticon-click\"><\/i><\/div>\n                                <h4>Atenci\u00f3n a la mujer<\/h4>\n                                <p>Como y en donde recibir atenci\u00f3n<\/p>\n                            <\/div>\n                        <\/div>\n\t\t\t\t\t\t                        <div class=\"solution-block-one\">\n                            <div class=\"inner-box\">\n                                <div class=\"icon-box\"><i class=\"icon flaticon-click\"><\/i><\/div>\n                                <h4>Obras P\u00fablicas<\/h4>\n                                <p>Requisitos para permisos<\/p>\n                            <\/div>\n                        <\/div>\n\t\t\t\t\t\t                        <div class=\"solution-block-one\">\n                            <div class=\"inner-box\">\n                                <div class=\"icon-box\"><i class=\"icon flaticon-click\"><\/i><\/div>\n                                <h4>Registro c\u00edvil<\/h4>\n                                <p>Escrituras exentas<\/p>\n                            <\/div>\n                        <\/div>\n\t\t\t\t\t\t                        <div class=\"solution-block-one\">\n                            <div class=\"inner-box\">\n                                <div class=\"icon-box\"><i class=\"icon flaticon-click\"><\/i><\/div>\n                                <h4>Finanzas<\/h4>\n                                <p>Situaci\u00f3n patrimonial<\/p>\n                            <\/div>\n                        <\/div>\n\t\t\t\t\t\t                    <\/div>\n                    <div class=\"lower-box clearfix\">\n                        <div class=\"bg-layer\" style=\"background-image: url(https:\/\/chilpancingo.gob.mx\/portal\/wp-content\/uploads\/2021\/08\/letrasChilpancingo.jpg);\"><\/div>\n                        <div class=\"text pull-left\">\n                                                        <div class=\"icon-box\"><i class=\"icon flaticon-idea\"><\/i><\/div>\n\t\t\t\t\t\t\t                            <h3>Comparta sus ideas para ayudar al futuro de nuestra ciudad<\/h3>\n                            <p>Todos tenemos diferentes intereses, necesidades y esperanzas para el futuro de nuestra ciudad. \u00bfQu\u00e9 piensas?<\/p>\n                        <\/div>\n\t\t\t\t\t\t\n\t\t\t\t\t\t                        <div class=\"btn-box pull-right\">\n                            <a href=\"https:\/\/chilpancingo.gob.mx\/portal\/contact\/\" class=\"theme-btn\">Comparte tu opini\u00f3n<\/a>\n                        <\/div>\n\t\t\t\t\t\t                    <\/div>\n                <\/div>\n            <\/div>\n        <\/section>\n        <!-- solutions-section end -->\n\t\t\n        \t\t\t\t<\/div>\n\t\t\t\t<\/div>\n\t\t\t\t<div class=\"elementor-element elementor-element-c1ed4f7 elementor-widget-divider--view-line elementor-widget elementor-widget-divider\" data-id=\"c1ed4f7\" data-element_type=\"widget\" data-e-type=\"widget\" data-widget_type=\"divider.default\">\n\t\t\t\t<div class=\"elementor-widget-container\">\n\t\t\t\t\t\t\t<div class=\"elementor-divider\">\n\t\t\t<span class=\"elementor-divider-separator\">\n\t\t\t\t\t\t<\/span>\n\t\t<\/div>\n\t\t\t\t\t\t<\/div>\n\t\t\t\t<\/div>\n\t\t\t\t\t<\/div>\n\t\t<\/div>\n\t\t\t\t\t<\/div>\n\t\t<\/section>\n\t\t\t\t<section class=\"elementor-section elementor-top-section elementor-element elementor-element-defc207 elementor-section-boxed elementor-section-height-default elementor-section-height-default\" data-id=\"defc207\" data-element_type=\"section\" data-e-type=\"section\">\n\t\t\t\t\t\t<div class=\"elementor-container elementor-column-gap-default\">\n\t\t\t\t\t<div class=\"elementor-column elementor-col-100 elementor-top-column elementor-element elementor-element-a02b6df\" data-id=\"a02b6df\" data-element_type=\"column\" data-e-type=\"column\">\n\t\t\t<div class=\"elementor-widget-wrap elementor-element-populated\">\n\t\t\t\t\t\t<div class=\"elementor-element elementor-element-d94345d animated-slow elementor-invisible elementor-widget elementor-widget-image\" data-id=\"d94345d\" data-element_type=\"widget\" data-e-type=\"widget\" data-settings=\"{&quot;_animation&quot;:&quot;shake&quot;,&quot;_animation_delay&quot;:100}\" data-widget_type=\"image.default\">\n\t\t\t\t<div class=\"elementor-widget-container\">\n\t\t\t\t\t\t\t\t\t\t\t\t\t\t\t<img loading=\"lazy\" decoding=\"async\" width=\"525\" height=\"296\" src=\"https:\/\/chilpancingo.gob.mx\/portal\/wp-content\/uploads\/2024\/10\/FuerzaChilpancingo-1024x577.jpg\" class=\"attachment-large size-large wp-image-11965\" alt=\"\" srcset=\"https:\/\/chilpancingo.gob.mx\/portal\/wp-content\/uploads\/2024\/10\/FuerzaChilpancingo-1024x577.jpg 1024w, https:\/\/chilpancingo.gob.mx\/portal\/wp-content\/uploads\/2024\/10\/FuerzaChilpancingo-300x169.jpg 300w, https:\/\/chilpancingo.gob.mx\/portal\/wp-content\/uploads\/2024\/10\/FuerzaChilpancingo-768x433.jpg 768w, https:\/\/chilpancingo.gob.mx\/portal\/wp-content\/uploads\/2024\/10\/FuerzaChilpancingo-1536x866.jpg 1536w, https:\/\/chilpancingo.gob.mx\/portal\/wp-content\/uploads\/2024\/10\/FuerzaChilpancingo.jpg 1200w\" sizes=\"(max-width: 525px) 100vw, 525px\" \/>\t\t\t\t\t\t\t\t\t\t\t\t\t\t\t<\/div>\n\t\t\t\t<\/div>\n\t\t\t\t\t<\/div>\n\t\t<\/div>\n\t\t\t\t\t<\/div>\n\t\t<\/section>\n\t\t\t\t<section class=\"elementor-section elementor-top-section elementor-element elementor-element-7be562d elementor-section-boxed elementor-section-height-default elementor-section-height-default\" data-id=\"7be562d\" data-element_type=\"section\" data-e-type=\"section\">\n\t\t\t\t\t\t<div class=\"elementor-container elementor-column-gap-default\">\n\t\t\t\t\t<div class=\"elementor-column elementor-col-66 elementor-top-column elementor-element elementor-element-6f2f369\" data-id=\"6f2f369\" data-element_type=\"column\" data-e-type=\"column\">\n\t\t\t<div class=\"elementor-widget-wrap elementor-element-populated\">\n\t\t\t\t\t\t<div class=\"elementor-element elementor-element-98770c0 elementor-widget elementor-widget-image\" data-id=\"98770c0\" data-element_type=\"widget\" data-e-type=\"widget\" data-widget_type=\"image.default\">\n\t\t\t\t<div class=\"elementor-widget-container\">\n\t\t\t\t\t\t\t\t\t\t\t\t\t\t\t<img loading=\"lazy\" decoding=\"async\" width=\"500\" height=\"640\" src=\"https:\/\/chilpancingo.gob.mx\/portal\/wp-content\/uploads\/2025\/07\/DirEmergencia.jpg\" class=\"attachment-medium_large size-medium_large wp-image-17954\" alt=\"\" srcset=\"https:\/\/chilpancingo.gob.mx\/portal\/wp-content\/uploads\/2025\/07\/DirEmergencia.jpg 500w, https:\/\/chilpancingo.gob.mx\/portal\/wp-content\/uploads\/2025\/07\/DirEmergencia-234x300.jpg 234w\" sizes=\"(max-width: 500px) 100vw, 500px\" \/>\t\t\t\t\t\t\t\t\t\t\t\t\t\t\t<\/div>\n\t\t\t\t<\/div>\n\t\t\t\t\t<\/div>\n\t\t<\/div>\n\t\t\t\t<div class=\"elementor-column elementor-col-33 elementor-top-column elementor-element elementor-element-6423d28\" data-id=\"6423d28\" data-element_type=\"column\" data-e-type=\"column\">\n\t\t\t<div class=\"elementor-widget-wrap elementor-element-populated\">\n\t\t\t\t\t\t<div class=\"elementor-element elementor-element-fe39085 elementor-widget elementor-widget-text-editor\" data-id=\"fe39085\" data-element_type=\"widget\" data-e-type=\"widget\" data-widget_type=\"text-editor.default\">\n\t\t\t\t<div class=\"elementor-widget-container\">\n\t\t\t\t\t\t\t\t\t<hr>\n<p style=\"text-align: center;\"><br><\/p>\n<p style=\"text-align: center;\"><br><\/p>\n<p style=\"text-align: center;\"><br><\/p><p style=\"text-align: center;\"><br><\/p>\n<p style=\"text-align: center;\">&#8230;<\/p>\n<p style=\"text-align: center;\">\ud83d\udea8 \u00a1Recuerda!<\/p>\n<p style=\"text-align: center;\">&nbsp;tener siempre a la mano&nbsp;<\/p>\n<p style=\"text-align: center;\">estos n\u00fameros de emergencia<br>La prevenci\u00f3n y la respuesta&nbsp;<\/p>\n<p style=\"text-align: center;\">oportuna pueden salvar vidas.<br>\ud83d\udcf2 Guarda esta imagen y<\/p><p style=\"text-align: center;\">&nbsp;comp\u00e1rtela con tu<\/p><p style=\"text-align: center;\">&nbsp;familia y amistades.<\/p><p style=\"text-align: center;\">&#8230;<br>#UnidosChilpancingoRenace<\/p>\n<p style=\"text-align: center;\"><span style=\"text-align: left;\">#Emergencias&nbsp;<\/span><\/p>\n<p style=\"text-align: center;\"><span style=\"text-align: left;\">#Protecci\u00f3nCivil&nbsp;<\/span><\/p>\n<p style=\"text-align: center;\"><span style=\"text-align: left;\">#Seguridad<\/span><\/p>\t\t\t\t\t\t\t\t<\/div>\n\t\t\t\t<\/div>\n\t\t\t\t\t<\/div>\n\t\t<\/div>\n\t\t\t\t\t<\/div>\n\t\t<\/section>\n\t\t\t\t<section class=\"elementor-section elementor-top-section elementor-element elementor-element-01649d4 elementor-section-boxed elementor-section-height-default elementor-section-height-default\" data-id=\"01649d4\" data-element_type=\"section\" data-e-type=\"section\">\n\t\t\t\t\t\t<div class=\"elementor-container elementor-column-gap-default\">\n\t\t\t\t\t<div class=\"elementor-column elementor-col-50 elementor-top-column elementor-element elementor-element-7ac4444\" data-id=\"7ac4444\" data-element_type=\"column\" data-e-type=\"column\">\n\t\t\t<div class=\"elementor-widget-wrap elementor-element-populated\">\n\t\t\t\t\t\t<div class=\"elementor-element elementor-element-e631ea2 elementor-widget elementor-widget-image\" data-id=\"e631ea2\" data-element_type=\"widget\" data-e-type=\"widget\" data-widget_type=\"image.default\">\n\t\t\t\t<div class=\"elementor-widget-container\">\n\t\t\t\t\t\t\t\t\t\t\t\t\t\t\t\t<a href=\"https:\/\/chilpancingo.gob.mx\/portal\/wp-content\/uploads\/2026\/06\/RefugiosTemporales2026-4.jpg\" data-elementor-open-lightbox=\"yes\" data-elementor-lightbox-title=\"RefugiosTemporales2026 (4)\" data-e-action-hash=\"#elementor-action%3Aaction%3Dlightbox%26settings%3DeyJpZCI6MjE5MzUsInVybCI6Imh0dHBzOlwvXC9jaGlscGFuY2luZ28uZ29iLm14XC9wb3J0YWxcL3dwLWNvbnRlbnRcL3VwbG9hZHNcLzIwMjZcLzA2XC9SZWZ1Z2lvc1RlbXBvcmFsZXMyMDI2LTQuanBnIn0%3D\">\n\t\t\t\t\t\t\t<img loading=\"lazy\" decoding=\"async\" width=\"855\" height=\"1200\" src=\"https:\/\/chilpancingo.gob.mx\/portal\/wp-content\/uploads\/2026\/06\/RefugiosTemporales2026-4.jpg\" class=\"attachment-full size-full wp-image-21935\" alt=\"\" srcset=\"https:\/\/chilpancingo.gob.mx\/portal\/wp-content\/uploads\/2026\/06\/RefugiosTemporales2026-4.jpg 855w, https:\/\/chilpancingo.gob.mx\/portal\/wp-content\/uploads\/2026\/06\/RefugiosTemporales2026-4-214x300.jpg 214w, https:\/\/chilpancingo.gob.mx\/portal\/wp-content\/uploads\/2026\/06\/RefugiosTemporales2026-4-730x1024.jpg 730w, https:\/\/chilpancingo.gob.mx\/portal\/wp-content\/uploads\/2026\/06\/RefugiosTemporales2026-4-768x1078.jpg 768w, https:\/\/chilpancingo.gob.mx\/portal\/wp-content\/uploads\/2026\/06\/RefugiosTemporales2026-4-1094x1536.jpg 1094w\" sizes=\"(max-width: 855px) 100vw, 855px\" \/>\t\t\t\t\t\t\t\t<\/a>\n\t\t\t\t\t\t\t\t\t\t\t\t\t\t\t<\/div>\n\t\t\t\t<\/div>\n\t\t\t\t\t<\/div>\n\t\t<\/div>\n\t\t\t\t<div class=\"elementor-column elementor-col-50 elementor-top-column elementor-element elementor-element-142100d\" data-id=\"142100d\" data-element_type=\"column\" data-e-type=\"column\">\n\t\t\t<div class=\"elementor-widget-wrap elementor-element-populated\">\n\t\t\t\t\t\t<div class=\"elementor-element elementor-element-f4570e4 elementor-widget elementor-widget-heading\" data-id=\"f4570e4\" data-element_type=\"widget\" data-e-type=\"widget\" data-widget_type=\"heading.default\">\n\t\t\t\t<div class=\"elementor-widget-container\">\n\t\t\t\t\t<h2 class=\"elementor-heading-title elementor-size-default\"><a href=\"https:\/\/chilpancingo.gob.mx\/portal\/pgc_simply_gallery\/capach\/\" target=\"_blank\">PROTECCI\u00d3N CIVIL<\/a><\/h2>\t\t\t\t<\/div>\n\t\t\t\t<\/div>\n\t\t\t\t<div class=\"elementor-element elementor-element-435256e elementor-widget elementor-widget-text-editor\" data-id=\"435256e\" data-element_type=\"widget\" data-e-type=\"widget\" data-widget_type=\"text-editor.default\">\n\t\t\t\t<div class=\"elementor-widget-container\">\n\t\t\t\t\t\t\t\t\t<h6>\ud83d\udccd Protecci\u00f3n Civil Municipal se encuentra en alerta permanente para salvaguardar a las familias de la capital.<br \/>Por instrucci\u00f3n del presidente municipal Dr. Gustavo Alarc\u00f3n Herrera , se han reforzado los operativos preventivos en zonas de riesgo: barrancas, arroyos y asentamientos irregulares.<br \/>\ud83c\udfe0 Refugios temporales ya est\u00e1n habilitados y listos para activarse en caso de emergencia.<br \/>\ud83d\udea8 Brigadas supervisan cauces y laderas, y monitorean en tiempo real las condiciones del clima.<br \/>\ud83d\udce3 La instrucci\u00f3n es clara: proteger a las familias chilpancingue\u00f1as. No bajaremos la guardia<br \/>\ud83d\udc65 Se invita a la poblaci\u00f3n a mantenerse informada por canales oficiales y seguir todas las medidas preventivas.<br \/>\ud83d\udd14 La prevenci\u00f3n es tarea de todos.<\/h6><p>\u00a0<\/p>\t\t\t\t\t\t\t\t<\/div>\n\t\t\t\t<\/div>\n\t\t\t\t<section class=\"elementor-section elementor-inner-section elementor-element elementor-element-1b03c6b elementor-section-boxed elementor-section-height-default elementor-section-height-default\" data-id=\"1b03c6b\" data-element_type=\"section\" data-e-type=\"section\">\n\t\t\t\t\t\t<div class=\"elementor-container elementor-column-gap-default\">\n\t\t\t\t\t<div class=\"elementor-column elementor-col-50 elementor-inner-column elementor-element elementor-element-53f6c14\" data-id=\"53f6c14\" data-element_type=\"column\" data-e-type=\"column\">\n\t\t\t<div class=\"elementor-widget-wrap elementor-element-populated\">\n\t\t\t\t\t\t<div class=\"elementor-element elementor-element-9c63ed0 elementor-widget elementor-widget-image\" data-id=\"9c63ed0\" data-element_type=\"widget\" data-e-type=\"widget\" data-widget_type=\"image.default\">\n\t\t\t\t<div class=\"elementor-widget-container\">\n\t\t\t\t\t\t\t\t\t\t\t\t\t\t\t\t<a href=\"https:\/\/chilpancingo.gob.mx\/portal\/wp-content\/uploads\/2026\/06\/RefugiosTemporales2026-3.jpg\" data-elementor-open-lightbox=\"yes\" data-elementor-lightbox-title=\"RefugiosTemporales2026 (3)\" data-e-action-hash=\"#elementor-action%3Aaction%3Dlightbox%26settings%3DeyJpZCI6MjE5MzYsInVybCI6Imh0dHBzOlwvXC9jaGlscGFuY2luZ28uZ29iLm14XC9wb3J0YWxcL3dwLWNvbnRlbnRcL3VwbG9hZHNcLzIwMjZcLzA2XC9SZWZ1Z2lvc1RlbXBvcmFsZXMyMDI2LTMuanBnIn0%3D\">\n\t\t\t\t\t\t\t<img decoding=\"async\" src=\"https:\/\/chilpancingo.gob.mx\/portal\/wp-content\/uploads\/elementor\/thumbs\/RefugiosTemporales2026-3-rombqlbqh9e3nfpp61p2cyelvc9frrnq2fscpuv54o.jpg\" title=\"RefugiosTemporales2026 (3)\" alt=\"RefugiosTemporales2026 (3)\" loading=\"lazy\" \/>\t\t\t\t\t\t\t\t<\/a>\n\t\t\t\t\t\t\t\t\t\t\t\t\t\t\t<\/div>\n\t\t\t\t<\/div>\n\t\t\t\t<div class=\"elementor-element elementor-element-79c9d01 elementor-widget elementor-widget-image\" data-id=\"79c9d01\" data-element_type=\"widget\" data-e-type=\"widget\" data-widget_type=\"image.default\">\n\t\t\t\t<div class=\"elementor-widget-container\">\n\t\t\t\t\t\t\t\t\t\t\t\t\t\t\t\t<a href=\"https:\/\/chilpancingo.gob.mx\/portal\/wp-content\/uploads\/2026\/06\/RefugiosTemporales2026-1.jpg\" data-elementor-open-lightbox=\"yes\" data-elementor-lightbox-title=\"RefugiosTemporales2026 (1)\" data-e-action-hash=\"#elementor-action%3Aaction%3Dlightbox%26settings%3DeyJpZCI6MjE5MzgsInVybCI6Imh0dHBzOlwvXC9jaGlscGFuY2luZ28uZ29iLm14XC9wb3J0YWxcL3dwLWNvbnRlbnRcL3VwbG9hZHNcLzIwMjZcLzA2XC9SZWZ1Z2lvc1RlbXBvcmFsZXMyMDI2LTEuanBnIn0%3D\">\n\t\t\t\t\t\t\t<img decoding=\"async\" src=\"https:\/\/chilpancingo.gob.mx\/portal\/wp-content\/uploads\/elementor\/thumbs\/RefugiosTemporales2026-1-rombslpb3i56heskfezc6y53m0cp8gn20e0qo5vttk.jpg\" title=\"RefugiosTemporales2026 (1)\" alt=\"RefugiosTemporales2026 (1)\" loading=\"lazy\" \/>\t\t\t\t\t\t\t\t<\/a>\n\t\t\t\t\t\t\t\t\t\t\t\t\t\t\t<\/div>\n\t\t\t\t<\/div>\n\t\t\t\t\t<\/div>\n\t\t<\/div>\n\t\t\t\t<div class=\"elementor-column elementor-col-50 elementor-inner-column elementor-element elementor-element-7227787\" data-id=\"7227787\" data-element_type=\"column\" data-e-type=\"column\">\n\t\t\t<div class=\"elementor-widget-wrap elementor-element-populated\">\n\t\t\t\t\t\t<div class=\"elementor-element elementor-element-b671bb8 elementor-widget elementor-widget-image\" data-id=\"b671bb8\" data-element_type=\"widget\" data-e-type=\"widget\" data-widget_type=\"image.default\">\n\t\t\t\t<div class=\"elementor-widget-container\">\n\t\t\t\t\t\t\t\t\t\t\t\t\t\t\t\t<a href=\"https:\/\/chilpancingo.gob.mx\/portal\/wp-content\/uploads\/2026\/06\/RefugiosTemporales2026-2.jpg\" data-elementor-open-lightbox=\"yes\" data-elementor-lightbox-title=\"RefugiosTemporales2026 (2)\" data-e-action-hash=\"#elementor-action%3Aaction%3Dlightbox%26settings%3DeyJpZCI6MjE5MzcsInVybCI6Imh0dHBzOlwvXC9jaGlscGFuY2luZ28uZ29iLm14XC9wb3J0YWxcL3dwLWNvbnRlbnRcL3VwbG9hZHNcLzIwMjZcLzA2XC9SZWZ1Z2lvc1RlbXBvcmFsZXMyMDI2LTIuanBnIn0%3D\">\n\t\t\t\t\t\t\t<img decoding=\"async\" src=\"https:\/\/chilpancingo.gob.mx\/portal\/wp-content\/uploads\/elementor\/thumbs\/RefugiosTemporales2026-2-rombrgceqskkakgn4x3r58kth20jts2v6pbdjzl5fc.jpg\" title=\"RefugiosTemporales2026 (2)\" alt=\"RefugiosTemporales2026 (2)\" loading=\"lazy\" \/>\t\t\t\t\t\t\t\t<\/a>\n\t\t\t\t\t\t\t\t\t\t\t\t\t\t\t<\/div>\n\t\t\t\t<\/div>\n\t\t\t\t\t<\/div>\n\t\t<\/div>\n\t\t\t\t\t<\/div>\n\t\t<\/section>\n\t\t\t\t\t<\/div>\n\t\t<\/div>\n\t\t\t\t\t<\/div>\n\t\t<\/section>\n\t\t\t\t<section class=\"elementor-section elementor-top-section elementor-element elementor-element-2251785 elementor-section-boxed elementor-section-height-default elementor-section-height-default\" data-id=\"2251785\" data-element_type=\"section\" data-e-type=\"section\">\n\t\t\t\t\t\t<div class=\"elementor-container elementor-column-gap-default\">\n\t\t\t\t\t<div class=\"elementor-column elementor-col-100 elementor-top-column elementor-element elementor-element-9ee5263\" data-id=\"9ee5263\" data-element_type=\"column\" data-e-type=\"column\">\n\t\t\t<div class=\"elementor-widget-wrap\">\n\t\t\t\t\t\t\t<\/div>\n\t\t<\/div>\n\t\t\t\t\t<\/div>\n\t\t<\/section>\n\t\t\t\t<section class=\"elementor-section elementor-top-section elementor-element elementor-element-9569a08 elementor-section-boxed elementor-section-height-default elementor-section-height-default\" data-id=\"9569a08\" data-element_type=\"section\" data-e-type=\"section\">\n\t\t\t\t\t\t<div class=\"elementor-container elementor-column-gap-default\">\n\t\t\t\t\t<div class=\"elementor-column elementor-col-50 elementor-top-column elementor-element elementor-element-6082a6b\" data-id=\"6082a6b\" data-element_type=\"column\" data-e-type=\"column\">\n\t\t\t<div class=\"elementor-widget-wrap elementor-element-populated\">\n\t\t\t\t\t\t<div class=\"elementor-element elementor-element-708b690 elementor-widget elementor-widget-image\" data-id=\"708b690\" data-element_type=\"widget\" data-e-type=\"widget\" data-widget_type=\"image.default\">\n\t\t\t\t<div class=\"elementor-widget-container\">\n\t\t\t\t\t\t\t\t\t\t\t\t\t\t\t<img loading=\"lazy\" decoding=\"async\" width=\"960\" height=\"1200\" src=\"https:\/\/chilpancingo.gob.mx\/portal\/wp-content\/uploads\/2026\/06\/PAgoCapach.jpg\" class=\"attachment-full size-full wp-image-21941\" alt=\"\" srcset=\"https:\/\/chilpancingo.gob.mx\/portal\/wp-content\/uploads\/2026\/06\/PAgoCapach.jpg 960w, https:\/\/chilpancingo.gob.mx\/portal\/wp-content\/uploads\/2026\/06\/PAgoCapach-240x300.jpg 240w, https:\/\/chilpancingo.gob.mx\/portal\/wp-content\/uploads\/2026\/06\/PAgoCapach-819x1024.jpg 819w, https:\/\/chilpancingo.gob.mx\/portal\/wp-content\/uploads\/2026\/06\/PAgoCapach-768x960.jpg 768w\" sizes=\"(max-width: 960px) 100vw, 960px\" \/>\t\t\t\t\t\t\t\t\t\t\t\t\t\t\t<\/div>\n\t\t\t\t<\/div>\n\t\t\t\t\t<\/div>\n\t\t<\/div>\n\t\t\t\t<div class=\"elementor-column elementor-col-50 elementor-top-column elementor-element elementor-element-f3e55dc\" data-id=\"f3e55dc\" data-element_type=\"column\" data-e-type=\"column\">\n\t\t\t<div class=\"elementor-widget-wrap elementor-element-populated\">\n\t\t\t\t\t\t<div class=\"elementor-element elementor-element-fcefc0f elementor-widget elementor-widget-heading\" data-id=\"fcefc0f\" data-element_type=\"widget\" data-e-type=\"widget\" data-widget_type=\"heading.default\">\n\t\t\t\t<div class=\"elementor-widget-container\">\n\t\t\t\t\t<h2 class=\"elementor-heading-title elementor-size-default\"><a href=\"https:\/\/chilpancingo.gob.mx\/portal\/pgc_simply_gallery\/capach\/\" target=\"_blank\">CAPACH<\/a><\/h2>\t\t\t\t<\/div>\n\t\t\t\t<\/div>\n\t\t\t\t<div class=\"elementor-element elementor-element-fab22de elementor-widget elementor-widget-text-editor\" data-id=\"fab22de\" data-element_type=\"widget\" data-e-type=\"widget\" data-widget_type=\"text-editor.default\">\n\t\t\t\t<div class=\"elementor-widget-container\">\n\t\t\t\t\t\t\t\t\t<p>Distinguido contribuyente, la Comisi\u00f3n de Agua Potable y Allcantarillado de Chilpancingo (CAPACH), recuerda que todo pago que realices por conceptos de tr\u00e1mites o servicios, deben realizarse en el \u00e1rea de cajas, no aceptes ayuda de intermediarios, en esta contralor\u00eda municipal atenderemos tu queja o denuncia por cualquier intento de soborno.<\/p>\n<p><br><\/p>\t\t\t\t\t\t\t\t<\/div>\n\t\t\t\t<\/div>\n\t\t\t\t<div class=\"elementor-element elementor-element-37cda86 elementor-align-center elementor-widget elementor-widget-button\" data-id=\"37cda86\" data-element_type=\"widget\" data-e-type=\"widget\" data-widget_type=\"button.default\">\n\t\t\t\t<div class=\"elementor-widget-container\">\n\t\t\t\t\t\t\t\t\t<div class=\"elementor-button-wrapper\">\n\t\t\t\t\t<a class=\"elementor-button elementor-button-link elementor-size-lg\" href=\"https:\/\/chilpancingo.gob.mx\/portal\/pgc_simply_gallery\/capach\/\" target=\"_blank\">\n\t\t\t\t\t\t<span class=\"elementor-button-content-wrapper\">\n\t\t\t\t\t\t<span class=\"elementor-button-icon\">\n\t\t\t\t<i aria-hidden=\"true\" class=\"far fa-images\"><\/i>\t\t\t<\/span>\n\t\t\t\t\t\t\t\t\t<span class=\"elementor-button-text\">Ver toda la informaci\u00f3n<\/span>\n\t\t\t\t\t<\/span>\n\t\t\t\t\t<\/a>\n\t\t\t\t<\/div>\n\t\t\t\t\t\t\t\t<\/div>\n\t\t\t\t<\/div>\n\t\t\t\t<section class=\"elementor-section elementor-inner-section elementor-element elementor-element-1b6ca9a elementor-section-boxed elementor-section-height-default elementor-section-height-default\" data-id=\"1b6ca9a\" data-element_type=\"section\" data-e-type=\"section\">\n\t\t\t\t\t\t<div class=\"elementor-container elementor-column-gap-default\">\n\t\t\t\t\t<div class=\"elementor-column elementor-col-50 elementor-inner-column elementor-element elementor-element-28a9a80\" data-id=\"28a9a80\" data-element_type=\"column\" data-e-type=\"column\">\n\t\t\t<div class=\"elementor-widget-wrap elementor-element-populated\">\n\t\t\t\t\t\t<div class=\"elementor-element elementor-element-84a10b6 elementor-widget elementor-widget-image\" data-id=\"84a10b6\" data-element_type=\"widget\" data-e-type=\"widget\" data-widget_type=\"image.default\">\n\t\t\t\t<div class=\"elementor-widget-container\">\n\t\t\t\t\t\t\t\t\t\t\t\t\t\t\t<img decoding=\"async\" src=\"https:\/\/chilpancingo.gob.mx\/portal\/wp-content\/uploads\/elementor\/thumbs\/agua-q9dauw7pbwyretmiazv0k5fxkm67e46uyvz9resma8.png\" title=\"agua\" alt=\"agua\" loading=\"lazy\" \/>\t\t\t\t\t\t\t\t\t\t\t\t\t\t\t<\/div>\n\t\t\t\t<\/div>\n\t\t\t\t\t<\/div>\n\t\t<\/div>\n\t\t\t\t<div class=\"elementor-column elementor-col-50 elementor-inner-column elementor-element elementor-element-93d9e87\" data-id=\"93d9e87\" data-element_type=\"column\" data-e-type=\"column\">\n\t\t\t<div class=\"elementor-widget-wrap elementor-element-populated\">\n\t\t\t\t\t\t<div class=\"elementor-element elementor-element-e64ab9e elementor-widget elementor-widget-text-editor\" data-id=\"e64ab9e\" data-element_type=\"widget\" data-e-type=\"widget\" data-widget_type=\"text-editor.default\">\n\t\t\t\t<div class=\"elementor-widget-container\">\n\t\t\t\t\t\t\t\t\t<h3><strong>Si eres v\u00edctima de fraudes reporta a los n\u00fameros en pantalla.<\/strong><\/h3><p>\u00a0<\/p><h2>TEL: 7471378565<br \/><strong>EXT: 1003<\/strong><\/h2>\t\t\t\t\t\t\t\t<\/div>\n\t\t\t\t<\/div>\n\t\t\t\t\t<\/div>\n\t\t<\/div>\n\t\t\t\t\t<\/div>\n\t\t<\/section>\n\t\t\t\t\t<\/div>\n\t\t<\/div>\n\t\t\t\t\t<\/div>\n\t\t<\/section>\n\t\t\t\t<section class=\"elementor-section elementor-top-section elementor-element elementor-element-20dc5ec elementor-section-full_width elementor-section-height-default elementor-section-height-default\" data-id=\"20dc5ec\" data-element_type=\"section\" data-e-type=\"section\" data-settings=\"{&quot;background_background&quot;:&quot;classic&quot;}\">\n\t\t\t\t\t\t<div class=\"elementor-container elementor-column-gap-default\">\n\t\t\t\t\t<div class=\"elementor-column elementor-col-100 elementor-top-column elementor-element elementor-element-1d56cee\" data-id=\"1d56cee\" data-element_type=\"column\" data-e-type=\"column\">\n\t\t\t<div class=\"elementor-widget-wrap elementor-element-populated\">\n\t\t\t\t\t\t<div class=\"elementor-element elementor-element-c06b665 elementor-widget elementor-widget-spacer\" data-id=\"c06b665\" data-element_type=\"widget\" data-e-type=\"widget\" data-widget_type=\"spacer.default\">\n\t\t\t\t<div class=\"elementor-widget-container\">\n\t\t\t\t\t\t\t<div class=\"elementor-spacer\">\n\t\t\t<div class=\"elementor-spacer-inner\"><\/div>\n\t\t<\/div>\n\t\t\t\t\t\t<\/div>\n\t\t\t\t<\/div>\n\t\t\t\t\t<\/div>\n\t\t<\/div>\n\t\t\t\t\t<\/div>\n\t\t<\/section>\n\t\t\t\t<section class=\"elementor-section elementor-top-section elementor-element elementor-element-698bf81 elementor-section-full_width elementor-section-height-default elementor-section-height-default\" data-id=\"698bf81\" data-element_type=\"section\" data-e-type=\"section\">\n\t\t\t\t\t\t<div class=\"elementor-container elementor-column-gap-default\">\n\t\t\t\t\t<div class=\"elementor-column elementor-col-100 elementor-top-column elementor-element elementor-element-5cae3a3\" data-id=\"5cae3a3\" data-element_type=\"column\" data-e-type=\"column\">\n\t\t\t<div class=\"elementor-widget-wrap elementor-element-populated\">\n\t\t\t\t\t\t<div class=\"elementor-element elementor-element-0275fdc elementor-widget elementor-widget-whitehall_blog_v1\" data-id=\"0275fdc\" data-element_type=\"widget\" data-e-type=\"widget\" data-widget_type=\"whitehall_blog_v1.default\">\n\t\t\t\t<div class=\"elementor-widget-container\">\n\t\t\t\t\t        \n\t\t<!-- news-section -->\n        <section class=\"news-section bg-color-1\">\n            <div class=\"auto-container\">\n                <div class=\"sec-title centred\">\n\t\t\t\t\t\t\t\t\t\t<h6><i class=\"flaticon-star\"><\/i><span>Sala de Prensa<\/span><i class=\"flaticon-star\"><\/i><\/h6>\n\t\t\t\t\t\t\t\t\t\t\n\t\t\t\t\t                    <h2>Lo \u00faltimo de nuestra sala de prensa<\/h2>\n                    <div class=\"title-shape\"><\/div>\n\t\t\t\t\t                <\/div>\n                <div class=\"row clearfix\">\n                                        <div class=\"col-lg-4 col-md-6 col-sm-12 news-block\">\n                        <div class=\"news-block-one wow fadeInUp animated animated\" data-wow-delay=\"300ms\" data-wow-duration=\"1500ms\">\n                            <div class=\"inner-box\">\n                                <div class=\"image-box\">\n                                    <figure class=\"image\">\n                                        <a href=\"https:\/\/chilpancingo.gob.mx\/portal\/%f0%9f%9b%a0%ef%b8%8f-asi-se-trabaja-todos-los-dias-en-chilpancingo\/\"><i class=\"fas fa-link\"><\/i><\/a>\n                                        <img loading=\"lazy\" decoding=\"async\" width=\"370\" height=\"270\" src=\"https:\/\/chilpancingo.gob.mx\/portal\/wp-content\/uploads\/2026\/08\/790547264_122213577338551875_8525150690948629747_n-370x270.jpg\" class=\"attachment-whitehall_370x270 size-whitehall_370x270 wp-post-image\" alt=\"\" \/>                                    <\/figure>\n                                    <div class=\"post-date\"><h3>28<span>Ago\u201926<\/span><\/h3><\/div>\n                                <\/div>\n                                <div class=\"lower-content\">\n                                    <div class=\"category\"><a href=\"javascript:;\"><i class=\"flaticon-star\"><\/i>Sala de prensa<\/a><\/div>\n                                    <h4><a href=\"https:\/\/chilpancingo.gob.mx\/portal\/%f0%9f%9b%a0%ef%b8%8f-asi-se-trabaja-todos-los-dias-en-chilpancingo\/\">\ud83d\udee0\ufe0f As\u00ed se trabaja todos los d\u00edas en Chilpancingo.<\/a><\/h4>\n                                    <p>\ud83d\udca7 Durante esta jornada se atendieron distintos puntos del municipio con trabajos de agua potable, drenaje, limpieza,&hellip;<\/p>\n                                    <ul class=\"post-info clearfix\">\n                                        <li><i class=\"far fa-user\"><\/i><a href=\"https:\/\/chilpancingo.gob.mx\/portal\/author\/vico\/\">Victor Diaz Avila<\/a><\/li>\n                                        <li><i class=\"far fa-comment\"><\/i><a href=\"https:\/\/chilpancingo.gob.mx\/portal\/%f0%9f%9b%a0%ef%b8%8f-asi-se-trabaja-todos-los-dias-en-chilpancingo\/#comments\">0 Comments<\/a><\/li>\n                                    <\/ul>\n                                <\/div>\n                            <\/div>\n                        <\/div>\n                    <\/div>\n                                        <div class=\"col-lg-4 col-md-6 col-sm-12 news-block\">\n                        <div class=\"news-block-one wow fadeInUp animated animated\" data-wow-delay=\"300ms\" data-wow-duration=\"1500ms\">\n                            <div class=\"inner-box\">\n                                <div class=\"image-box\">\n                                    <figure class=\"image\">\n                                        <a href=\"https:\/\/chilpancingo.gob.mx\/portal\/%f0%9f%9a%a7%f0%9f%92%a7%f0%9f%92%a1%f0%9f%8f%ab-asi-se-mueve-chilpancingo-en-un-dia-de-trabajo\/\"><i class=\"fas fa-link\"><\/i><\/a>\n                                        <img loading=\"lazy\" decoding=\"async\" width=\"370\" height=\"270\" src=\"https:\/\/chilpancingo.gob.mx\/portal\/wp-content\/uploads\/2026\/08\/784717321_1051647887260739_5302203471268933642_n-370x270.jpg\" class=\"attachment-whitehall_370x270 size-whitehall_370x270 wp-post-image\" alt=\"\" \/>                                    <\/figure>\n                                    <div class=\"post-date\"><h3>28<span>Ago\u201926<\/span><\/h3><\/div>\n                                <\/div>\n                                <div class=\"lower-content\">\n                                    <div class=\"category\"><a href=\"javascript:;\"><i class=\"flaticon-star\"><\/i>Sala de prensa<\/a><\/div>\n                                    <h4><a href=\"https:\/\/chilpancingo.gob.mx\/portal\/%f0%9f%9a%a7%f0%9f%92%a7%f0%9f%92%a1%f0%9f%8f%ab-asi-se-mueve-chilpancingo-en-un-dia-de-trabajo\/\">\ud83d\udea7\ud83d\udca7\ud83d\udca1\ud83c\udfeb As\u00ed se mueve Chilpancingo en un d\u00eda de trabajo.<\/a><\/h4>\n                                    <p>Las cuadrillas municipales atendieron necesidades distintas en varios puntos del municipio: trabajos de drenaje y descargas en&hellip;<\/p>\n                                    <ul class=\"post-info clearfix\">\n                                        <li><i class=\"far fa-user\"><\/i><a href=\"https:\/\/chilpancingo.gob.mx\/portal\/author\/vico\/\">Victor Diaz Avila<\/a><\/li>\n                                        <li><i class=\"far fa-comment\"><\/i><a href=\"https:\/\/chilpancingo.gob.mx\/portal\/%f0%9f%9a%a7%f0%9f%92%a7%f0%9f%92%a1%f0%9f%8f%ab-asi-se-mueve-chilpancingo-en-un-dia-de-trabajo\/#comments\">0 Comments<\/a><\/li>\n                                    <\/ul>\n                                <\/div>\n                            <\/div>\n                        <\/div>\n                    <\/div>\n                                        <div class=\"col-lg-4 col-md-6 col-sm-12 news-block\">\n                        <div class=\"news-block-one wow fadeInUp animated animated\" data-wow-delay=\"300ms\" data-wow-duration=\"1500ms\">\n                            <div class=\"inner-box\">\n                                <div class=\"image-box\">\n                                    <figure class=\"image\">\n                                        <a href=\"https:\/\/chilpancingo.gob.mx\/portal\/%f0%9f%9a%92-el-valor-no-se-dice-se-demuestra-cuando-hay-que-entrar-donde-los-demas-tienen-que-salir-%f0%9f%91%b7%f0%9f%8f%bc%e2%9c%85\/\"><i class=\"fas fa-link\"><\/i><\/a>\n                                        <img loading=\"lazy\" decoding=\"async\" width=\"370\" height=\"270\" src=\"https:\/\/chilpancingo.gob.mx\/portal\/wp-content\/uploads\/2026\/08\/783950061_1595322032215174_1666997145252404219_n-370x270.jpg\" class=\"attachment-whitehall_370x270 size-whitehall_370x270 wp-post-image\" alt=\"\" \/>                                    <\/figure>\n                                    <div class=\"post-date\"><h3>24<span>Ago\u201926<\/span><\/h3><\/div>\n                                <\/div>\n                                <div class=\"lower-content\">\n                                    <div class=\"category\"><a href=\"javascript:;\"><i class=\"flaticon-star\"><\/i>Sala de prensa<\/a><\/div>\n                                    <h4><a href=\"https:\/\/chilpancingo.gob.mx\/portal\/%f0%9f%9a%92-el-valor-no-se-dice-se-demuestra-cuando-hay-que-entrar-donde-los-demas-tienen-que-salir-%f0%9f%91%b7%f0%9f%8f%bc%e2%9c%85\/\">\ud83d\ude92 EL VALOR NO SE DICE. SE DEMUESTRA CUANDO HAY QUE ENTRAR DONDE LOS DEM\u00c1S TIENEN QUE SALIR.\ud83d\udc77\ud83c\udffc\u2705<\/a><\/h4>\n                                    <p>En el D\u00eda Nacional del Bombero, Chilpancingo reconoce la entrega, disciplina, preparaci\u00f3n y responsabilidad de las mujeres&hellip;<\/p>\n                                    <ul class=\"post-info clearfix\">\n                                        <li><i class=\"far fa-user\"><\/i><a href=\"https:\/\/chilpancingo.gob.mx\/portal\/author\/vico\/\">Victor Diaz Avila<\/a><\/li>\n                                        <li><i class=\"far fa-comment\"><\/i><a href=\"https:\/\/chilpancingo.gob.mx\/portal\/%f0%9f%9a%92-el-valor-no-se-dice-se-demuestra-cuando-hay-que-entrar-donde-los-demas-tienen-que-salir-%f0%9f%91%b7%f0%9f%8f%bc%e2%9c%85\/#comments\">0 Comments<\/a><\/li>\n                                    <\/ul>\n                                <\/div>\n                            <\/div>\n                        <\/div>\n                    <\/div>\n                                    <\/div>\n            <\/div>\n        <\/section>\n        <!-- news-section end -->\n        \n        \t\t\t\t<\/div>\n\t\t\t\t<\/div>\n\t\t\t\t<div class=\"elementor-element elementor-element-4f77b36 elementor-widget elementor-widget-whitehall_about_us_v1\" data-id=\"4f77b36\" data-element_type=\"widget\" data-e-type=\"widget\" data-settings=\"{&quot;_animation&quot;:&quot;none&quot;}\" data-widget_type=\"whitehall_about_us_v1.default\">\n\t\t\t\t<div class=\"elementor-widget-container\">\n\t\t\t\t\t        \n        <!-- about-section -->\n        <section class=\"about-section sec-pad bg-color-1\">\n            <div class=\"auto-container\">\n                <div class=\"row clearfix\">\n                    <div class=\"col-lg-6 col-md-12 col-sm-12 content-column\">\n                        <div class=\"content_block_1\">\n                            <div class=\"content-box\">\n                                <div class=\"sec-title\">\n                                    \t\t\t\t\t\t\t\t\t<h6><i class=\"flaticon-star\"><\/i><span><a href=\"#\">Conoce al presidente<\/a><\/span><\/h6>\n\t\t\t\t\t\t\t\t\t\t\t\t\t\t\t\t\t\t\n                                    \t\t\t\t\t\t\t\t\t<h2>Dr. Gustavo Alarc\u00f3n Herrera <\/h2>\n                                    <div class=\"title-shape\"><\/div>\n\t\t\t\t\t\t\t\t\t                                <\/div>\n                                <div class=\"text\">\n                                    <h5><\/h5>\n                                    <h4>Presidente Municipal Constitucional 2024-2027<\/h4>\n                                    <p>Conoce su trayectoria<\/p>\n                                <\/div>\n                                <div class=\"inner-box clearfix\">\n                                    <figure class=\"signature pull-left\"><img decoding=\"async\" src=\"https:\/\/chilpancingo.gob.mx\/portal\/wp-content\/uploads\/2024\/10\/LogoHAyto24-27-GobiernoMpal-1.png\" alt=\"Signature\"><\/figure>\n                                    <ul class=\"social-style-one clearfix\">\n\t\t\t\t\t\t\t\t\t\t                                        <li><a href=\"https:\/\/www.facebook.com\/profile.php?id=100094735922850\" target=\"_blank\"><i class=\"fab fa fa-facebook-f\"><\/i><\/a><\/li>\n                                                                            <\/ul>\n                                <\/div>\n                                <div class=\"lower-box\">\n                                    <div class=\"row clearfix\">\n\t\t\t\t\t\t\t\t\t\t                                        <div class=\"col-lg-6 col-md-6 col-sm-12 single-column\">\n                                            <div class=\"single-item wow fadeInLeft animated animated\" data-wow-delay=\"00ms\" data-wow-duration=\"1500ms\">\n                                                <div class=\"icon-box\"><i class=\"\"><\/i><\/div>\n                                                <h5><\/h5>\n                                                <p><a href=\"tel:\"><\/a> <\/p>\n                                            <\/div>\n                                        <\/div>\n                                                                            <\/div>\n                                <\/div>\n                            <\/div>\n                        <\/div>\n                    <\/div>\n                    <div class=\"col-lg-6 col-md-12 col-sm-12 image-column\">\n                        <div class=\"image_block_1\">\n                            <div class=\"image-box\">\n\t\t\t\t\t\t\t\t                                <figure class=\"image\"><img decoding=\"async\" src=\"https:\/\/chilpancingo.gob.mx\/portal\/wp-content\/uploads\/2024\/10\/PresiAlarcon.jpeg\" alt=\"Awesome Image\"><\/figure>\n\t\t\t\t\t\t\t\t\t\t\t\t\t\t\t\t                                <div class=\"text\">\n                                    <h4><a href=\"#\">Presidente Municipal Constitucional<\/a><\/h4>\n                                <\/div>\n\t\t\t\t\t\t\t\t                            <\/div>\n                        <\/div>\n                    <\/div>\n                <\/div>\n            <\/div>\n        <\/section>\n        <!-- about-section end -->\n\n        \t\t\t\t<\/div>\n\t\t\t\t<\/div>\n\t\t\t\t<div class=\"elementor-element elementor-element-e0da8f5 elementor-widget elementor-widget-whitehall_explore_city_government\" data-id=\"e0da8f5\" data-element_type=\"widget\" data-e-type=\"widget\" data-widget_type=\"whitehall_explore_city_government.default\">\n\t\t\t\t<div class=\"elementor-widget-container\">\n\t\t\t\t\t        \n        <!-- explore-section -->\n        <section class=\"explore-section centred bg-color-2\">\n            <figure class=\"vector-image\"><img decoding=\"async\" src=\"https:\/\/chilpancingo.gob.mx\/portal\/wp-content\/uploads\/2024\/11\/logos2427.jpg\" alt=\"Background Image\"><\/figure>\n            <div class=\"pattern-layer\" style=\"background-image: url();\"><\/div>\n            <div class=\"auto-container\">\n                <div class=\"sec-title centred light\">\n\t\t\t\t\t                    <h6><i class=\"flaticon-star\"><\/i><span>Chilpancingo de los Bravo<\/span><i class=\"flaticon-star\"><\/i><\/h6>\n\t\t\t\t\t\t\t\t\t\t\n\t\t\t\t\t                    <h2>Conoce tu Municipio<\/h2>\n                    <div class=\"title-shape\"><\/div>\n\t\t\t\t\t                <\/div>\n                <div class=\"row clearfix\">\n                                        <div class=\"col-lg-4 col-md-6 col-sm-12 explore-block\">\n                        <div class=\"explore-block-one wow fadeInUp animated animated\" data-wow-delay=\"300ms\" data-wow-duration=\"1500ms\">\n                            <div class=\"inner-box\">\n                                <figure class=\"image-box\"><img decoding=\"async\" src=\"https:\/\/chilpancingo.gob.mx\/portal\/wp-content\/uploads\/2021\/08\/cateChilp-e1630695390314.png\" alt=\"Awesome Image\"><\/figure>\n                                <div class=\"content-box\">\n                                    <div class=\"text\">\n\t\t\t\t\t\t\t\t\t\t                                        <div class=\"icon-box\"><i class=\"icon flaticon-scroll\"><\/i><\/div>\n\t\t\t\t\t\t\t\t\t\t\t\t\t\t\t\t\t\t\t\t                                        <h4><a href=\"https:\/\/chilpancingo.gob.mx\/portal\/resena-historica\/\">Rese\u00f1a<br \/>Hist\u00f3rica<\/a><\/h4>\n\t\t\t\t\t\t\t\t\t\t                                    <\/div>\n                                    <div class=\"overlay-content\">\n\t\t\t\t\t\t\t\t\t\t                                        <h4><a href=\"https:\/\/chilpancingo.gob.mx\/portal\/resena-historica\/\">Rese\u00f1a<br \/>Hist\u00f3rica<\/a><\/h4>\n\t\t\t\t\t\t\t\t\t\t                                        <p>Esta breve rese\u00f1a hist\u00f3rica es un intento apasionado y entusiasta de delinear con palabras todo eso que lleva por nombre Chilpancingo.<\/p>\n                                        <ul class=\"link-box clearfix\">\n\t\t\t\t\t\t\t\t\t\t\t                                            <li>\n                                                <a href=\"https:\/\/chilpancingo.gob.mx\/portal\/?page_id=2006\">\n                                                    <i class=\"flaticon-dog\"><\/i>\n                                                    <span>Read More<\/span>\n                                                <\/a>\n                                            <\/li>\n\t\t\t\t\t\t\t\t\t\t\t\t\t\t\t\t\t\t\t\t\t\t\n\t\t\t\t\t\t\t\t\t\t\t                                        <\/ul>\n                                    <\/div>\n                                <\/div>\n                            <\/div>\n                        <\/div>\n                    <\/div>\n                                        <div class=\"col-lg-4 col-md-6 col-sm-12 explore-block\">\n                        <div class=\"explore-block-one wow fadeInUp animated animated\" data-wow-delay=\"300ms\" data-wow-duration=\"1500ms\">\n                            <div class=\"inner-box\">\n                                <figure class=\"image-box\"><img decoding=\"async\" src=\"https:\/\/chilpancingo.gob.mx\/portal\/wp-content\/uploads\/2021\/08\/barriosChilpo-e1630695426471.jpg\" alt=\"Awesome Image\"><\/figure>\n                                <div class=\"content-box\">\n                                    <div class=\"text\">\n\t\t\t\t\t\t\t\t\t\t                                        <div class=\"icon-box\"><i class=\"icon flaticon-goverment\"><\/i><\/div>\n\t\t\t\t\t\t\t\t\t\t\t\t\t\t\t\t\t\t\t\t                                        <h4><a href=\"https:\/\/chilpancingo.gob.mx\/portal\/localidades-y-colonias\/\">Localidades &amp; <br \/>Colonias<\/a><\/h4>\n\t\t\t\t\t\t\t\t\t\t                                    <\/div>\n                                    <div class=\"overlay-content\">\n\t\t\t\t\t\t\t\t\t\t                                        <h4><a href=\"https:\/\/chilpancingo.gob.mx\/portal\/localidades-y-colonias\/\">Localidades &amp; <br \/>Colonias<\/a><\/h4>\n\t\t\t\t\t\t\t\t\t\t                                        <p>\nTradicionalmente, la ciudad de Chilpancingo estaba integrada por los barrios de San Francisco, Santa Cruz, San Antonio y San Mateo.<\/p>\n                                        <ul class=\"link-box clearfix\">\n\t\t\t\t\t\t\t\t\t\t\t                                            <li>\n                                                <a href=\"https:\/\/chilpancingo.gob.mx\/portal\/?page_id=1615\">\n                                                    <i class=\"flaticon-dog\"><\/i>\n                                                    <span>Read More<\/span>\n                                                <\/a>\n                                            <\/li>\n\t\t\t\t\t\t\t\t\t\t\t\t\t\t\t\t\t\t\t\t\t\t\n\t\t\t\t\t\t\t\t\t\t\t                                        <\/ul>\n                                    <\/div>\n                                <\/div>\n                            <\/div>\n                        <\/div>\n                    <\/div>\n                                        <div class=\"col-lg-4 col-md-6 col-sm-12 explore-block\">\n                        <div class=\"explore-block-one wow fadeInUp animated animated\" data-wow-delay=\"300ms\" data-wow-duration=\"1500ms\">\n                            <div class=\"inner-box\">\n                                <figure class=\"image-box\"><img decoding=\"async\" src=\"https:\/\/chilpancingo.gob.mx\/portal\/wp-content\/uploads\/2021\/08\/cultrad-e1630695466896.png\" alt=\"Awesome Image\"><\/figure>\n                                <div class=\"content-box\">\n                                    <div class=\"text\">\n\t\t\t\t\t\t\t\t\t\t                                        <div class=\"icon-box\"><i class=\"icon flaticon-budget\"><\/i><\/div>\n\t\t\t\t\t\t\t\t\t\t\t\t\t\t\t\t\t\t\t\t                                        <h4><a href=\"https:\/\/chilpancingo.gob.mx\/portal\/cultura-y-tradiciones\/\">Cultura &amp; <br \/>Tradiciones<\/a><\/h4>\n\t\t\t\t\t\t\t\t\t\t                                    <\/div>\n                                    <div class=\"overlay-content\">\n\t\t\t\t\t\t\t\t\t\t                                        <h4><a href=\"https:\/\/chilpancingo.gob.mx\/portal\/cultura-y-tradiciones\/\">Cultura &amp; <br \/>Tradiciones<\/a><\/h4>\n\t\t\t\t\t\t\t\t\t\t                                        <p>El pozole, en sus dos presentaciones blanco y verde; patitas de puerco a la vinagreta; chiles capones, el mole de olla o chilatequile preparado con puerco, res y pollo, se le agregan verduras; el elopozole que es similar al mole de olla; chalupitas chilape\u00f1as, tacos y quesadillas.<\/p>\n                                        <ul class=\"link-box clearfix\">\n\t\t\t\t\t\t\t\t\t\t\t                                            <li>\n                                                <a href=\"https:\/\/chilpancingo.gob.mx\/portal\/?page_id=2107\">\n                                                    <i class=\"flaticon-dog\"><\/i>\n                                                    <span>Read More<\/span>\n                                                <\/a>\n                                            <\/li>\n\t\t\t\t\t\t\t\t\t\t\t\t\t\t\t\t\t\t\t\t\t\t\n\t\t\t\t\t\t\t\t\t\t\t                                        <\/ul>\n                                    <\/div>\n                                <\/div>\n                            <\/div>\n                        <\/div>\n                    <\/div>\n                                    <\/div>\n            <\/div>\n        <\/section>\n        <!-- explore-section end -->\n\n        \t\t\t\t<\/div>\n\t\t\t\t<\/div>\n\t\t\t\t\t<\/div>\n\t\t<\/div>\n\t\t\t\t\t<\/div>\n\t\t<\/section>\n\t\t\t\t<section class=\"elementor-section elementor-top-section elementor-element elementor-element-35c6e64 elementor-section-full_width elementor-section-height-default elementor-section-height-default\" data-id=\"35c6e64\" data-element_type=\"section\" data-e-type=\"section\">\n\t\t\t\t\t\t<div class=\"elementor-container elementor-column-gap-default\">\n\t\t\t\t\t<div class=\"elementor-column elementor-col-100 elementor-top-column elementor-element elementor-element-710a43d\" data-id=\"710a43d\" data-element_type=\"column\" data-e-type=\"column\">\n\t\t\t<div class=\"elementor-widget-wrap elementor-element-populated\">\n\t\t\t\t\t\t<div class=\"elementor-element elementor-element-1b8c81f elementor-widget elementor-widget-whitehall_facts_counter_v1\" data-id=\"1b8c81f\" data-element_type=\"widget\" data-e-type=\"widget\" data-widget_type=\"whitehall_facts_counter_v1.default\">\n\t\t\t\t<div class=\"elementor-widget-container\">\n\t\t\t\t\t        \n        <!-- funfact-section -->\n        <section class=\"funfact-section\">\n            <div class=\"auto-container\">\n                <div class=\"funfact-content\">\n                    <div class=\"row clearfix\">\n                        <div class=\"col-lg-4 col-md-12 col-sm-12 title-column\">\n                            <div class=\"sec-title\">\n\t\t\t\t\t\t\t\t                                <h6><i class=\"flaticon-star\"><\/i><span>Datos interesantes<\/span><\/h6>\n\t\t\t\t\t\t\t\t\t\t\t\t\t\t\t\t\n\t\t\t\t\t\t\t\t                                <h2>Nuestra Ciudad en n\u00fameros\n<\/h2>\n                                <div class=\"title-shape\"><\/div>\n\t\t\t\t\t\t\t\t                            <\/div>\n                        <\/div>\n                        <div class=\"col-lg-8 col-md-12 col-sm-12 inner-column\">\n                            <div class=\"funfact-inner centred\">\n                                <div class=\"row clearfix\">\n                                                                        <div class=\"col-lg-3 col-md-6 col-sm-12 funfact-block\">\n                                        <div class=\"funfact-block-one\">\n                                            <div class=\"inner-box\">\n                                                <div class=\"count-outer count-box\">\n                                                    <span class=\"count-text\" data-speed=\"1500\" data-stop=\"283354\">0<\/span>                                                <\/div>\n                                                <h6>Poblaci\u00f3n (Habitantes)<\/h6>\n                                            <\/div>\n                                        <\/div>\n                                    <\/div>\n\t\t\t\t\t\t\t\t\t                                    <div class=\"col-lg-3 col-md-6 col-sm-12 funfact-block\">\n                                        <div class=\"funfact-block-one\">\n                                            <div class=\"inner-box\">\n                                                <div class=\"count-outer count-box\">\n                                                    <span class=\"count-text\" data-speed=\"1500\" data-stop=\"2180.94\">0<\/span>                                                <\/div>\n                                                <h6>\u00c1rea Geogr\u00e1fica (KM2)<\/h6>\n                                            <\/div>\n                                        <\/div>\n                                    <\/div>\n\t\t\t\t\t\t\t\t\t                                    <div class=\"col-lg-3 col-md-6 col-sm-12 funfact-block\">\n                                        <div class=\"funfact-block-one\">\n                                            <div class=\"inner-box\">\n                                                <div class=\"count-outer count-box\">\n                                                    <span class=\"count-text\" data-speed=\"1500\" data-stop=\"58\">0<\/span>                                                <\/div>\n                                                <h6>Localidades<\/h6>\n                                            <\/div>\n                                        <\/div>\n                                    <\/div>\n\t\t\t\t\t\t\t\t\t                                <\/div>\n                            <\/div>\n                        <\/div>\n                    <\/div>\n                <\/div>\n            <\/div>\n        <\/section>\n        <!-- funfact-section end -->\n\n        \t\t\t\t<\/div>\n\t\t\t\t<\/div>\n\t\t\t\t\t<\/div>\n\t\t<\/div>\n\t\t\t\t\t<\/div>\n\t\t<\/section>\n\t\t\t\t<section class=\"elementor-section elementor-top-section elementor-element elementor-element-c64108e elementor-section-boxed elementor-section-height-default elementor-section-height-default\" data-id=\"c64108e\" data-element_type=\"section\" data-e-type=\"section\">\n\t\t\t\t\t\t<div class=\"elementor-container elementor-column-gap-default\">\n\t\t\t\t\t<div class=\"elementor-column elementor-col-100 elementor-top-column elementor-element elementor-element-e5321ff\" data-id=\"e5321ff\" data-element_type=\"column\" data-e-type=\"column\">\n\t\t\t<div class=\"elementor-widget-wrap\">\n\t\t\t\t\t\t\t<\/div>\n\t\t<\/div>\n\t\t\t\t\t<\/div>\n\t\t<\/section>\n\t\t\t\t<section class=\"elementor-section elementor-top-section elementor-element elementor-element-1bbea0b elementor-section-boxed elementor-section-height-default elementor-section-height-default\" data-id=\"1bbea0b\" data-element_type=\"section\" data-e-type=\"section\">\n\t\t\t\t\t\t<div class=\"elementor-container elementor-column-gap-default\">\n\t\t\t\t\t<div class=\"elementor-column elementor-col-100 elementor-top-column elementor-element elementor-element-6973b7a\" data-id=\"6973b7a\" data-element_type=\"column\" data-e-type=\"column\">\n\t\t\t<div class=\"elementor-widget-wrap elementor-element-populated\">\n\t\t\t\t\t\t<section class=\"elementor-section elementor-inner-section elementor-element elementor-element-d873772 elementor-section-boxed elementor-section-height-default elementor-section-height-default\" data-id=\"d873772\" data-element_type=\"section\" data-e-type=\"section\">\n\t\t\t\t\t\t<div class=\"elementor-container elementor-column-gap-default\">\n\t\t\t\t\t<div class=\"elementor-column elementor-col-50 elementor-inner-column elementor-element elementor-element-d47ab85\" data-id=\"d47ab85\" data-element_type=\"column\" data-e-type=\"column\">\n\t\t\t<div class=\"elementor-widget-wrap\">\n\t\t\t\t\t\t\t<\/div>\n\t\t<\/div>\n\t\t\t\t<div class=\"elementor-column elementor-col-50 elementor-inner-column elementor-element elementor-element-4141cec\" data-id=\"4141cec\" data-element_type=\"column\" data-e-type=\"column\">\n\t\t\t<div class=\"elementor-widget-wrap\">\n\t\t\t\t\t\t\t<\/div>\n\t\t<\/div>\n\t\t\t\t\t<\/div>\n\t\t<\/section>\n\t\t\t\t\t<\/div>\n\t\t<\/div>\n\t\t\t\t\t<\/div>\n\t\t<\/section>\n\t\t\t\t<section class=\"elementor-section elementor-top-section elementor-element elementor-element-a7d2f20 elementor-section-boxed elementor-section-height-default elementor-section-height-default\" data-id=\"a7d2f20\" data-element_type=\"section\" data-e-type=\"section\">\n\t\t\t\t\t\t<div class=\"elementor-container elementor-column-gap-default\">\n\t\t\t\t\t<div class=\"elementor-column elementor-col-100 elementor-top-column elementor-element elementor-element-0e2268a\" data-id=\"0e2268a\" data-element_type=\"column\" data-e-type=\"column\">\n\t\t\t<div class=\"elementor-widget-wrap elementor-element-populated\">\n\t\t\t\t\t\t<section class=\"elementor-section elementor-inner-section elementor-element elementor-element-a5aec36 elementor-section-boxed elementor-section-height-default elementor-section-height-default\" data-id=\"a5aec36\" data-element_type=\"section\" data-e-type=\"section\">\n\t\t\t\t\t\t<div class=\"elementor-container elementor-column-gap-default\">\n\t\t\t\t\t<div class=\"elementor-column elementor-col-50 elementor-inner-column elementor-element elementor-element-4695adf\" data-id=\"4695adf\" data-element_type=\"column\" data-e-type=\"column\">\n\t\t\t<div class=\"elementor-widget-wrap\">\n\t\t\t\t\t\t\t<\/div>\n\t\t<\/div>\n\t\t\t\t<div class=\"elementor-column elementor-col-50 elementor-inner-column elementor-element elementor-element-c4e22d8\" data-id=\"c4e22d8\" data-element_type=\"column\" data-e-type=\"column\">\n\t\t\t<div class=\"elementor-widget-wrap\">\n\t\t\t\t\t\t\t<\/div>\n\t\t<\/div>\n\t\t\t\t\t<\/div>\n\t\t<\/section>\n\t\t\t\t\t<\/div>\n\t\t<\/div>\n\t\t\t\t\t<\/div>\n\t\t<\/section>\n\t\t\t\t<\/div>\n\t\t","protected":false},"excerpt":{"rendered":"<p>Declaraci\u00f3n patrimonial obligatoria para servidores p\u00fablicos \ud83d\udcca Cuidar a los animales tambi\u00e9n es cuidar Chilpancingo \ud83d\udc3e Instalan Comit\u00e9 Municipal para fortalecer la seguridad en Chilpancingo \ud83d\udee1\ufe0f En Chilpancingo de los [&hellip;]<\/p>\n","protected":false},"author":5,"featured_media":0,"parent":0,"menu_order":0,"comment_status":"closed","ping_status":"closed","template":"tpl-default-elementor.php","meta":{"pgc_sgb_lightbox_settings":"","footnotes":""},"class_list":["post-10","page","type-page","status-publish","hentry"],"yoast_head":"<!-- This site is optimized with the Yoast SEO plugin v23.8 - https:\/\/yoast.com\/wordpress\/plugins\/seo\/ -->\n<title>Ayuntamiento constitucional de chilpancingo<\/title>\n<meta name=\"robots\" content=\"index, follow, max-snippet:-1, max-image-preview:large, max-video-preview:-1\" \/>\n<link rel=\"canonical\" href=\"https:\/\/chilpancingo.gob.mx\/portal\/\" \/>\n<meta property=\"og:locale\" content=\"es_MX\" \/>\n<meta property=\"og:type\" content=\"article\" \/>\n<meta property=\"og:title\" content=\"Ayuntamiento constitucional de chilpancingo\" \/>\n<meta property=\"og:description\" content=\"Declaraci\u00f3n patrimonial obligatoria para servidores p\u00fablicos \ud83d\udcca Cuidar a los animales tambi\u00e9n es cuidar Chilpancingo \ud83d\udc3e Instalan Comit\u00e9 Municipal para fortalecer la seguridad en Chilpancingo \ud83d\udee1\ufe0f En Chilpancingo de los [&hellip;]\" \/>\n<meta property=\"og:url\" content=\"https:\/\/chilpancingo.gob.mx\/portal\/\" \/>\n<meta property=\"og:site_name\" content=\"H. Ayuntamiento de Chilpancingo de los Bravo\" \/>\n<meta property=\"article:publisher\" content=\"https:\/\/www.facebook.com\/AyuntamientodeChilpancingo\" \/>\n<meta property=\"article:modified_time\" content=\"2026-06-07T19:19:43+00:00\" \/>\n<meta property=\"og:image\" content=\"https:\/\/chilpancingo.gob.mx\/portal\/wp-content\/uploads\/2026\/04\/684642955_122199820496551875_4659527768597507916_n.jpg\" \/>\n<meta name=\"twitter:card\" content=\"summary_large_image\" \/>\n<meta name=\"twitter:site\" content=\"@otilia_norma\" \/>\n<script type=\"application\/ld+json\" class=\"yoast-schema-graph\">{\"@context\":\"https:\/\/schema.org\",\"@graph\":[{\"@type\":\"WebPage\",\"@id\":\"https:\/\/chilpancingo.gob.mx\/portal\/\",\"url\":\"https:\/\/chilpancingo.gob.mx\/portal\/\",\"name\":\"Ayuntamiento constitucional de chilpancingo\",\"isPartOf\":{\"@id\":\"https:\/\/chilpancingo.gob.mx\/portal\/#website\"},\"primaryImageOfPage\":{\"@id\":\"https:\/\/chilpancingo.gob.mx\/portal\/#primaryimage\"},\"image\":{\"@id\":\"https:\/\/chilpancingo.gob.mx\/portal\/#primaryimage\"},\"thumbnailUrl\":\"https:\/\/chilpancingo.gob.mx\/portal\/wp-content\/uploads\/2026\/04\/684642955_122199820496551875_4659527768597507916_n.jpg\",\"datePublished\":\"2024-10-04T20:54:41+00:00\",\"dateModified\":\"2026-06-07T19:19:43+00:00\",\"breadcrumb\":{\"@id\":\"https:\/\/chilpancingo.gob.mx\/portal\/#breadcrumb\"},\"inLanguage\":\"es\",\"potentialAction\":[{\"@type\":\"ReadAction\",\"target\":[\"https:\/\/chilpancingo.gob.mx\/portal\/\"]}]},{\"@type\":\"ImageObject\",\"inLanguage\":\"es\",\"@id\":\"https:\/\/chilpancingo.gob.mx\/portal\/#primaryimage\",\"url\":\"https:\/\/chilpancingo.gob.mx\/portal\/wp-content\/uploads\/2026\/04\/684642955_122199820496551875_4659527768597507916_n.jpg\",\"contentUrl\":\"https:\/\/chilpancingo.gob.mx\/portal\/wp-content\/uploads\/2026\/04\/684642955_122199820496551875_4659527768597507916_n.jpg\",\"width\":590,\"height\":394},{\"@type\":\"BreadcrumbList\",\"@id\":\"https:\/\/chilpancingo.gob.mx\/portal\/#breadcrumb\",\"itemListElement\":[{\"@type\":\"ListItem\",\"position\":1,\"name\":\"Inicio\",\"item\":\"https:\/\/chilpancingo.gob.mx\/portal\/\"},{\"@type\":\"ListItem\",\"position\":2,\"name\":\"Ayuntamiento constitucional de chilpancingo\"}]},{\"@type\":\"WebSite\",\"@id\":\"https:\/\/chilpancingo.gob.mx\/portal\/#website\",\"url\":\"https:\/\/chilpancingo.gob.mx\/portal\/\",\"name\":\"H. Ayuntamiento de Chilpancingo de los Bravo\",\"description\":\"Chilpancingo de los Bravo  2024 - 2027\",\"publisher\":{\"@id\":\"https:\/\/chilpancingo.gob.mx\/portal\/#organization\"},\"potentialAction\":[{\"@type\":\"SearchAction\",\"target\":{\"@type\":\"EntryPoint\",\"urlTemplate\":\"https:\/\/chilpancingo.gob.mx\/portal\/?s={search_term_string}\"},\"query-input\":{\"@type\":\"PropertyValueSpecification\",\"valueRequired\":true,\"valueName\":\"search_term_string\"}}],\"inLanguage\":\"es\"},{\"@type\":\"Organization\",\"@id\":\"https:\/\/chilpancingo.gob.mx\/portal\/#organization\",\"name\":\"Municipio de Chilpancingo de los Bravo\",\"url\":\"https:\/\/chilpancingo.gob.mx\/portal\/\",\"logo\":{\"@type\":\"ImageObject\",\"inLanguage\":\"es\",\"@id\":\"https:\/\/chilpancingo.gob.mx\/portal\/#\/schema\/logo\/image\/\",\"url\":\"https:\/\/chilpancingo.gob.mx\/portal\/wp-content\/uploads\/2021\/09\/Logo-Oficial-Capital-de-cultura-y-progreso.png\",\"contentUrl\":\"https:\/\/chilpancingo.gob.mx\/portal\/wp-content\/uploads\/2021\/09\/Logo-Oficial-Capital-de-cultura-y-progreso.png\",\"width\":1200,\"height\":623,\"caption\":\"Municipio de Chilpancingo de los Bravo\"},\"image\":{\"@id\":\"https:\/\/chilpancingo.gob.mx\/portal\/#\/schema\/logo\/image\/\"},\"sameAs\":[\"https:\/\/www.facebook.com\/AyuntamientodeChilpancingo\",\"https:\/\/x.com\/otilia_norma\"]}]}<\/script>\n<!-- \/ Yoast SEO plugin. -->","yoast_head_json":{"title":"Ayuntamiento constitucional de chilpancingo","robots":{"index":"index","follow":"follow","max-snippet":"max-snippet:-1","max-image-preview":"max-image-preview:large","max-video-preview":"max-video-preview:-1"},"canonical":"https:\/\/chilpancingo.gob.mx\/portal\/","og_locale":"es_MX","og_type":"article","og_title":"Ayuntamiento constitucional de chilpancingo","og_description":"Declaraci\u00f3n patrimonial obligatoria para servidores p\u00fablicos \ud83d\udcca Cuidar a los animales tambi\u00e9n es cuidar Chilpancingo \ud83d\udc3e Instalan Comit\u00e9 Municipal para fortalecer la seguridad en Chilpancingo \ud83d\udee1\ufe0f En Chilpancingo de los [&hellip;]","og_url":"https:\/\/chilpancingo.gob.mx\/portal\/","og_site_name":"H. Ayuntamiento de Chilpancingo de los Bravo","article_publisher":"https:\/\/www.facebook.com\/AyuntamientodeChilpancingo","article_modified_time":"2026-06-07T19:19:43+00:00","og_image":[{"url":"https:\/\/chilpancingo.gob.mx\/portal\/wp-content\/uploads\/2026\/04\/684642955_122199820496551875_4659527768597507916_n.jpg"}],"twitter_card":"summary_large_image","twitter_site":"@otilia_norma","schema":{"@context":"https:\/\/schema.org","@graph":[{"@type":"WebPage","@id":"https:\/\/chilpancingo.gob.mx\/portal\/","url":"https:\/\/chilpancingo.gob.mx\/portal\/","name":"Ayuntamiento constitucional de chilpancingo","isPartOf":{"@id":"https:\/\/chilpancingo.gob.mx\/portal\/#website"},"primaryImageOfPage":{"@id":"https:\/\/chilpancingo.gob.mx\/portal\/#primaryimage"},"image":{"@id":"https:\/\/chilpancingo.gob.mx\/portal\/#primaryimage"},"thumbnailUrl":"https:\/\/chilpancingo.gob.mx\/portal\/wp-content\/uploads\/2026\/04\/684642955_122199820496551875_4659527768597507916_n.jpg","datePublished":"2024-10-04T20:54:41+00:00","dateModified":"2026-06-07T19:19:43+00:00","breadcrumb":{"@id":"https:\/\/chilpancingo.gob.mx\/portal\/#breadcrumb"},"inLanguage":"es","potentialAction":[{"@type":"ReadAction","target":["https:\/\/chilpancingo.gob.mx\/portal\/"]}]},{"@type":"ImageObject","inLanguage":"es","@id":"https:\/\/chilpancingo.gob.mx\/portal\/#primaryimage","url":"https:\/\/chilpancingo.gob.mx\/portal\/wp-content\/uploads\/2026\/04\/684642955_122199820496551875_4659527768597507916_n.jpg","contentUrl":"https:\/\/chilpancingo.gob.mx\/portal\/wp-content\/uploads\/2026\/04\/684642955_122199820496551875_4659527768597507916_n.jpg","width":590,"height":394},{"@type":"BreadcrumbList","@id":"https:\/\/chilpancingo.gob.mx\/portal\/#breadcrumb","itemListElement":[{"@type":"ListItem","position":1,"name":"Inicio","item":"https:\/\/chilpancingo.gob.mx\/portal\/"},{"@type":"ListItem","position":2,"name":"Ayuntamiento constitucional de chilpancingo"}]},{"@type":"WebSite","@id":"https:\/\/chilpancingo.gob.mx\/portal\/#website","url":"https:\/\/chilpancingo.gob.mx\/portal\/","name":"H. Ayuntamiento de Chilpancingo de los Bravo","description":"Chilpancingo de los Bravo  2024 - 2027","publisher":{"@id":"https:\/\/chilpancingo.gob.mx\/portal\/#organization"},"potentialAction":[{"@type":"SearchAction","target":{"@type":"EntryPoint","urlTemplate":"https:\/\/chilpancingo.gob.mx\/portal\/?s={search_term_string}"},"query-input":{"@type":"PropertyValueSpecification","valueRequired":true,"valueName":"search_term_string"}}],"inLanguage":"es"},{"@type":"Organization","@id":"https:\/\/chilpancingo.gob.mx\/portal\/#organization","name":"Municipio de Chilpancingo de los Bravo","url":"https:\/\/chilpancingo.gob.mx\/portal\/","logo":{"@type":"ImageObject","inLanguage":"es","@id":"https:\/\/chilpancingo.gob.mx\/portal\/#\/schema\/logo\/image\/","url":"https:\/\/chilpancingo.gob.mx\/portal\/wp-content\/uploads\/2021\/09\/Logo-Oficial-Capital-de-cultura-y-progreso.png","contentUrl":"https:\/\/chilpancingo.gob.mx\/portal\/wp-content\/uploads\/2021\/09\/Logo-Oficial-Capital-de-cultura-y-progreso.png","width":1200,"height":623,"caption":"Municipio de Chilpancingo de los Bravo"},"image":{"@id":"https:\/\/chilpancingo.gob.mx\/portal\/#\/schema\/logo\/image\/"},"sameAs":["https:\/\/www.facebook.com\/AyuntamientodeChilpancingo","https:\/\/x.com\/otilia_norma"]}]}},"_links":{"self":[{"href":"https:\/\/chilpancingo.gob.mx\/portal\/wp-json\/wp\/v2\/pages\/10","targetHints":{"allow":["GET"]}}],"collection":[{"href":"https:\/\/chilpancingo.gob.mx\/portal\/wp-json\/wp\/v2\/pages"}],"about":[{"href":"https:\/\/chilpancingo.gob.mx\/portal\/wp-json\/wp\/v2\/types\/page"}],"author":[{"embeddable":true,"href":"https:\/\/chilpancingo.gob.mx\/portal\/wp-json\/wp\/v2\/users\/5"}],"replies":[{"embeddable":true,"href":"https:\/\/chilpancingo.gob.mx\/portal\/wp-json\/wp\/v2\/comments?post=10"}],"version-history":[{"count":603,"href":"https:\/\/chilpancingo.gob.mx\/portal\/wp-json\/wp\/v2\/pages\/10\/revisions"}],"predecessor-version":[{"id":21943,"href":"https:\/\/chilpancingo.gob.mx\/portal\/wp-json\/wp\/v2\/pages\/10\/revisions\/21943"}],"wp:attachment":[{"href":"https:\/\/chilpancingo.gob.mx\/portal\/wp-json\/wp\/v2\/media?parent=10"}],"curies":[{"name":"wp","href":"https:\/\/api.w.org\/{rel}","templated":true}]}}